{"id":125,"date":"2018-01-10T13:05:38","date_gmt":"2018-01-10T13:05:38","guid":{"rendered":"http:\/\/smsigkovacic.me\/?page_id=125"},"modified":"2018-01-12T09:44:05","modified_gmt":"2018-01-12T09:44:05","slug":"foto-galerija","status":"publish","type":"page","link":"https:\/\/smsigkovacic.me\/?page_id=125","title":{"rendered":"Foto galerija"},"content":{"rendered":"<style type=\"text\/css\">.foogallery-album-gallery-list .foogallery-pile h3 { background: #fff !important; }.foogallery-album-gallery-list .foogallery-pile h3 { color: #000000 !important; }<\/style><div id=\"foogallery-album-282\">\n\t<ul class=\"foogallery-album-gallery-list alignment-left\">\n\t\t\t\t\t\t<li>\n\t\t\t\t\t<div class=\"foogallery-pile\">\n\t\t\t\t\t\t<div class=\"foogallery-pile-inner\">\n\t\t\t\t\t\t\t<a href=\"\/index.php?rest_route=%2Fwp%2Fv2%2Fpages%2F125&#038;gallery=odrzana-dodjela-nagrada-za-17-literarni-konkurs\" target=\"_self\">\n\t\t\t\t\t\t\t\t<img loading=\"lazy\" decoding=\"async\"  src=\"https:\/\/smsigkovacic.me\/wp-content\/uploads\/cache\/2026\/04\/20260423-1\/1463045307.jpg\" width=\"250\" height=\"250\" class=\"skip-lazy\" \/>\t\t\t\t\t\t\t\t\t\t\t\t\t\t\t\t<h3>ODR\u017dANA DODJELA NAGRADA ZA 17. LITERARNI KONKURS\t\t\t\t\t\t\t\t\t<span>8 fotografije<\/span>\n\t\t\t\t\t\t\t\t<\/h3>\n\t\t\t\t\t\t\t<\/a>\n\t\t\t\t\t\t<\/div>\n\t\t\t\t\t<\/div>\n\t\t\t\t<\/li>\n\t\t\t\t\t\t\t\t\t<li>\n\t\t\t\t\t<div class=\"foogallery-pile\">\n\t\t\t\t\t\t<div class=\"foogallery-pile-inner\">\n\t\t\t\t\t\t\t<a href=\"\/index.php?rest_route=%2Fwp%2Fv2%2Fpages%2F125&#038;gallery=terenska-nastava-geografske-sekcije-u-kanjonu-rijeke-mrtvice\" target=\"_self\">\n\t\t\t\t\t\t\t\t<img loading=\"lazy\" decoding=\"async\"  src=\"https:\/\/smsigkovacic.me\/wp-content\/uploads\/cache\/2026\/04\/202180418-1-14\/2488841849.jpg\" width=\"250\" height=\"250\" class=\"skip-lazy\" \/>\t\t\t\t\t\t\t\t\t\t\t\t\t\t\t\t<h3>Terenska nastava geografske sekcije u kanjonu rijeke Mrtvice\t\t\t\t\t\t\t\t\t<span>14 fotografije<\/span>\n\t\t\t\t\t\t\t\t<\/h3>\n\t\t\t\t\t\t\t<\/a>\n\t\t\t\t\t\t<\/div>\n\t\t\t\t\t<\/div>\n\t\t\t\t<\/li>\n\t\t\t\t\t\t\t\t\t<li>\n\t\t\t\t\t<div class=\"foogallery-pile\">\n\t\t\t\t\t\t<div class=\"foogallery-pile-inner\">\n\t\t\t\t\t\t\t<a href=\"\/index.php?rest_route=%2Fwp%2Fv2%2Fpages%2F125&#038;gallery=mlade-diplomate-ponovo-u-banjoj-luci-blimun-2026\" target=\"_self\">\n\t\t\t\t\t\t\t\t<img loading=\"lazy\" decoding=\"async\"  src=\"https:\/\/smsigkovacic.me\/wp-content\/uploads\/cache\/2026\/04\/20260330-1\/2042452768.png\" width=\"250\" height=\"250\" class=\"skip-lazy\" \/>\t\t\t\t\t\t\t\t\t\t\t\t\t\t\t\t<h3>Mlade diplomate ponovo u Banjoj Luci \u2014 BLIMUN 2026\t\t\t\t\t\t\t\t\t<span>4 fotografije<\/span>\n\t\t\t\t\t\t\t\t<\/h3>\n\t\t\t\t\t\t\t<\/a>\n\t\t\t\t\t\t<\/div>\n\t\t\t\t\t<\/div>\n\t\t\t\t<\/li>\n\t\t\t\t\t\t\t\t\t<li>\n\t\t\t\t\t<div class=\"foogallery-pile\">\n\t\t\t\t\t\t<div class=\"foogallery-pile-inner\">\n\t\t\t\t\t\t\t<a href=\"\/index.php?rest_route=%2Fwp%2Fv2%2Fpages%2F125&#038;gallery=%d1%83-%d1%9a%d0%b5%d0%b3%d0%be%d1%88%d0%b5%d0%b2%d0%be%d1%98-%d1%83%d0%bb%d0%b8%d1%86%d0%b8-%d0%be%d0%b4%d1%80%d0%b6%d0%b0%d0%bd%d0%b0-%d1%84%d0%b5%d1%88%d1%82%d0%b0-%d1%88%d0%ba%d0%be%d0%bb\" target=\"_self\">\n\t\t\t\t\t\t\t\t<img loading=\"lazy\" decoding=\"async\"  src=\"https:\/\/smsigkovacic.me\/wp-content\/uploads\/cache\/2026\/02\/20260228-1\/2443596574.jpg\" width=\"250\" height=\"250\" class=\"skip-lazy\" \/>\t\t\t\t\t\t\t\t\t\t\t\t\t\t\t\t<h3>\u0423 \u040a\u0435\u0433\u043e\u0448\u0435\u0432\u043e\u0458 \u0443\u043b\u0438\u0446\u0438 \u043e\u0434\u0440\u0436\u0430\u043d\u0430 \u0444\u0435\u0448\u0442\u0430 \u201e\u0428\u043a\u043e\u043b\u0441\u043a\u0438 \u0433\u0443\u0448\u0442\u0438\u201c \u0443 \u043e\u043a\u0432\u0438\u0440\u0443 57. \u041f\u0440\u0430\u0437\u043d\u0438\u043a\u0430 \u043c\u0438\u043c\u043e\u0437\u0435\t\t\t\t\t\t\t\t\t<span>82 fotografije<\/span>\n\t\t\t\t\t\t\t\t<\/h3>\n\t\t\t\t\t\t\t<\/a>\n\t\t\t\t\t\t<\/div>\n\t\t\t\t\t<\/div>\n\t\t\t\t<\/li>\n\t\t\t\t\t\t\t\t\t<li>\n\t\t\t\t\t<div class=\"foogallery-pile\">\n\t\t\t\t\t\t<div class=\"foogallery-pile-inner\">\n\t\t\t\t\t\t\t<a href=\"\/index.php?rest_route=%2Fwp%2Fv2%2Fpages%2F125&#038;gallery=ucesce-ucenika-iieiia-i-izt-ft-razreda-na-ix-medunarodnom-karnevalu-u-herceg-novom\" target=\"_self\">\n\t\t\t\t\t\t\t\t<img loading=\"lazy\" decoding=\"async\"  src=\"https:\/\/smsigkovacic.me\/wp-content\/uploads\/cache\/2026\/02\/20260221-1-4-Large\/786683727.jpeg\" width=\"250\" height=\"250\" class=\"skip-lazy\" \/>\t\t\t\t\t\t\t\t\t\t\t\t\t\t\t\t<h3>U\u010de\u0161\u0107e u\u010denika IIe,IIa i Izt\/ft  razreda na IX Me\u0111unarodnom karnevalu u Herceg Novom\t\t\t\t\t\t\t\t\t<span>4 fotografije<\/span>\n\t\t\t\t\t\t\t\t<\/h3>\n\t\t\t\t\t\t\t<\/a>\n\t\t\t\t\t\t<\/div>\n\t\t\t\t\t<\/div>\n\t\t\t\t<\/li>\n\t\t\t\t\t\t\t\t\t<li>\n\t\t\t\t\t<div class=\"foogallery-pile\">\n\t\t\t\t\t\t<div class=\"foogallery-pile-inner\">\n\t\t\t\t\t\t\t<a href=\"\/index.php?rest_route=%2Fwp%2Fv2%2Fpages%2F125&#038;gallery=mala-festa-od-narance-2\" target=\"_self\">\n\t\t\t\t\t\t\t\t<img loading=\"lazy\" decoding=\"async\"  src=\"https:\/\/smsigkovacic.me\/wp-content\/uploads\/cache\/2026\/02\/20260221-1\/2671402090.jpg\" width=\"250\" height=\"250\" class=\"skip-lazy\" \/>\t\t\t\t\t\t\t\t\t\t\t\t\t\t\t\t<h3>Mala fe\u0161ta od naran\u010de\t\t\t\t\t\t\t\t\t<span>8 fotografije<\/span>\n\t\t\t\t\t\t\t\t<\/h3>\n\t\t\t\t\t\t\t<\/a>\n\t\t\t\t\t\t<\/div>\n\t\t\t\t\t<\/div>\n\t\t\t\t<\/li>\n\t\t\t\t\t\t\t\t\t<li>\n\t\t\t\t\t<div class=\"foogallery-pile\">\n\t\t\t\t\t\t<div class=\"foogallery-pile-inner\">\n\t\t\t\t\t\t\t<a href=\"\/index.php?rest_route=%2Fwp%2Fv2%2Fpages%2F125&#038;gallery=start-up-takmicenje-na-ekonomskom-fakultetu-sveucilista-u-dubrovniku\" target=\"_self\">\n\t\t\t\t\t\t\t\t<img loading=\"lazy\" decoding=\"async\"  src=\"https:\/\/smsigkovacic.me\/wp-content\/uploads\/cache\/2026\/02\/2026220-1\/3260069545.jpg\" width=\"250\" height=\"250\" class=\"skip-lazy\" \/>\t\t\t\t\t\t\t\t\t\t\t\t\t\t\t\t<h3>START UP takmi\u010denje na Ekonomskom fakultetu Sveu\u010dili\u0161ta u Dubrovniku\t\t\t\t\t\t\t\t\t<span>6 fotografije<\/span>\n\t\t\t\t\t\t\t\t<\/h3>\n\t\t\t\t\t\t\t<\/a>\n\t\t\t\t\t\t<\/div>\n\t\t\t\t\t<\/div>\n\t\t\t\t<\/li>\n\t\t\t\t\t\t\t\t\t<li>\n\t\t\t\t\t<div class=\"foogallery-pile\">\n\t\t\t\t\t\t<div class=\"foogallery-pile-inner\">\n\t\t\t\t\t\t\t<a href=\"\/index.php?rest_route=%2Fwp%2Fv2%2Fpages%2F125&#038;gallery=medunarodni-dan-maternjeg-jezika\" target=\"_self\">\n\t\t\t\t\t\t\t\t<img loading=\"lazy\" decoding=\"async\"  src=\"https:\/\/smsigkovacic.me\/wp-content\/uploads\/cache\/2026\/02\/20260218-1\/2167966871.jpg\" width=\"250\" height=\"250\" class=\"skip-lazy\" \/>\t\t\t\t\t\t\t\t\t\t\t\t\t\t\t\t<h3>Me\u0111unarodni dan maternjeg jezika\t\t\t\t\t\t\t\t\t<span>6 fotografije<\/span>\n\t\t\t\t\t\t\t\t<\/h3>\n\t\t\t\t\t\t\t<\/a>\n\t\t\t\t\t\t<\/div>\n\t\t\t\t\t<\/div>\n\t\t\t\t<\/li>\n\t\t\t\t\t\t\t\t\t<li>\n\t\t\t\t\t<div class=\"foogallery-pile\">\n\t\t\t\t\t\t<div class=\"foogallery-pile-inner\">\n\t\t\t\t\t\t\t<a href=\"\/index.php?rest_route=%2Fwp%2Fv2%2Fpages%2F125&#038;gallery=v-simulacija-parlamenta-mladihv-simulacija-parlamenta-mladih\" target=\"_self\">\n\t\t\t\t\t\t\t\t<img loading=\"lazy\" decoding=\"async\"  src=\"https:\/\/smsigkovacic.me\/wp-content\/uploads\/cache\/2025\/12\/20251213-1-Large\/1254026811.jpg\" width=\"250\" height=\"250\" class=\"skip-lazy\" \/>\t\t\t\t\t\t\t\t\t\t\t\t\t\t\t\t<h3>V SIMULACIJA PARLAMENTA MLADIHV SIMULACIJA PARLAMENTA MLADIH\t\t\t\t\t\t\t\t\t<span>8 fotografije<\/span>\n\t\t\t\t\t\t\t\t<\/h3>\n\t\t\t\t\t\t\t<\/a>\n\t\t\t\t\t\t<\/div>\n\t\t\t\t\t<\/div>\n\t\t\t\t<\/li>\n\t\t\t\t\t\t\t\t\t<li>\n\t\t\t\t\t<div class=\"foogallery-pile\">\n\t\t\t\t\t\t<div class=\"foogallery-pile-inner\">\n\t\t\t\t\t\t\t<a href=\"\/index.php?rest_route=%2Fwp%2Fv2%2Fpages%2F125&#038;gallery=ruke\" target=\"_self\">\n\t\t\t\t\t\t\t\t<img loading=\"lazy\" decoding=\"async\"  src=\"https:\/\/smsigkovacic.me\/wp-content\/uploads\/cache\/2025\/12\/20251208-11\/1717078462.jpg\" width=\"250\" height=\"250\" class=\"skip-lazy\" \/>\t\t\t\t\t\t\t\t\t\t\t\t\t\t\t\t<h3>Ruke\t\t\t\t\t\t\t\t\t<span>33 fotografije<\/span>\n\t\t\t\t\t\t\t\t<\/h3>\n\t\t\t\t\t\t\t<\/a>\n\t\t\t\t\t\t<\/div>\n\t\t\t\t\t<\/div>\n\t\t\t\t<\/li>\n\t\t\t\t\t\t\t\t\t<li>\n\t\t\t\t\t<div class=\"foogallery-pile\">\n\t\t\t\t\t\t<div class=\"foogallery-pile-inner\">\n\t\t\t\t\t\t\t<a href=\"\/index.php?rest_route=%2Fwp%2Fv2%2Fpages%2F125&#038;gallery=skolsko-takmicenje-ugostiteljske-skole\" target=\"_self\">\n\t\t\t\t\t\t\t\t<img loading=\"lazy\" decoding=\"async\"  src=\"https:\/\/smsigkovacic.me\/wp-content\/uploads\/cache\/2025\/11\/20271126-1\/1844733146.jpg\" width=\"250\" height=\"250\" class=\"skip-lazy\" \/>\t\t\t\t\t\t\t\t\t\t\t\t\t\t\t\t<h3>\u0160kolsko takmi\u010denje ugostiteljske \u0161kole\t\t\t\t\t\t\t\t\t<span>22 fotografije<\/span>\n\t\t\t\t\t\t\t\t<\/h3>\n\t\t\t\t\t\t\t<\/a>\n\t\t\t\t\t\t<\/div>\n\t\t\t\t\t<\/div>\n\t\t\t\t<\/li>\n\t\t\t\t\t\t\t\t\t<li>\n\t\t\t\t\t<div class=\"foogallery-pile\">\n\t\t\t\t\t\t<div class=\"foogallery-pile-inner\">\n\t\t\t\t\t\t\t<a href=\"\/index.php?rest_route=%2Fwp%2Fv2%2Fpages%2F125&#038;gallery=saradnja-skole-i-pvk-jadran\" target=\"_self\">\n\t\t\t\t\t\t\t\t<img loading=\"lazy\" decoding=\"async\"  src=\"https:\/\/smsigkovacic.me\/wp-content\/uploads\/cache\/2025\/11\/20251127-3-Large\/2410876549.jpg\" width=\"250\" height=\"250\" class=\"skip-lazy\" \/>\t\t\t\t\t\t\t\t\t\t\t\t\t\t\t\t<h3>Saradnja \u0160kole i PVK \u201eJadran\u201c\t\t\t\t\t\t\t\t\t<span>7 fotografije<\/span>\n\t\t\t\t\t\t\t\t<\/h3>\n\t\t\t\t\t\t\t<\/a>\n\t\t\t\t\t\t<\/div>\n\t\t\t\t\t<\/div>\n\t\t\t\t<\/li>\n\t\t\t\t\t\t\t\t\t<li>\n\t\t\t\t\t<div class=\"foogallery-pile\">\n\t\t\t\t\t\t<div class=\"foogallery-pile-inner\">\n\t\t\t\t\t\t\t<a href=\"\/index.php?rest_route=%2Fwp%2Fv2%2Fpages%2F125&#038;gallery=xiii-zasijedanje-djecijeg-parlamenta\" target=\"_self\">\n\t\t\t\t\t\t\t\t<img loading=\"lazy\" decoding=\"async\"  src=\"https:\/\/smsigkovacic.me\/wp-content\/uploads\/cache\/2025\/11\/20251120-2-Large\/2099853424.jpg\" width=\"250\" height=\"250\" class=\"skip-lazy\" \/>\t\t\t\t\t\t\t\t\t\t\t\t\t\t\t\t<h3>XIII ZASIJEDANJE DJE\u010cIJEG PARLAMENTA\t\t\t\t\t\t\t\t\t<span>6 fotografije<\/span>\n\t\t\t\t\t\t\t\t<\/h3>\n\t\t\t\t\t\t\t<\/a>\n\t\t\t\t\t\t<\/div>\n\t\t\t\t\t<\/div>\n\t\t\t\t<\/li>\n\t\t\t\t\t\t\t\t\t<li>\n\t\t\t\t\t<div class=\"foogallery-pile\">\n\t\t\t\t\t\t<div class=\"foogallery-pile-inner\">\n\t\t\t\t\t\t\t<a href=\"\/index.php?rest_route=%2Fwp%2Fv2%2Fpages%2F125&#038;gallery=slikanje-stihovima-gorskog-vijenca\" target=\"_self\">\n\t\t\t\t\t\t\t\t<img loading=\"lazy\" decoding=\"async\"  src=\"https:\/\/smsigkovacic.me\/wp-content\/uploads\/cache\/2025\/11\/20251112-1\/1855192215.jpg\" width=\"250\" height=\"250\" class=\"skip-lazy\" \/>\t\t\t\t\t\t\t\t\t\t\t\t\t\t\t\t<h3>Slikanje stihovima Gorskog vijenca\t\t\t\t\t\t\t\t\t<span>18 fotografije<\/span>\n\t\t\t\t\t\t\t\t<\/h3>\n\t\t\t\t\t\t\t<\/a>\n\t\t\t\t\t\t<\/div>\n\t\t\t\t\t<\/div>\n\t\t\t\t<\/li>\n\t\t\t\t\t\t\t\t\t<li>\n\t\t\t\t\t<div class=\"foogallery-pile\">\n\t\t\t\t\t\t<div class=\"foogallery-pile-inner\">\n\t\t\t\t\t\t\t<a href=\"\/index.php?rest_route=%2Fwp%2Fv2%2Fpages%2F125&#038;gallery=posjeta-izlozbi-podmorje-boke\" target=\"_self\">\n\t\t\t\t\t\t\t\t<img loading=\"lazy\" decoding=\"async\"  src=\"https:\/\/smsigkovacic.me\/wp-content\/uploads\/cache\/2025\/10\/20251024-16\/3658228797.jpg\" width=\"250\" height=\"250\" class=\"skip-lazy\" \/>\t\t\t\t\t\t\t\t\t\t\t\t\t\t\t\t<h3>Posjeta izlo\u017ebi \u201ePodmorje Boke\u201c\t\t\t\t\t\t\t\t\t<span>16 fotografije<\/span>\n\t\t\t\t\t\t\t\t<\/h3>\n\t\t\t\t\t\t\t<\/a>\n\t\t\t\t\t\t<\/div>\n\t\t\t\t\t<\/div>\n\t\t\t\t<\/li>\n\t\t\t\t\t\t\t\t\t<li>\n\t\t\t\t\t<div class=\"foogallery-pile\">\n\t\t\t\t\t\t<div class=\"foogallery-pile-inner\">\n\t\t\t\t\t\t\t<a href=\"\/index.php?rest_route=%2Fwp%2Fv2%2Fpages%2F125&#038;gallery=geografija-na-dlanu-19-10-2025-godine\" target=\"_self\">\n\t\t\t\t\t\t\t\t<img loading=\"lazy\" decoding=\"async\"  src=\"https:\/\/smsigkovacic.me\/wp-content\/uploads\/cache\/2025\/10\/20251019-5\/2084916864.jpeg\" width=\"250\" height=\"250\" class=\"skip-lazy\" \/>\t\t\t\t\t\t\t\t\t\t\t\t\t\t\t\t<h3>Geografija na dlanu. 19.10.2025. godine\t\t\t\t\t\t\t\t\t<span>16 fotografije<\/span>\n\t\t\t\t\t\t\t\t<\/h3>\n\t\t\t\t\t\t\t<\/a>\n\t\t\t\t\t\t<\/div>\n\t\t\t\t\t<\/div>\n\t\t\t\t<\/li>\n\t\t\t\t\t\t\t\t\t<li>\n\t\t\t\t\t<div class=\"foogallery-pile\">\n\t\t\t\t\t\t<div class=\"foogallery-pile-inner\">\n\t\t\t\t\t\t\t<a href=\"\/index.php?rest_route=%2Fwp%2Fv2%2Fpages%2F125&#038;gallery=the-ocean-race-europe\" target=\"_self\">\n\t\t\t\t\t\t\t\t<img loading=\"lazy\" decoding=\"async\"  src=\"https:\/\/smsigkovacic.me\/wp-content\/uploads\/cache\/2025\/09\/20250917-5-Large\/3014643442.jpeg\" width=\"250\" height=\"250\" class=\"skip-lazy\" \/>\t\t\t\t\t\t\t\t\t\t\t\t\t\t\t\t<h3>The Ocean Race Europe\t\t\t\t\t\t\t\t\t<span>5 fotografije<\/span>\n\t\t\t\t\t\t\t\t<\/h3>\n\t\t\t\t\t\t\t<\/a>\n\t\t\t\t\t\t<\/div>\n\t\t\t\t\t<\/div>\n\t\t\t\t<\/li>\n\t\t\t\t\t\t\t\t\t<li>\n\t\t\t\t\t<div class=\"foogallery-pile\">\n\t\t\t\t\t\t<div class=\"foogallery-pile-inner\">\n\t\t\t\t\t\t\t<a href=\"\/index.php?rest_route=%2Fwp%2Fv2%2Fpages%2F125&#038;gallery=new-castles-of-the-world-jonpils-letonija-2025\" target=\"_self\">\n\t\t\t\t\t\t\t\t<img loading=\"lazy\" decoding=\"async\"  src=\"https:\/\/smsigkovacic.me\/wp-content\/uploads\/cache\/2025\/08\/20250820-6-Large\/4219331964.jpg\" width=\"250\" height=\"250\" class=\"skip-lazy\" \/>\t\t\t\t\t\t\t\t\t\t\t\t\t\t\t\t<h3>NEW CASTLES OF THE WORLD, JONPILS-LETONIJA 2025.\t\t\t\t\t\t\t\t\t<span>6 fotografije<\/span>\n\t\t\t\t\t\t\t\t<\/h3>\n\t\t\t\t\t\t\t<\/a>\n\t\t\t\t\t\t<\/div>\n\t\t\t\t\t<\/div>\n\t\t\t\t<\/li>\n\t\t\t\t\t\t\t\t\t<li>\n\t\t\t\t\t<div class=\"foogallery-pile\">\n\t\t\t\t\t\t<div class=\"foogallery-pile-inner\">\n\t\t\t\t\t\t\t<a href=\"\/index.php?rest_route=%2Fwp%2Fv2%2Fpages%2F125&#038;gallery=defile-maturanata\" target=\"_self\">\n\t\t\t\t\t\t\t\t<img loading=\"lazy\" decoding=\"async\"  src=\"https:\/\/smsigkovacic.me\/wp-content\/uploads\/cache\/2025\/06\/20250602-31\/3517902101.jpg\" width=\"250\" height=\"250\" class=\"skip-lazy\" \/>\t\t\t\t\t\t\t\t\t\t\t\t\t\t\t\t<h3>Defile maturanata\t\t\t\t\t\t\t\t\t<span>31 fotografije<\/span>\n\t\t\t\t\t\t\t\t<\/h3>\n\t\t\t\t\t\t\t<\/a>\n\t\t\t\t\t\t<\/div>\n\t\t\t\t\t<\/div>\n\t\t\t\t<\/li>\n\t\t\t\t\t\t\t\t\t<li>\n\t\t\t\t\t<div class=\"foogallery-pile\">\n\t\t\t\t\t\t<div class=\"foogallery-pile-inner\">\n\t\t\t\t\t\t\t<a href=\"\/index.php?rest_route=%2Fwp%2Fv2%2Fpages%2F125&#038;gallery=trajanje-u-kamenu\" target=\"_self\">\n\t\t\t\t\t\t\t\t<img loading=\"lazy\" decoding=\"async\"  src=\"https:\/\/smsigkovacic.me\/wp-content\/uploads\/cache\/2025\/05\/20250518-8\/3687860115.jpg\" width=\"250\" height=\"250\" class=\"skip-lazy\" \/>\t\t\t\t\t\t\t\t\t\t\t\t\t\t\t\t<h3>\u201eTrajanje u kamenu\u201c\t\t\t\t\t\t\t\t\t<span>8 fotografije<\/span>\n\t\t\t\t\t\t\t\t<\/h3>\n\t\t\t\t\t\t\t<\/a>\n\t\t\t\t\t\t<\/div>\n\t\t\t\t\t<\/div>\n\t\t\t\t<\/li>\n\t\t\t\t\t\t\t\t\t<li>\n\t\t\t\t\t<div class=\"foogallery-pile\">\n\t\t\t\t\t\t<div class=\"foogallery-pile-inner\">\n\t\t\t\t\t\t\t<a href=\"\/index.php?rest_route=%2Fwp%2Fv2%2Fpages%2F125&#038;gallery=izlozba-fotografija-u-cast-generacije-2024-25\" target=\"_self\">\n\t\t\t\t\t\t\t\t<img loading=\"lazy\" decoding=\"async\"  src=\"https:\/\/smsigkovacic.me\/wp-content\/uploads\/cache\/2025\/05\/20250517-22\/1338727284.jpg\" width=\"250\" height=\"250\" class=\"skip-lazy\" \/>\t\t\t\t\t\t\t\t\t\t\t\t\t\t\t\t<h3>Izlo\u017eba fotografija u \u010dast generacije 2024\/25\t\t\t\t\t\t\t\t\t<span>22 fotografije<\/span>\n\t\t\t\t\t\t\t\t<\/h3>\n\t\t\t\t\t\t\t<\/a>\n\t\t\t\t\t\t<\/div>\n\t\t\t\t\t<\/div>\n\t\t\t\t<\/li>\n\t\t\t\t\t\t\t\t\t<li>\n\t\t\t\t\t<div class=\"foogallery-pile\">\n\t\t\t\t\t\t<div class=\"foogallery-pile-inner\">\n\t\t\t\t\t\t\t<a href=\"\/index.php?rest_route=%2Fwp%2Fv2%2Fpages%2F125&#038;gallery=%d0%bc%d0%b0%d1%82%d1%83%d1%80%d0%b0%d0%bd%d1%82%d0%b8-%d0%bf%d0%bb%d0%b5%d1%81%d0%b0%d0%bb%d0%b8-%d0%ba%d0%b0%d0%b4%d1%80%d0%b8%d0%bb-%d0%bd%d0%b0-%d1%82%d1%80%d0%b3%d1%83-%d0%bd%d0%b8%d0%ba%d0%be\" target=\"_self\">\n\t\t\t\t\t\t\t\t<img loading=\"lazy\" decoding=\"async\"  src=\"https:\/\/smsigkovacic.me\/wp-content\/uploads\/cache\/2025\/05\/20250516-16\/37692495.jpg\" width=\"250\" height=\"250\" class=\"skip-lazy\" \/>\t\t\t\t\t\t\t\t\t\t\t\t\t\t\t\t<h3>\u041c\u0430\u0442\u0443\u0440\u0430\u043d\u0442\u0438 \u043f\u043b\u0435\u0441\u0430\u043b\u0438 \u043a\u0430\u0434\u0440\u0438\u043b \u043d\u0430 \u0442\u0440\u0433\u0443 \u041d\u0438\u043a\u043e\u043b\u0435 \u0402\u0443\u0440\u043a\u043e\u0432\u0438\u045b\u0430\t\t\t\t\t\t\t\t\t<span>20 fotografije<\/span>\n\t\t\t\t\t\t\t\t<\/h3>\n\t\t\t\t\t\t\t<\/a>\n\t\t\t\t\t\t<\/div>\n\t\t\t\t\t<\/div>\n\t\t\t\t<\/li>\n\t\t\t\t\t\t\t\t\t<li>\n\t\t\t\t\t<div class=\"foogallery-pile\">\n\t\t\t\t\t\t<div class=\"foogallery-pile-inner\">\n\t\t\t\t\t\t\t<a href=\"\/index.php?rest_route=%2Fwp%2Fv2%2Fpages%2F125&#038;gallery=19-medunarodni-podgoricki-sajam-knjiga-i-obrazovanja\" target=\"_self\">\n\t\t\t\t\t\t\t\t<img loading=\"lazy\" decoding=\"async\"  src=\"https:\/\/smsigkovacic.me\/wp-content\/uploads\/cache\/2025\/05\/20250508-sajam-4\/2475960146.jpg\" width=\"250\" height=\"250\" class=\"skip-lazy\" \/>\t\t\t\t\t\t\t\t\t\t\t\t\t\t\t\t<h3>19. Me\u0111unarodni podgori\u010dki sajam knjiga i obrazovanja\t\t\t\t\t\t\t\t\t<span>6 fotografije<\/span>\n\t\t\t\t\t\t\t\t<\/h3>\n\t\t\t\t\t\t\t<\/a>\n\t\t\t\t\t\t<\/div>\n\t\t\t\t\t<\/div>\n\t\t\t\t<\/li>\n\t\t\t\t\t\t\t\t\t<li>\n\t\t\t\t\t<div class=\"foogallery-pile\">\n\t\t\t\t\t\t<div class=\"foogallery-pile-inner\">\n\t\t\t\t\t\t\t<a href=\"\/index.php?rest_route=%2Fwp%2Fv2%2Fpages%2F125&#038;gallery=20250509\" target=\"_self\">\n\t\t\t\t\t\t\t\t<img loading=\"lazy\" decoding=\"async\"  src=\"https:\/\/smsigkovacic.me\/wp-content\/uploads\/cache\/2025\/05\/20250509-1\/3460620167.jpeg\" width=\"250\" height=\"250\" class=\"skip-lazy\" \/>\t\t\t\t\t\t\t\t\t\t\t\t\t\t\t\t<h3>Yunus Emre Enstit\u00fcs\u00fc - Turski kulturni centar Podgorica\t\t\t\t\t\t\t\t\t<span>12 fotografije<\/span>\n\t\t\t\t\t\t\t\t<\/h3>\n\t\t\t\t\t\t\t<\/a>\n\t\t\t\t\t\t<\/div>\n\t\t\t\t\t<\/div>\n\t\t\t\t<\/li>\n\t\t\t\t\t\t\t\t\t<li>\n\t\t\t\t\t<div class=\"foogallery-pile\">\n\t\t\t\t\t\t<div class=\"foogallery-pile-inner\">\n\t\t\t\t\t\t\t<a href=\"\/index.php?rest_route=%2Fwp%2Fv2%2Fpages%2F125&#038;gallery=mun-minhen\" target=\"_self\">\n\t\t\t\t\t\t\t\t<img loading=\"lazy\" decoding=\"async\"  src=\"https:\/\/smsigkovacic.me\/wp-content\/uploads\/cache\/2025\/04\/20250430-6-Medium\/2221545908.jpg\" width=\"250\" height=\"250\" class=\"skip-lazy\" \/>\t\t\t\t\t\t\t\t\t\t\t\t\t\t\t\t<h3>MUN Minhen\t\t\t\t\t\t\t\t\t<span>6 fotografije<\/span>\n\t\t\t\t\t\t\t\t<\/h3>\n\t\t\t\t\t\t\t<\/a>\n\t\t\t\t\t\t<\/div>\n\t\t\t\t\t<\/div>\n\t\t\t\t<\/li>\n\t\t\t\t\t\t\t\t\t<li>\n\t\t\t\t\t<div class=\"foogallery-pile\">\n\t\t\t\t\t\t<div class=\"foogallery-pile-inner\">\n\t\t\t\t\t\t\t<a href=\"\/index.php?rest_route=%2Fwp%2Fv2%2Fpages%2F125&#038;gallery=obiljezavanje-medunarodnog-dana-knjige-i-autorskih-prava\" target=\"_self\">\n\t\t\t\t\t\t\t\t<img loading=\"lazy\" decoding=\"async\"  src=\"https:\/\/smsigkovacic.me\/wp-content\/uploads\/cache\/2025\/04\/20250429-5\/304736265.jpg\" width=\"250\" height=\"250\" class=\"skip-lazy\" \/>\t\t\t\t\t\t\t\t\t\t\t\t\t\t\t\t<h3>Obilje\u017eavanje Me\u0111unarodnog dana knjige i autorskih prava\t\t\t\t\t\t\t\t\t<span>5 fotografije<\/span>\n\t\t\t\t\t\t\t\t<\/h3>\n\t\t\t\t\t\t\t<\/a>\n\t\t\t\t\t\t<\/div>\n\t\t\t\t\t<\/div>\n\t\t\t\t<\/li>\n\t\t\t\t\t\t\t\t\t<li>\n\t\t\t\t\t<div class=\"foogallery-pile\">\n\t\t\t\t\t\t<div class=\"foogallery-pile-inner\">\n\t\t\t\t\t\t\t<a href=\"\/index.php?rest_route=%2Fwp%2Fv2%2Fpages%2F125&#038;gallery=26-medunarodni-sajm-privrede-u-mostaru\" target=\"_self\">\n\t\t\t\t\t\t\t\t<img loading=\"lazy\" decoding=\"async\"  src=\"https:\/\/smsigkovacic.me\/wp-content\/uploads\/cache\/2025\/04\/20250412-7\/3249504002.jpg\" width=\"250\" height=\"250\" class=\"skip-lazy\" \/>\t\t\t\t\t\t\t\t\t\t\t\t\t\t\t\t<h3>26. Me\u0111unarodni sajm privrede u Mostaru\t\t\t\t\t\t\t\t\t<span>7 fotografije<\/span>\n\t\t\t\t\t\t\t\t<\/h3>\n\t\t\t\t\t\t\t<\/a>\n\t\t\t\t\t\t<\/div>\n\t\t\t\t\t<\/div>\n\t\t\t\t<\/li>\n\t\t\t\t\t\t\t\t\t<li>\n\t\t\t\t\t<div class=\"foogallery-pile\">\n\t\t\t\t\t\t<div class=\"foogallery-pile-inner\">\n\t\t\t\t\t\t\t<a href=\"\/index.php?rest_route=%2Fwp%2Fv2%2Fpages%2F125&#038;gallery=xxi-medunarodni-trofej-crne-gore\" target=\"_self\">\n\t\t\t\t\t\t\t\t<img loading=\"lazy\" decoding=\"async\"  src=\"https:\/\/smsigkovacic.me\/wp-content\/uploads\/cache\/2025\/04\/20250402_petrovac-3\/2309739101.jpg\" width=\"250\" height=\"250\" class=\"skip-lazy\" \/>\t\t\t\t\t\t\t\t\t\t\t\t\t\t\t\t<h3>XXI ME\u0110UNARODNI TROFEJ CRNE GORE\t\t\t\t\t\t\t\t\t<span>4 fotografije<\/span>\n\t\t\t\t\t\t\t\t<\/h3>\n\t\t\t\t\t\t\t<\/a>\n\t\t\t\t\t\t<\/div>\n\t\t\t\t\t<\/div>\n\t\t\t\t<\/li>\n\t\t\t\t\t\t\t\t\t<li>\n\t\t\t\t\t<div class=\"foogallery-pile\">\n\t\t\t\t\t\t<div class=\"foogallery-pile-inner\">\n\t\t\t\t\t\t\t<a href=\"\/index.php?rest_route=%2Fwp%2Fv2%2Fpages%2F125&#038;gallery=dan-zanimanja-profesor-fizike\" target=\"_self\">\n\t\t\t\t\t\t\t\t<img loading=\"lazy\" decoding=\"async\"  src=\"https:\/\/smsigkovacic.me\/wp-content\/uploads\/cache\/2025\/03\/20250325-1\/1434725381.jpg\" width=\"250\" height=\"250\" class=\"skip-lazy\" \/>\t\t\t\t\t\t\t\t\t\t\t\t\t\t\t\t<h3>Dan zanimanja \u2013 profesor fizike\t\t\t\t\t\t\t\t\t<span>10 fotografije<\/span>\n\t\t\t\t\t\t\t\t<\/h3>\n\t\t\t\t\t\t\t<\/a>\n\t\t\t\t\t\t<\/div>\n\t\t\t\t\t<\/div>\n\t\t\t\t<\/li>\n\t\t\t\t\t\t\t\t\t<li>\n\t\t\t\t\t<div class=\"foogallery-pile\">\n\t\t\t\t\t\t<div class=\"foogallery-pile-inner\">\n\t\t\t\t\t\t\t<a href=\"\/index.php?rest_route=%2Fwp%2Fv2%2Fpages%2F125&#038;gallery=dubrovnik-expo\" target=\"_self\">\n\t\t\t\t\t\t\t\t<img loading=\"lazy\" decoding=\"async\"  src=\"https:\/\/smsigkovacic.me\/wp-content\/uploads\/cache\/2025\/03\/20250320-1\/2407824698.jpg\" width=\"250\" height=\"250\" class=\"skip-lazy\" \/>\t\t\t\t\t\t\t\t\t\t\t\t\t\t\t\t<h3>DUBROVNIK EXPO\t\t\t\t\t\t\t\t\t<span>8 fotografije<\/span>\n\t\t\t\t\t\t\t\t<\/h3>\n\t\t\t\t\t\t\t<\/a>\n\t\t\t\t\t\t<\/div>\n\t\t\t\t\t<\/div>\n\t\t\t\t<\/li>\n\t\t\t\t\t\t\t\t\t<li>\n\t\t\t\t\t<div class=\"foogallery-pile\">\n\t\t\t\t\t\t<div class=\"foogallery-pile-inner\">\n\t\t\t\t\t\t\t<a href=\"\/index.php?rest_route=%2Fwp%2Fv2%2Fpages%2F125&#038;gallery=sajmu-preduzeca-za-vjezbu-u-becu\" target=\"_self\">\n\t\t\t\t\t\t\t\t<img loading=\"lazy\" decoding=\"async\"  src=\"https:\/\/smsigkovacic.me\/wp-content\/uploads\/cache\/2025\/03\/20250317-5\/141775371.jpg\" width=\"250\" height=\"250\" class=\"skip-lazy\" \/>\t\t\t\t\t\t\t\t\t\t\t\t\t\t\t\t<h3>Sajmu preduze\u0107a za vje\u017ebu u Be\u010du\t\t\t\t\t\t\t\t\t<span>5 fotografije<\/span>\n\t\t\t\t\t\t\t\t<\/h3>\n\t\t\t\t\t\t\t<\/a>\n\t\t\t\t\t\t<\/div>\n\t\t\t\t\t<\/div>\n\t\t\t\t<\/li>\n\t\t\t\t\t\t\t\t\t<li>\n\t\t\t\t\t<div class=\"foogallery-pile\">\n\t\t\t\t\t\t<div class=\"foogallery-pile-inner\">\n\t\t\t\t\t\t\t<a href=\"\/index.php?rest_route=%2Fwp%2Fv2%2Fpages%2F125&#038;gallery=izlozba-u-kuci-nobelovca-iva-andrica\" target=\"_self\">\n\t\t\t\t\t\t\t\t<img loading=\"lazy\" decoding=\"async\"  src=\"https:\/\/smsigkovacic.me\/wp-content\/uploads\/cache\/2025\/02\/1-Medium\/1693361704.jpg\" width=\"250\" height=\"250\" class=\"skip-lazy\" \/>\t\t\t\t\t\t\t\t\t\t\t\t\t\t\t\t<h3>IZLO\u017dBA U KU\u0106I NOBELOVCA IVA ANDRI\u0106A\t\t\t\t\t\t\t\t\t<span>6 fotografije<\/span>\n\t\t\t\t\t\t\t\t<\/h3>\n\t\t\t\t\t\t\t<\/a>\n\t\t\t\t\t\t<\/div>\n\t\t\t\t\t<\/div>\n\t\t\t\t<\/li>\n\t\t\t\t\t\t\t\t\t<li>\n\t\t\t\t\t<div class=\"foogallery-pile\">\n\t\t\t\t\t\t<div class=\"foogallery-pile-inner\">\n\t\t\t\t\t\t\t<a href=\"\/index.php?rest_route=%2Fwp%2Fv2%2Fpages%2F125&#038;gallery=100-godina-umjetnosti\" target=\"_self\">\n\t\t\t\t\t\t\t\t<img loading=\"lazy\" decoding=\"async\"  src=\"https:\/\/smsigkovacic.me\/wp-content\/uploads\/cache\/2025\/02\/20250220_vojo-1-Medium\/321874913.jpeg\" width=\"250\" height=\"250\" class=\"skip-lazy\" \/>\t\t\t\t\t\t\t\t\t\t\t\t\t\t\t\t<h3>100 godina umjetnosti\t\t\t\t\t\t\t\t\t<span>5 fotografije<\/span>\n\t\t\t\t\t\t\t\t<\/h3>\n\t\t\t\t\t\t\t<\/a>\n\t\t\t\t\t\t<\/div>\n\t\t\t\t\t<\/div>\n\t\t\t\t<\/li>\n\t\t\t\t\t\t\t\t\t<li>\n\t\t\t\t\t<div class=\"foogallery-pile\">\n\t\t\t\t\t\t<div class=\"foogallery-pile-inner\">\n\t\t\t\t\t\t\t<a href=\"\/index.php?rest_route=%2Fwp%2Fv2%2Fpages%2F125&#038;gallery=drugo-izdanje-dubrovnik-royal-gormenta\" target=\"_self\">\n\t\t\t\t\t\t\t\t<img loading=\"lazy\" decoding=\"async\"  src=\"https:\/\/smsigkovacic.me\/wp-content\/uploads\/cache\/2025\/02\/20250217_dubrovnik-4\/623174627.jpg\" width=\"250\" height=\"250\" class=\"skip-lazy\" \/>\t\t\t\t\t\t\t\t\t\t\t\t\t\t\t\t<h3>Drugo izdanje Dubrovnik Royal Gormenta\t\t\t\t\t\t\t\t\t<span>7 fotografije<\/span>\n\t\t\t\t\t\t\t\t<\/h3>\n\t\t\t\t\t\t\t<\/a>\n\t\t\t\t\t\t<\/div>\n\t\t\t\t\t<\/div>\n\t\t\t\t<\/li>\n\t\t\t\t\t\t\t\t\t<li>\n\t\t\t\t\t<div class=\"foogallery-pile\">\n\t\t\t\t\t\t<div class=\"foogallery-pile-inner\">\n\t\t\t\t\t\t\t<a href=\"\/index.php?rest_route=%2Fwp%2Fv2%2Fpages%2F125&#038;gallery=dan-zaljubljenih-2\" target=\"_self\">\n\t\t\t\t\t\t\t\t<img loading=\"lazy\" decoding=\"async\"  src=\"https:\/\/smsigkovacic.me\/wp-content\/uploads\/cache\/2025\/02\/20250214_danzaljubljenih-1-Medium-rotated\/1933321515.jpeg\" width=\"250\" height=\"250\" class=\"skip-lazy\" \/>\t\t\t\t\t\t\t\t\t\t\t\t\t\t\t\t<h3>DAN ZALJUBLJENIH\t\t\t\t\t\t\t\t\t<span>5 fotografije<\/span>\n\t\t\t\t\t\t\t\t<\/h3>\n\t\t\t\t\t\t\t<\/a>\n\t\t\t\t\t\t<\/div>\n\t\t\t\t\t<\/div>\n\t\t\t\t<\/li>\n\t\t\t\t\t\t\t\t\t<li>\n\t\t\t\t\t<div class=\"foogallery-pile\">\n\t\t\t\t\t\t<div class=\"foogallery-pile-inner\">\n\t\t\t\t\t\t\t<a href=\"\/index.php?rest_route=%2Fwp%2Fv2%2Fpages%2F125&#038;gallery=ucenioci-turisticke-skole-u-posjeti-vili-galeb\" target=\"_self\">\n\t\t\t\t\t\t\t\t<img loading=\"lazy\" decoding=\"async\"  src=\"https:\/\/smsigkovacic.me\/wp-content\/uploads\/cache\/2025\/02\/20250211_vilaGaleb-1\/2831922882.jpg\" width=\"250\" height=\"250\" class=\"skip-lazy\" \/>\t\t\t\t\t\t\t\t\t\t\t\t\t\t\t\t<h3>U\u010denioci turisti\u010dke \u0161kole u posjeti Vili Galeb\t\t\t\t\t\t\t\t\t<span>7 fotografije<\/span>\n\t\t\t\t\t\t\t\t<\/h3>\n\t\t\t\t\t\t\t<\/a>\n\t\t\t\t\t\t<\/div>\n\t\t\t\t\t<\/div>\n\t\t\t\t<\/li>\n\t\t\t\t\t\t\t\t\t<li>\n\t\t\t\t\t<div class=\"foogallery-pile\">\n\t\t\t\t\t\t<div class=\"foogallery-pile-inner\">\n\t\t\t\t\t\t\t<a href=\"\/index.php?rest_route=%2Fwp%2Fv2%2Fpages%2F125&#038;gallery=dan-dodjele-nobelove-nagrade-2\" target=\"_self\">\n\t\t\t\t\t\t\t\t<img loading=\"lazy\" decoding=\"async\"  src=\"https:\/\/smsigkovacic.me\/wp-content\/uploads\/cache\/2024\/12\/20241210_nobel-1\/2656906545.jpg\" width=\"250\" height=\"250\" class=\"skip-lazy\" \/>\t\t\t\t\t\t\t\t\t\t\t\t\t\t\t\t<h3>DAN DODJELE NOBELOVE NAGRADE\t\t\t\t\t\t\t\t\t<span>15 fotografije<\/span>\n\t\t\t\t\t\t\t\t<\/h3>\n\t\t\t\t\t\t\t<\/a>\n\t\t\t\t\t\t<\/div>\n\t\t\t\t\t<\/div>\n\t\t\t\t<\/li>\n\t\t\t\t\t\t\t\t\t<li>\n\t\t\t\t\t<div class=\"foogallery-pile\">\n\t\t\t\t\t\t<div class=\"foogallery-pile-inner\">\n\t\t\t\t\t\t\t<a href=\"\/index.php?rest_route=%2Fwp%2Fv2%2Fpages%2F125&#038;gallery=%d1%84%d0%b8%d0%bd%d0%b0%d0%bb%d0%b5-%d1%88%d0%ba%d0%be%d0%bb%d1%81%d0%ba%d0%be%d0%b3-%d1%82%d1%83%d1%80%d0%bd%d0%b8%d1%80%d0%b0-%d1%83-%d0%b4%d0%b5%d0%b1%d0%b0%d1%82%d0%b8\" target=\"_self\">\n\t\t\t\t\t\t\t\t<img loading=\"lazy\" decoding=\"async\"  src=\"https:\/\/smsigkovacic.me\/wp-content\/uploads\/cache\/2024\/11\/20241128_debata-1\/3881367836.jpg\" width=\"250\" height=\"250\" class=\"skip-lazy\" \/>\t\t\t\t\t\t\t\t\t\t\t\t\t\t\t\t<h3>\u0424\u0418\u041d\u0410\u041b\u0415 \u0428\u041a\u041e\u041b\u0421\u041a\u041e\u0413 \u0422\u0423\u0420\u041d\u0418\u0420\u0410 \u0423 \u0414\u0415\u0411\u0410\u0422\u0418\t\t\t\t\t\t\t\t\t<span>5 fotografije<\/span>\n\t\t\t\t\t\t\t\t<\/h3>\n\t\t\t\t\t\t\t<\/a>\n\t\t\t\t\t\t<\/div>\n\t\t\t\t\t<\/div>\n\t\t\t\t<\/li>\n\t\t\t\t\t\t\t\t\t<li>\n\t\t\t\t\t<div class=\"foogallery-pile\">\n\t\t\t\t\t\t<div class=\"foogallery-pile-inner\">\n\t\t\t\t\t\t\t<a href=\"\/index.php?rest_route=%2Fwp%2Fv2%2Fpages%2F125&#038;gallery=trece-mjesto-na-drzavnom-takmicenju-iz-turizma\" target=\"_self\">\n\t\t\t\t\t\t\t\t<img loading=\"lazy\" decoding=\"async\"  src=\"https:\/\/smsigkovacic.me\/wp-content\/uploads\/cache\/2024\/11\/20241124_turisti-1\/3458308245.jpg\" width=\"250\" height=\"250\" class=\"skip-lazy\" \/>\t\t\t\t\t\t\t\t\t\t\t\t\t\t\t\t<h3>Tre\u0107e mjesto na dr\u017eavnom takmi\u010denju iz turizma\t\t\t\t\t\t\t\t\t<span>6 fotografije<\/span>\n\t\t\t\t\t\t\t\t<\/h3>\n\t\t\t\t\t\t\t<\/a>\n\t\t\t\t\t\t<\/div>\n\t\t\t\t\t<\/div>\n\t\t\t\t<\/li>\n\t\t\t\t\t\t\t\t\t<li>\n\t\t\t\t\t<div class=\"foogallery-pile\">\n\t\t\t\t\t\t<div class=\"foogallery-pile-inner\">\n\t\t\t\t\t\t\t<a href=\"\/index.php?rest_route=%2Fwp%2Fv2%2Fpages%2F125&#038;gallery=%d0%b4%d0%b5%d0%b1%d0%b0%d1%82%d0%b5-%d0%be-%d0%b5%d0%b2%d1%80%d0%be%d0%bf%d1%81%d0%ba%d0%be%d1%98-%d1%83%d0%bd%d0%b8%d1%98%d0%b8\" target=\"_self\">\n\t\t\t\t\t\t\t\t<img loading=\"lazy\" decoding=\"async\"  src=\"https:\/\/smsigkovacic.me\/wp-content\/uploads\/cache\/2024\/11\/20241121_debata-6\/4210819231.jpg\" width=\"250\" height=\"250\" class=\"skip-lazy\" \/>\t\t\t\t\t\t\t\t\t\t\t\t\t\t\t\t<h3>\u0414\u0415\u0411\u0410\u0422\u0415 \u041e \u0415\u0412\u0420\u041e\u041f\u0421\u041a\u041e\u0408 \u0423\u041d\u0418\u0408\u0418\t\t\t\t\t\t\t\t\t<span>6 fotografije<\/span>\n\t\t\t\t\t\t\t\t<\/h3>\n\t\t\t\t\t\t\t<\/a>\n\t\t\t\t\t\t<\/div>\n\t\t\t\t\t<\/div>\n\t\t\t\t<\/li>\n\t\t\t\t\t\t\t\t\t<li>\n\t\t\t\t\t<div class=\"foogallery-pile\">\n\t\t\t\t\t\t<div class=\"foogallery-pile-inner\">\n\t\t\t\t\t\t\t<a href=\"\/index.php?rest_route=%2Fwp%2Fv2%2Fpages%2F125&#038;gallery=%d1%98%d0%b0%d0%b2%d0%bd%d0%b8-%d1%87%d0%b0%d1%81-%d0%bd%d0%b0-%d1%82%d0%b5%d0%bc%d1%83-%d1%9a%d0%b5%d0%b3%d0%be%d1%88-%d0%b8-%d1%85%d0%b5%d1%80%d1%86%d0%b5%d0%b3-%d0%bd%d0%be%d0%b2%d0%b8\" target=\"_self\">\n\t\t\t\t\t\t\t\t<img loading=\"lazy\" decoding=\"async\"  src=\"https:\/\/smsigkovacic.me\/wp-content\/uploads\/cache\/2024\/11\/20241111_javnicas-7\/1185573851.jpg\" width=\"250\" height=\"250\" class=\"skip-lazy\" \/>\t\t\t\t\t\t\t\t\t\t\t\t\t\t\t\t<h3>\u0408\u0430\u0432\u043d\u0438 \u0447\u0430\u0441 \u043d\u0430 \u0442\u0435\u043c\u0443 \u040a\u0435\u0433\u043e\u0448 \u0438 \u0425\u0435\u0440\u0446\u0435\u0433 \u041d\u043e\u0432\u0438\t\t\t\t\t\t\t\t\t<span>7 fotografije<\/span>\n\t\t\t\t\t\t\t\t<\/h3>\n\t\t\t\t\t\t\t<\/a>\n\t\t\t\t\t\t<\/div>\n\t\t\t\t\t<\/div>\n\t\t\t\t<\/li>\n\t\t\t\t\t\t\t\t\t<li>\n\t\t\t\t\t<div class=\"foogallery-pile\">\n\t\t\t\t\t\t<div class=\"foogallery-pile-inner\">\n\t\t\t\t\t\t\t<a href=\"\/index.php?rest_route=%2Fwp%2Fv2%2Fpages%2F125&#038;gallery=%d0%bb%d0%b8%d0%ba%d0%be%d0%b2%d0%bd%d0%b0-%d0%b8%d0%b7%d0%bb%d0%be%d0%b6%d0%b1%d0%b0-%d1%80%d0%b0%d0%b4%d0%be%d0%b2%d0%b0\" target=\"_self\">\n\t\t\t\t\t\t\t\t<img loading=\"lazy\" decoding=\"async\"  src=\"https:\/\/smsigkovacic.me\/wp-content\/uploads\/cache\/2024\/11\/20241111_likovniradovi-1\/3758858871.jpeg\" width=\"250\" height=\"250\" class=\"skip-lazy\" \/>\t\t\t\t\t\t\t\t\t\t\t\t\t\t\t\t<h3>\u041b\u0438\u043a\u043e\u0432\u043d\u0430 \u0438\u0437\u043b\u043e\u0436\u0431\u0430 \u0440\u0430\u0434\u043e\u0432\u0430\t\t\t\t\t\t\t\t\t<span>14 fotografije<\/span>\n\t\t\t\t\t\t\t\t<\/h3>\n\t\t\t\t\t\t\t<\/a>\n\t\t\t\t\t\t<\/div>\n\t\t\t\t\t<\/div>\n\t\t\t\t<\/li>\n\t\t\t\t\t\t\t\t\t<li>\n\t\t\t\t\t<div class=\"foogallery-pile\">\n\t\t\t\t\t\t<div class=\"foogallery-pile-inner\">\n\t\t\t\t\t\t\t<a href=\"\/index.php?rest_route=%2Fwp%2Fv2%2Fpages%2F125&#038;gallery=japan\" target=\"_self\">\n\t\t\t\t\t\t\t\t<img loading=\"lazy\" decoding=\"async\"  src=\"https:\/\/smsigkovacic.me\/wp-content\/uploads\/cache\/2024\/11\/20241010_japan-1-Medium\/1455781129.jpg\" width=\"250\" height=\"250\" class=\"skip-lazy\" \/>\t\t\t\t\t\t\t\t\t\t\t\t\t\t\t\t<h3>Japan\t\t\t\t\t\t\t\t\t<span>6 fotografije<\/span>\n\t\t\t\t\t\t\t\t<\/h3>\n\t\t\t\t\t\t\t<\/a>\n\t\t\t\t\t\t<\/div>\n\t\t\t\t\t<\/div>\n\t\t\t\t<\/li>\n\t\t\t\t\t\t\t\t\t<li>\n\t\t\t\t\t<div class=\"foogallery-pile\">\n\t\t\t\t\t\t<div class=\"foogallery-pile-inner\">\n\t\t\t\t\t\t\t<a href=\"\/index.php?rest_route=%2Fwp%2Fv2%2Fpages%2F125&#038;gallery=obilazak-lustice\" target=\"_self\">\n\t\t\t\t\t\t\t\t<img loading=\"lazy\" decoding=\"async\"  src=\"https:\/\/smsigkovacic.me\/wp-content\/uploads\/cache\/2024\/10\/20241012_lustica-1\/2542355365.jpg\" width=\"250\" height=\"250\" class=\"skip-lazy\" \/>\t\t\t\t\t\t\t\t\t\t\t\t\t\t\t\t<h3>OBILAZAK LU\u0160TICE\t\t\t\t\t\t\t\t\t<span>20 fotografije<\/span>\n\t\t\t\t\t\t\t\t<\/h3>\n\t\t\t\t\t\t\t<\/a>\n\t\t\t\t\t\t<\/div>\n\t\t\t\t\t<\/div>\n\t\t\t\t<\/li>\n\t\t\t\t\t\t\t\t\t<li>\n\t\t\t\t\t<div class=\"foogallery-pile\">\n\t\t\t\t\t\t<div class=\"foogallery-pile-inner\">\n\t\t\t\t\t\t\t<a href=\"\/index.php?rest_route=%2Fwp%2Fv2%2Fpages%2F125&#038;gallery=posjeta-prirodno-matematickom-fakultetu\" target=\"_self\">\n\t\t\t\t\t\t\t\t<img loading=\"lazy\" decoding=\"async\"  src=\"https:\/\/smsigkovacic.me\/wp-content\/uploads\/cache\/2024\/09\/20290927_nauka-1\/2808054600.jpg\" width=\"250\" height=\"250\" class=\"skip-lazy\" \/>\t\t\t\t\t\t\t\t\t\t\t\t\t\t\t\t<h3>Posjeta Prirodno- matemati\u010dkom fakultetu\t\t\t\t\t\t\t\t\t<span>16 fotografije<\/span>\n\t\t\t\t\t\t\t\t<\/h3>\n\t\t\t\t\t\t\t<\/a>\n\t\t\t\t\t\t<\/div>\n\t\t\t\t\t<\/div>\n\t\t\t\t<\/li>\n\t\t\t\t\t\t\t\t\t<li>\n\t\t\t\t\t<div class=\"foogallery-pile\">\n\t\t\t\t\t\t<div class=\"foogallery-pile-inner\">\n\t\t\t\t\t\t\t<a href=\"\/index.php?rest_route=%2Fwp%2Fv2%2Fpages%2F125&#038;gallery=dobitnici-diplome-luca\" target=\"_self\">\n\t\t\t\t\t\t\t\t<img loading=\"lazy\" decoding=\"async\"  src=\"https:\/\/smsigkovacic.me\/wp-content\/uploads\/cache\/2024\/06\/20240611_luca-39\/1823021043.jpg\" width=\"250\" height=\"250\" class=\"skip-lazy\" \/>\t\t\t\t\t\t\t\t\t\t\t\t\t\t\t\t<h3>DOBITNICI DIPLOME LU\u010cA\t\t\t\t\t\t\t\t\t<span>40 fotografije<\/span>\n\t\t\t\t\t\t\t\t<\/h3>\n\t\t\t\t\t\t\t<\/a>\n\t\t\t\t\t\t<\/div>\n\t\t\t\t\t<\/div>\n\t\t\t\t<\/li>\n\t\t\t\t\t\t\t\t\t<li>\n\t\t\t\t\t<div class=\"foogallery-pile\">\n\t\t\t\t\t\t<div class=\"foogallery-pile-inner\">\n\t\t\t\t\t\t\t<a href=\"\/index.php?rest_route=%2Fwp%2Fv2%2Fpages%2F125&#038;gallery=sjecanje-na-jovana-vavica-covjek-cistog-srca-siroke-lijepe-duse\" target=\"_self\">\n\t\t\t\t\t\t\t\t<img loading=\"lazy\" decoding=\"async\"  src=\"https:\/\/smsigkovacic.me\/wp-content\/uploads\/cache\/2024\/06\/20240601_komemoracija-2-Medium\/169471101.jpg\" width=\"250\" height=\"250\" class=\"skip-lazy\" \/>\t\t\t\t\t\t\t\t\t\t\t\t\t\t\t\t<h3>Sje\u0107anje na Jovana Vavi\u0107a: \u010covjek \u010distog srca, \u0161iroke, lijepe du\u0161e\t\t\t\t\t\t\t\t\t<span>8 fotografije<\/span>\n\t\t\t\t\t\t\t\t<\/h3>\n\t\t\t\t\t\t\t<\/a>\n\t\t\t\t\t\t<\/div>\n\t\t\t\t\t<\/div>\n\t\t\t\t<\/li>\n\t\t\t\t\t\t\t\t\t<li>\n\t\t\t\t\t<div class=\"foogallery-pile\">\n\t\t\t\t\t\t<div class=\"foogallery-pile-inner\">\n\t\t\t\t\t\t\t<a href=\"\/index.php?rest_route=%2Fwp%2Fv2%2Fpages%2F125&#038;gallery=6556\" target=\"_self\">\n\t\t\t\t\t\t\t\t<img loading=\"lazy\" decoding=\"async\"  src=\"https:\/\/smsigkovacic.me\/wp-content\/uploads\/cache\/2024\/05\/20240524_izlet-1\/291653336.jpg\" width=\"250\" height=\"250\" class=\"skip-lazy\" \/>\t\t\t\t\t\t\t\t\t\t\t\t\t\t\t\t<h3>Jednodnevni izlet brodom-Boka Kotorska\t\t\t\t\t\t\t\t\t<span>12 fotografije<\/span>\n\t\t\t\t\t\t\t\t<\/h3>\n\t\t\t\t\t\t\t<\/a>\n\t\t\t\t\t\t<\/div>\n\t\t\t\t\t<\/div>\n\t\t\t\t<\/li>\n\t\t\t\t\t\t\t\t\t<li>\n\t\t\t\t\t<div class=\"foogallery-pile\">\n\t\t\t\t\t\t<div class=\"foogallery-pile-inner\">\n\t\t\t\t\t\t\t<a href=\"\/index.php?rest_route=%2Fwp%2Fv2%2Fpages%2F125&#038;gallery=defile-novskih-maturanata\" target=\"_self\">\n\t\t\t\t\t\t\t\t<img loading=\"lazy\" decoding=\"async\"  src=\"https:\/\/smsigkovacic.me\/wp-content\/uploads\/cache\/2024\/05\/20240526_defilematuranata-1\/1624447966.jpg\" width=\"250\" height=\"250\" class=\"skip-lazy\" \/>\t\t\t\t\t\t\t\t\t\t\t\t\t\t\t\t<h3>Defile novskih maturanata\t\t\t\t\t\t\t\t\t<span>15 fotografije<\/span>\n\t\t\t\t\t\t\t\t<\/h3>\n\t\t\t\t\t\t\t<\/a>\n\t\t\t\t\t\t<\/div>\n\t\t\t\t\t<\/div>\n\t\t\t\t<\/li>\n\t\t\t\t\t\t\t\t\t<li>\n\t\t\t\t\t<div class=\"foogallery-pile\">\n\t\t\t\t\t\t<div class=\"foogallery-pile-inner\">\n\t\t\t\t\t\t\t<a href=\"\/index.php?rest_route=%2Fwp%2Fv2%2Fpages%2F125&#038;gallery=novski-kadril-na-trgu-nikole-durkovica\" target=\"_self\">\n\t\t\t\t\t\t\t\t<img loading=\"lazy\" decoding=\"async\"  src=\"https:\/\/smsigkovacic.me\/wp-content\/uploads\/cache\/2024\/05\/20240517_kvadril-21\/781904108.jpg\" width=\"250\" height=\"250\" class=\"skip-lazy\" \/>\t\t\t\t\t\t\t\t\t\t\t\t\t\t\t\t<h3>Novski kadril na Trgu Nikole \u0110urkovi\u0107a\t\t\t\t\t\t\t\t\t<span>31 fotografije<\/span>\n\t\t\t\t\t\t\t\t<\/h3>\n\t\t\t\t\t\t\t<\/a>\n\t\t\t\t\t\t<\/div>\n\t\t\t\t\t<\/div>\n\t\t\t\t<\/li>\n\t\t\t\t\t\t\t\t\t<li>\n\t\t\t\t\t<div class=\"foogallery-pile\">\n\t\t\t\t\t\t<div class=\"foogallery-pile-inner\">\n\t\t\t\t\t\t\t<a href=\"\/index.php?rest_route=%2Fwp%2Fv2%2Fpages%2F125&#038;gallery=festa-primavera\" target=\"_self\">\n\t\t\t\t\t\t\t\t<img loading=\"lazy\" decoding=\"async\"  src=\"https:\/\/smsigkovacic.me\/wp-content\/uploads\/cache\/2024\/05\/20240515_primavera-1\/2702167138.jpg\" width=\"250\" height=\"250\" class=\"skip-lazy\" \/>\t\t\t\t\t\t\t\t\t\t\t\t\t\t\t\t<h3>Fe\u0161ta &quot;Primavera&quot;\t\t\t\t\t\t\t\t\t<span>5 fotografije<\/span>\n\t\t\t\t\t\t\t\t<\/h3>\n\t\t\t\t\t\t\t<\/a>\n\t\t\t\t\t\t<\/div>\n\t\t\t\t\t<\/div>\n\t\t\t\t<\/li>\n\t\t\t\t\t\t\t\t\t<li>\n\t\t\t\t\t<div class=\"foogallery-pile\">\n\t\t\t\t\t\t<div class=\"foogallery-pile-inner\">\n\t\t\t\t\t\t\t<a href=\"\/index.php?rest_route=%2Fwp%2Fv2%2Fpages%2F125&#038;gallery=posjeta-malisana-iz-jpu-nasa-radost\" target=\"_self\">\n\t\t\t\t\t\t\t\t<img loading=\"lazy\" decoding=\"async\"  src=\"https:\/\/smsigkovacic.me\/wp-content\/uploads\/cache\/2024\/05\/20240516_vrtic-15\/1596645277.jpg\" width=\"250\" height=\"250\" class=\"skip-lazy\" \/>\t\t\t\t\t\t\t\t\t\t\t\t\t\t\t\t<h3>Posjeta mali\u0161ana iz JPU &quot;Na\u0161a Radost&quot;\t\t\t\t\t\t\t\t\t<span>29 fotografije<\/span>\n\t\t\t\t\t\t\t\t<\/h3>\n\t\t\t\t\t\t\t<\/a>\n\t\t\t\t\t\t<\/div>\n\t\t\t\t\t<\/div>\n\t\t\t\t<\/li>\n\t\t\t\t\t\t\t\t\t<li>\n\t\t\t\t\t<div class=\"foogallery-pile\">\n\t\t\t\t\t\t<div class=\"foogallery-pile-inner\">\n\t\t\t\t\t\t\t<a href=\"\/index.php?rest_route=%2Fwp%2Fv2%2Fpages%2F125&#038;gallery=strucni-jednodnevni-izlet-kanjon-mrtvice\" target=\"_self\">\n\t\t\t\t\t\t\t\t<img loading=\"lazy\" decoding=\"async\"  src=\"https:\/\/smsigkovacic.me\/wp-content\/uploads\/cache\/2024\/04\/20240426_izlet-1\/1738419228.jpg\" width=\"250\" height=\"250\" class=\"skip-lazy\" \/>\t\t\t\t\t\t\t\t\t\t\t\t\t\t\t\t<h3>Jednodnevni stru\u010dni izlet  - KANJON MRTVICE\t\t\t\t\t\t\t\t\t<span>16 fotografije<\/span>\n\t\t\t\t\t\t\t\t<\/h3>\n\t\t\t\t\t\t\t<\/a>\n\t\t\t\t\t\t<\/div>\n\t\t\t\t\t<\/div>\n\t\t\t\t<\/li>\n\t\t\t\t\t\t\t\t\t<li>\n\t\t\t\t\t<div class=\"foogallery-pile\">\n\t\t\t\t\t\t<div class=\"foogallery-pile-inner\">\n\t\t\t\t\t\t\t<a href=\"\/index.php?rest_route=%2Fwp%2Fv2%2Fpages%2F125&#038;gallery=medunarodni-dan-knjige-i-autorskih-prava\" target=\"_self\">\n\t\t\t\t\t\t\t\t<img loading=\"lazy\" decoding=\"async\"  src=\"https:\/\/smsigkovacic.me\/wp-content\/uploads\/cache\/2024\/04\/20240423_biblioteka-1\/3951462606.jpg\" width=\"250\" height=\"250\" class=\"skip-lazy\" \/>\t\t\t\t\t\t\t\t\t\t\t\t\t\t\t\t<h3>Me\u0111unarodni dan knjige i autorskih prava\t\t\t\t\t\t\t\t\t<span>7 fotografije<\/span>\n\t\t\t\t\t\t\t\t<\/h3>\n\t\t\t\t\t\t\t<\/a>\n\t\t\t\t\t\t<\/div>\n\t\t\t\t\t<\/div>\n\t\t\t\t<\/li>\n\t\t\t\t\t\t\t\t\t<li>\n\t\t\t\t\t<div class=\"foogallery-pile\">\n\t\t\t\t\t\t<div class=\"foogallery-pile-inner\">\n\t\t\t\t\t\t\t<a href=\"\/index.php?rest_route=%2Fwp%2Fv2%2Fpages%2F125&#038;gallery=drzavno-takmicenje-iz-oblasti-kuvarstva\" target=\"_self\">\n\t\t\t\t\t\t\t\t<img loading=\"lazy\" decoding=\"async\"  src=\"https:\/\/smsigkovacic.me\/wp-content\/uploads\/cache\/2024\/04\/20240420_budva-1\/2514182149.jpg\" width=\"250\" height=\"250\" class=\"skip-lazy\" \/>\t\t\t\t\t\t\t\t\t\t\t\t\t\t\t\t<h3>Dr\u017eavno takmi\u010denje iz oblasti Kuvarstva\t\t\t\t\t\t\t\t\t<span>7 fotografije<\/span>\n\t\t\t\t\t\t\t\t<\/h3>\n\t\t\t\t\t\t\t<\/a>\n\t\t\t\t\t\t<\/div>\n\t\t\t\t\t<\/div>\n\t\t\t\t<\/li>\n\t\t\t\t\t\t\t\t\t<li>\n\t\t\t\t\t<div class=\"foogallery-pile\">\n\t\t\t\t\t\t<div class=\"foogallery-pile-inner\">\n\t\t\t\t\t\t\t<a href=\"\/index.php?rest_route=%2Fwp%2Fv2%2Fpages%2F125&#038;gallery=drzavno-takmicenje-iz-oblasti-restoraterstva\" target=\"_self\">\n\t\t\t\t\t\t\t\t<img loading=\"lazy\" decoding=\"async\"  src=\"https:\/\/smsigkovacic.me\/wp-content\/uploads\/cache\/2024\/04\/20240403_ugostitelji-1\/3153067069.jpg\" width=\"250\" height=\"250\" class=\"skip-lazy\" \/>\t\t\t\t\t\t\t\t\t\t\t\t\t\t\t\t<h3>Dr\u017eavno takmi\u010denje iz oblasti Restoraterstva\t\t\t\t\t\t\t\t\t<span>9 fotografije<\/span>\n\t\t\t\t\t\t\t\t<\/h3>\n\t\t\t\t\t\t\t<\/a>\n\t\t\t\t\t\t<\/div>\n\t\t\t\t\t<\/div>\n\t\t\t\t<\/li>\n\t\t\t\t\t\t\t\t\t<li>\n\t\t\t\t\t<div class=\"foogallery-pile\">\n\t\t\t\t\t\t<div class=\"foogallery-pile-inner\">\n\t\t\t\t\t\t\t<a href=\"\/index.php?rest_route=%2Fwp%2Fv2%2Fpages%2F125&#038;gallery=izlozba-nikola-tesla-covek-iz-buducnosti\" target=\"_self\">\n\t\t\t\t\t\t\t\t<img loading=\"lazy\" decoding=\"async\"  src=\"https:\/\/smsigkovacic.me\/wp-content\/uploads\/cache\/2024\/03\/20240329_tesla-3\/2286290141.jpg\" width=\"250\" height=\"250\" class=\"skip-lazy\" \/>\t\t\t\t\t\t\t\t\t\t\t\t\t\t\t\t<h3>Izlo\u017eba \u201eNikola Tesla \u2013 \u010dovek iz budu\u0107nosti&quot;\t\t\t\t\t\t\t\t\t<span>6 fotografije<\/span>\n\t\t\t\t\t\t\t\t<\/h3>\n\t\t\t\t\t\t\t<\/a>\n\t\t\t\t\t\t<\/div>\n\t\t\t\t\t<\/div>\n\t\t\t\t<\/li>\n\t\t\t\t\t\t\t\t\t<li>\n\t\t\t\t\t<div class=\"foogallery-pile\">\n\t\t\t\t\t\t<div class=\"foogallery-pile-inner\">\n\t\t\t\t\t\t\t<a href=\"\/index.php?rest_route=%2Fwp%2Fv2%2Fpages%2F125&#038;gallery=podgorica-dodjela-nagrada-ucenicima\" target=\"_self\">\n\t\t\t\t\t\t\t\t<img loading=\"lazy\" decoding=\"async\"  src=\"https:\/\/smsigkovacic.me\/wp-content\/uploads\/cache\/2024\/03\/20240324_podgorica-3\/3555893911.jpg\" width=\"250\" height=\"250\" class=\"skip-lazy\" \/>\t\t\t\t\t\t\t\t\t\t\t\t\t\t\t\t<h3>Podgorica, dodjela nagrada u\u010denicima\t\t\t\t\t\t\t\t\t<span>6 fotografije<\/span>\n\t\t\t\t\t\t\t\t<\/h3>\n\t\t\t\t\t\t\t<\/a>\n\t\t\t\t\t\t<\/div>\n\t\t\t\t\t<\/div>\n\t\t\t\t<\/li>\n\t\t\t\t\t\t\t\t\t<li>\n\t\t\t\t\t<div class=\"foogallery-pile\">\n\t\t\t\t\t\t<div class=\"foogallery-pile-inner\">\n\t\t\t\t\t\t\t<a href=\"\/index.php?rest_route=%2Fwp%2Fv2%2Fpages%2F125&#038;gallery=mala-festa-od-narance\" target=\"_self\">\n\t\t\t\t\t\t\t\t<img loading=\"lazy\" decoding=\"async\"  src=\"https:\/\/smsigkovacic.me\/wp-content\/uploads\/cache\/2024\/03\/20240302_naranga-4\/4092772954.jpg\" width=\"250\" height=\"250\" class=\"skip-lazy\" \/>\t\t\t\t\t\t\t\t\t\t\t\t\t\t\t\t<h3>Mala fe\u0161ta od naran\u010de\t\t\t\t\t\t\t\t\t<span>9 fotografije<\/span>\n\t\t\t\t\t\t\t\t<\/h3>\n\t\t\t\t\t\t\t<\/a>\n\t\t\t\t\t\t<\/div>\n\t\t\t\t\t<\/div>\n\t\t\t\t<\/li>\n\t\t\t\t\t\t\t\t\t<li>\n\t\t\t\t\t<div class=\"foogallery-pile\">\n\t\t\t\t\t\t<div class=\"foogallery-pile-inner\">\n\t\t\t\t\t\t\t<a href=\"\/index.php?rest_route=%2Fwp%2Fv2%2Fpages%2F125&#038;gallery=dan-borbe-protiv-vrsnjackog-nasilja\" target=\"_self\">\n\t\t\t\t\t\t\t\t<img loading=\"lazy\" decoding=\"async\"  src=\"https:\/\/smsigkovacic.me\/wp-content\/uploads\/cache\/2024\/03\/20240228-nasilje-1\/1926620196.jpg\" width=\"250\" height=\"250\" class=\"skip-lazy\" \/>\t\t\t\t\t\t\t\t\t\t\t\t\t\t\t\t<h3>Dan borbe protiv vr\u0161nja\u010dkog nasilja\t\t\t\t\t\t\t\t\t<span>7 fotografije<\/span>\n\t\t\t\t\t\t\t\t<\/h3>\n\t\t\t\t\t\t\t<\/a>\n\t\t\t\t\t\t<\/div>\n\t\t\t\t\t<\/div>\n\t\t\t\t<\/li>\n\t\t\t\t\t\t\t\t\t<li>\n\t\t\t\t\t<div class=\"foogallery-pile\">\n\t\t\t\t\t\t<div class=\"foogallery-pile-inner\">\n\t\t\t\t\t\t\t<a href=\"\/index.php?rest_route=%2Fwp%2Fv2%2Fpages%2F125&#038;gallery=drzavno-takmicenje-2024\" target=\"_self\">\n\t\t\t\t\t\t\t\t<img loading=\"lazy\" decoding=\"async\"  src=\"https:\/\/smsigkovacic.me\/wp-content\/uploads\/cache\/2024\/02\/20240225_drzavno-2\/3655820531.jpg\" width=\"250\" height=\"250\" class=\"skip-lazy\" \/>\t\t\t\t\t\t\t\t\t\t\t\t\t\t\t\t<h3>DR\u017dAVNO TAKMI\u010cENJE 2024\t\t\t\t\t\t\t\t\t<span>4 fotografije<\/span>\n\t\t\t\t\t\t\t\t<\/h3>\n\t\t\t\t\t\t\t<\/a>\n\t\t\t\t\t\t<\/div>\n\t\t\t\t\t<\/div>\n\t\t\t\t<\/li>\n\t\t\t\t\t\t\t\t\t<li>\n\t\t\t\t\t<div class=\"foogallery-pile\">\n\t\t\t\t\t\t<div class=\"foogallery-pile-inner\">\n\t\t\t\t\t\t\t<a href=\"\/index.php?rest_route=%2Fwp%2Fv2%2Fpages%2F125&#038;gallery=vinarija-castel-savina\" target=\"_self\">\n\t\t\t\t\t\t\t\t<img loading=\"lazy\" decoding=\"async\"  src=\"https:\/\/smsigkovacic.me\/wp-content\/uploads\/cache\/2024\/02\/20240209_savina-1-Medium\/296772141.jpg\" width=\"250\" height=\"250\" class=\"skip-lazy\" \/>\t\t\t\t\t\t\t\t\t\t\t\t\t\t\t\t<h3>VINARIJA CASTEL SAVINA\t\t\t\t\t\t\t\t\t<span>7 fotografije<\/span>\n\t\t\t\t\t\t\t\t<\/h3>\n\t\t\t\t\t\t\t<\/a>\n\t\t\t\t\t\t<\/div>\n\t\t\t\t\t<\/div>\n\t\t\t\t<\/li>\n\t\t\t\t\t\t\t\t\t<li>\n\t\t\t\t\t<div class=\"foogallery-pile\">\n\t\t\t\t\t\t<div class=\"foogallery-pile-inner\">\n\t\t\t\t\t\t\t<a href=\"\/index.php?rest_route=%2Fwp%2Fv2%2Fpages%2F125&#038;gallery=dubrovnik-royal-gourment\" target=\"_self\">\n\t\t\t\t\t\t\t\t<img loading=\"lazy\" decoding=\"async\"  src=\"https:\/\/smsigkovacic.me\/wp-content\/uploads\/cache\/2024\/02\/20240209_dubrovnik-1-Medium\/1087405244.jpg\" width=\"250\" height=\"250\" class=\"skip-lazy\" \/>\t\t\t\t\t\t\t\t\t\t\t\t\t\t\t\t<h3>Dubrovnik Royal Gourment\t\t\t\t\t\t\t\t\t<span>11 fotografije<\/span>\n\t\t\t\t\t\t\t\t<\/h3>\n\t\t\t\t\t\t\t<\/a>\n\t\t\t\t\t\t<\/div>\n\t\t\t\t\t<\/div>\n\t\t\t\t<\/li>\n\t\t\t\t\t\t\t\t\t<li>\n\t\t\t\t\t<div class=\"foogallery-pile\">\n\t\t\t\t\t\t<div class=\"foogallery-pile-inner\">\n\t\t\t\t\t\t\t<a href=\"\/index.php?rest_route=%2Fwp%2Fv2%2Fpages%2F125&#038;gallery=kviz-gradansko-pravnog-obrazovanja\" target=\"_self\">\n\t\t\t\t\t\t\t\t<img loading=\"lazy\" decoding=\"async\"  src=\"https:\/\/smsigkovacic.me\/wp-content\/uploads\/cache\/2024\/01\/20231226_kviz-10-Medium\/3224328827.jpg\" width=\"250\" height=\"250\" class=\"skip-lazy\" \/>\t\t\t\t\t\t\t\t\t\t\t\t\t\t\t\t<h3>Kviz gra\u0111ansko-pravnog obrazovanja\t\t\t\t\t\t\t\t\t<span>10 fotografije<\/span>\n\t\t\t\t\t\t\t\t<\/h3>\n\t\t\t\t\t\t\t<\/a>\n\t\t\t\t\t\t<\/div>\n\t\t\t\t\t<\/div>\n\t\t\t\t<\/li>\n\t\t\t\t\t\t\t\t\t<li>\n\t\t\t\t\t<div class=\"foogallery-pile\">\n\t\t\t\t\t\t<div class=\"foogallery-pile-inner\">\n\t\t\t\t\t\t\t<a href=\"\/index.php?rest_route=%2Fwp%2Fv2%2Fpages%2F125&#038;gallery=dan-dodjele-nobelove-nagrade\" target=\"_self\">\n\t\t\t\t\t\t\t\t<img loading=\"lazy\" decoding=\"async\"  src=\"https:\/\/smsigkovacic.me\/wp-content\/uploads\/cache\/2023\/12\/20231208_nobrel-8\/2331582524.jpg\" width=\"250\" height=\"250\" class=\"skip-lazy\" \/>\t\t\t\t\t\t\t\t\t\t\t\t\t\t\t\t<h3>Dan dodjele Nobelove nagrade\t\t\t\t\t\t\t\t\t<span>8 fotografije<\/span>\n\t\t\t\t\t\t\t\t<\/h3>\n\t\t\t\t\t\t\t<\/a>\n\t\t\t\t\t\t<\/div>\n\t\t\t\t\t<\/div>\n\t\t\t\t<\/li>\n\t\t\t\t\t\t\t\t\t<li>\n\t\t\t\t\t<div class=\"foogallery-pile\">\n\t\t\t\t\t\t<div class=\"foogallery-pile-inner\">\n\t\t\t\t\t\t\t<a href=\"\/index.php?rest_route=%2Fwp%2Fv2%2Fpages%2F125&#038;gallery=ogledni-cas-hemija\" target=\"_self\">\n\t\t\t\t\t\t\t\t<img loading=\"lazy\" decoding=\"async\"  src=\"https:\/\/smsigkovacic.me\/wp-content\/uploads\/cache\/2023\/12\/20231208_javnicas-6-Medium\/1654116764.jpg\" width=\"250\" height=\"250\" class=\"skip-lazy\" \/>\t\t\t\t\t\t\t\t\t\t\t\t\t\t\t\t<h3>Ogledni \u010das Hemija\t\t\t\t\t\t\t\t\t<span>6 fotografije<\/span>\n\t\t\t\t\t\t\t\t<\/h3>\n\t\t\t\t\t\t\t<\/a>\n\t\t\t\t\t\t<\/div>\n\t\t\t\t\t<\/div>\n\t\t\t\t<\/li>\n\t\t\t\t\t\t\t\t\t<li>\n\t\t\t\t\t<div class=\"foogallery-pile\">\n\t\t\t\t\t\t<div class=\"foogallery-pile-inner\">\n\t\t\t\t\t\t\t<a href=\"\/index.php?rest_route=%2Fwp%2Fv2%2Fpages%2F125&#038;gallery=ogledni-cas\" target=\"_self\">\n\t\t\t\t\t\t\t\t<img loading=\"lazy\" decoding=\"async\"  src=\"https:\/\/smsigkovacic.me\/wp-content\/uploads\/cache\/2023\/11\/20231122_ogledni-cas-1\/2026427317.jpg\" width=\"250\" height=\"250\" class=\"skip-lazy\" \/>\t\t\t\t\t\t\t\t\t\t\t\t\t\t\t\t<h3>Ogledni \u010das\t\t\t\t\t\t\t\t\t<span>5 fotografije<\/span>\n\t\t\t\t\t\t\t\t<\/h3>\n\t\t\t\t\t\t\t<\/a>\n\t\t\t\t\t\t<\/div>\n\t\t\t\t\t<\/div>\n\t\t\t\t<\/li>\n\t\t\t\t\t\t\t\t\t<li>\n\t\t\t\t\t<div class=\"foogallery-pile\">\n\t\t\t\t\t\t<div class=\"foogallery-pile-inner\">\n\t\t\t\t\t\t\t<a href=\"\/index.php?rest_route=%2Fwp%2Fv2%2Fpages%2F125&#038;gallery=ucenici-smjera-za-dekorisanje-i-aranziranje-prostora-na-jesenjoj-festi\" target=\"_self\">\n\t\t\t\t\t\t\t\t<img loading=\"lazy\" decoding=\"async\"  src=\"https:\/\/smsigkovacic.me\/wp-content\/uploads\/cache\/2023\/11\/20231118_jesenja-18-Medium\/645899416.jpg\" width=\"250\" height=\"250\" class=\"skip-lazy\" \/>\t\t\t\t\t\t\t\t\t\t\t\t\t\t\t\t<h3>U\u010denici smjera za dekorisanje i aran\u017eiranje prostora na \u201eJesenjoj fe\u0161ti\u201c\t\t\t\t\t\t\t\t\t<span>18 fotografije<\/span>\n\t\t\t\t\t\t\t\t<\/h3>\n\t\t\t\t\t\t\t<\/a>\n\t\t\t\t\t\t<\/div>\n\t\t\t\t\t<\/div>\n\t\t\t\t<\/li>\n\t\t\t\t\t\t\t\t\t<li>\n\t\t\t\t\t<div class=\"foogallery-pile\">\n\t\t\t\t\t\t<div class=\"foogallery-pile-inner\">\n\t\t\t\t\t\t\t<a href=\"\/index.php?rest_route=%2Fwp%2Fv2%2Fpages%2F125&#038;gallery=ucenici-nase-skole-pomogli-jesenju-festu\" target=\"_self\">\n\t\t\t\t\t\t\t\t<img loading=\"lazy\" decoding=\"async\"  src=\"https:\/\/smsigkovacic.me\/wp-content\/uploads\/cache\/2023\/11\/20231118_jesenjafesta-1\/1487302991.jpg\" width=\"250\" height=\"250\" class=\"skip-lazy\" \/>\t\t\t\t\t\t\t\t\t\t\t\t\t\t\t\t<h3>U\u010denici na\u0161e \u0161kole pomogli \u201eJesenju fe\u0161tu\u201c\t\t\t\t\t\t\t\t\t<span>8 fotografije<\/span>\n\t\t\t\t\t\t\t\t<\/h3>\n\t\t\t\t\t\t\t<\/a>\n\t\t\t\t\t\t<\/div>\n\t\t\t\t\t<\/div>\n\t\t\t\t<\/li>\n\t\t\t\t\t\t\t\t\t<li>\n\t\t\t\t\t<div class=\"foogallery-pile\">\n\t\t\t\t\t\t<div class=\"foogallery-pile-inner\">\n\t\t\t\t\t\t\t<a href=\"\/index.php?rest_route=%2Fwp%2Fv2%2Fpages%2F125&#038;gallery=nasi-ucenici-na-dubrovnik-expo\" target=\"_self\">\n\t\t\t\t\t\t\t\t<img loading=\"lazy\" decoding=\"async\"  src=\"https:\/\/smsigkovacic.me\/wp-content\/uploads\/cache\/2023\/10\/20231029_dubrovnik-2\/2588837532.jpg\" width=\"250\" height=\"250\" class=\"skip-lazy\" \/>\t\t\t\t\t\t\t\t\t\t\t\t\t\t\t\t<h3>Dubrovnik EXPO\t\t\t\t\t\t\t\t\t<span>14 fotografije<\/span>\n\t\t\t\t\t\t\t\t<\/h3>\n\t\t\t\t\t\t\t<\/a>\n\t\t\t\t\t\t<\/div>\n\t\t\t\t\t<\/div>\n\t\t\t\t<\/li>\n\t\t\t\t\t\t\t\t\t<li>\n\t\t\t\t\t<div class=\"foogallery-pile\">\n\t\t\t\t\t\t<div class=\"foogallery-pile-inner\">\n\t\t\t\t\t\t\t<a href=\"\/index.php?rest_route=%2Fwp%2Fv2%2Fpages%2F125&#038;gallery=skolsko-takmicenje-frizera-2\" target=\"_self\">\n\t\t\t\t\t\t\t\t<img loading=\"lazy\" decoding=\"async\"  src=\"https:\/\/smsigkovacic.me\/wp-content\/uploads\/cache\/2023\/10\/20231027-frizeri-all1\/1892405001.jpg\" width=\"250\" height=\"250\" class=\"skip-lazy\" \/>\t\t\t\t\t\t\t\t\t\t\t\t\t\t\t\t<h3>\u0160kolsko takmi\u010denje frizera\t\t\t\t\t\t\t\t\t<span>11 fotografije<\/span>\n\t\t\t\t\t\t\t\t<\/h3>\n\t\t\t\t\t\t\t<\/a>\n\t\t\t\t\t\t<\/div>\n\t\t\t\t\t<\/div>\n\t\t\t\t<\/li>\n\t\t\t\t\t\t\t\t\t<li>\n\t\t\t\t\t<div class=\"foogallery-pile\">\n\t\t\t\t\t\t<div class=\"foogallery-pile-inner\">\n\t\t\t\t\t\t\t<a href=\"\/index.php?rest_route=%2Fwp%2Fv2%2Fpages%2F125&#038;gallery=new-castles-of-the-world\" target=\"_self\">\n\t\t\t\t\t\t\t\t<img loading=\"lazy\" decoding=\"async\"  src=\"https:\/\/smsigkovacic.me\/wp-content\/uploads\/cache\/2023\/10\/20231024_debata-1-Medium\/2477057938.jpg\" width=\"250\" height=\"250\" class=\"skip-lazy\" \/>\t\t\t\t\t\t\t\t\t\t\t\t\t\t\t\t<h3>NEW CASTLES OF THE WORLD\t\t\t\t\t\t\t\t\t<span>5 fotografije<\/span>\n\t\t\t\t\t\t\t\t<\/h3>\n\t\t\t\t\t\t\t<\/a>\n\t\t\t\t\t\t<\/div>\n\t\t\t\t\t<\/div>\n\t\t\t\t<\/li>\n\t\t\t\t\t\t\t\t\t<li>\n\t\t\t\t\t<div class=\"foogallery-pile\">\n\t\t\t\t\t\t<div class=\"foogallery-pile-inner\">\n\t\t\t\t\t\t\t<a href=\"\/index.php?rest_route=%2Fwp%2Fv2%2Fpages%2F125&#038;gallery=ucenici-geografske-sekcije-na-izletu\" target=\"_self\">\n\t\t\t\t\t\t\t\t<img loading=\"lazy\" decoding=\"async\"  src=\"https:\/\/smsigkovacic.me\/wp-content\/uploads\/cache\/2023\/10\/20231008_geografija-2\/2263072273.jpg\" width=\"250\" height=\"250\" class=\"skip-lazy\" \/>\t\t\t\t\t\t\t\t\t\t\t\t\t\t\t\t<h3>U\u010denici geografske sekcije na izletu\t\t\t\t\t\t\t\t\t<span>7 fotografije<\/span>\n\t\t\t\t\t\t\t\t<\/h3>\n\t\t\t\t\t\t\t<\/a>\n\t\t\t\t\t\t<\/div>\n\t\t\t\t\t<\/div>\n\t\t\t\t<\/li>\n\t\t\t\t\t\t\t\t\t<li>\n\t\t\t\t\t<div class=\"foogallery-pile\">\n\t\t\t\t\t\t<div class=\"foogallery-pile-inner\">\n\t\t\t\t\t\t\t<a href=\"\/index.php?rest_route=%2Fwp%2Fv2%2Fpages%2F125&#038;gallery=dani-nauke-i-inovacija-2023\" target=\"_self\">\n\t\t\t\t\t\t\t\t<img loading=\"lazy\" decoding=\"async\"  src=\"https:\/\/smsigkovacic.me\/wp-content\/uploads\/cache\/2023\/10\/20231002_daninauke-1\/629574859.jpg\" width=\"250\" height=\"250\" class=\"skip-lazy\" \/>\t\t\t\t\t\t\t\t\t\t\t\t\t\t\t\t<h3>Dani nauke i inovacija 2023\t\t\t\t\t\t\t\t\t<span>5 fotografije<\/span>\n\t\t\t\t\t\t\t\t<\/h3>\n\t\t\t\t\t\t\t<\/a>\n\t\t\t\t\t\t<\/div>\n\t\t\t\t\t<\/div>\n\t\t\t\t<\/li>\n\t\t\t\t\t\t\t\t\t<li>\n\t\t\t\t\t<div class=\"foogallery-pile\">\n\t\t\t\t\t\t<div class=\"foogallery-pile-inner\">\n\t\t\t\t\t\t\t<a href=\"\/index.php?rest_route=%2Fwp%2Fv2%2Fpages%2F125&#038;gallery=gatus-2023-ohrid\" target=\"_self\">\n\t\t\t\t\t\t\t\t<img loading=\"lazy\" decoding=\"async\"  src=\"https:\/\/smsigkovacic.me\/wp-content\/uploads\/cache\/2023\/10\/20231001_gatus-1\/3321070435.jpg\" width=\"250\" height=\"250\" class=\"skip-lazy\" \/>\t\t\t\t\t\t\t\t\t\t\t\t\t\t\t\t<h3>GATUS 2023 - Ohrid\t\t\t\t\t\t\t\t\t<span>13 fotografije<\/span>\n\t\t\t\t\t\t\t\t<\/h3>\n\t\t\t\t\t\t\t<\/a>\n\t\t\t\t\t\t<\/div>\n\t\t\t\t\t<\/div>\n\t\t\t\t<\/li>\n\t\t\t\t\t\t\t\t\t<li>\n\t\t\t\t\t<div class=\"foogallery-pile\">\n\t\t\t\t\t\t<div class=\"foogallery-pile-inner\">\n\t\t\t\t\t\t\t<a href=\"\/index.php?rest_route=%2Fwp%2Fv2%2Fpages%2F125&#038;gallery=maturska-ekskurzija-2023-godine\" target=\"_self\">\n\t\t\t\t\t\t\t\t<img loading=\"lazy\" decoding=\"async\"  src=\"https:\/\/smsigkovacic.me\/wp-content\/uploads\/cache\/2023\/09\/20230929_italija-16-Medium\/1571468626.jpg\" width=\"250\" height=\"250\" class=\"skip-lazy\" \/>\t\t\t\t\t\t\t\t\t\t\t\t\t\t\t\t<h3>Maturska ekskurzija 2023. godine\t\t\t\t\t\t\t\t\t<span>16 fotografije<\/span>\n\t\t\t\t\t\t\t\t<\/h3>\n\t\t\t\t\t\t\t<\/a>\n\t\t\t\t\t\t<\/div>\n\t\t\t\t\t<\/div>\n\t\t\t\t<\/li>\n\t\t\t\t\t\t\t\t\t<li>\n\t\t\t\t\t<div class=\"foogallery-pile\">\n\t\t\t\t\t\t<div class=\"foogallery-pile-inner\">\n\t\t\t\t\t\t\t<a href=\"\/index.php?rest_route=%2Fwp%2Fv2%2Fpages%2F125&#038;gallery=izlozba-radova-ucenika-grdevinske-skole\" target=\"_self\">\n\t\t\t\t\t\t\t\t<img loading=\"lazy\" decoding=\"async\"  src=\"https:\/\/smsigkovacic.me\/wp-content\/uploads\/cache\/2023\/06\/20230610_gradjevinci-21\/1552670881.jpg\" width=\"250\" height=\"250\" class=\"skip-lazy\" \/>\t\t\t\t\t\t\t\t\t\t\t\t\t\t\t\t<h3>Izlo\u017eba radova u\u010denika Gr\u0111evinske \u0161kole\t\t\t\t\t\t\t\t\t<span>21 fotografije<\/span>\n\t\t\t\t\t\t\t\t<\/h3>\n\t\t\t\t\t\t\t<\/a>\n\t\t\t\t\t\t<\/div>\n\t\t\t\t\t<\/div>\n\t\t\t\t<\/li>\n\t\t\t\t\t\t\t\t\t<li>\n\t\t\t\t\t<div class=\"foogallery-pile\">\n\t\t\t\t\t\t<div class=\"foogallery-pile-inner\">\n\t\t\t\t\t\t\t<a href=\"\/index.php?rest_route=%2Fwp%2Fv2%2Fpages%2F125&#038;gallery=humanitarna-akcija\" target=\"_self\">\n\t\t\t\t\t\t\t\t<img loading=\"lazy\" decoding=\"async\"  src=\"https:\/\/smsigkovacic.me\/wp-content\/uploads\/cache\/2023\/05\/20230516_tackaoslonca-2-Medium\/2599566769.jpg\" width=\"250\" height=\"250\" class=\"skip-lazy\" \/>\t\t\t\t\t\t\t\t\t\t\t\t\t\t\t\t<h3>HUMANITARNA AKCIJA\t\t\t\t\t\t\t\t\t<span>24 fotografije<\/span>\n\t\t\t\t\t\t\t\t<\/h3>\n\t\t\t\t\t\t\t<\/a>\n\t\t\t\t\t\t<\/div>\n\t\t\t\t\t<\/div>\n\t\t\t\t<\/li>\n\t\t\t\t\t\t\t\t\t<li>\n\t\t\t\t\t<div class=\"foogallery-pile\">\n\t\t\t\t\t\t<div class=\"foogallery-pile-inner\">\n\t\t\t\t\t\t\t<a href=\"\/index.php?rest_route=%2Fwp%2Fv2%2Fpages%2F125&#038;gallery=obiljezavanje-dana-dobitnika-nobelove-nagrade\" target=\"_self\">\n\t\t\t\t\t\t\t\t<img loading=\"lazy\" decoding=\"async\"  src=\"https:\/\/smsigkovacic.me\/wp-content\/uploads\/cache\/2022\/12\/20221209-dannobela-6\/3061301255.jpg\" width=\"250\" height=\"250\" class=\"skip-lazy\" \/>\t\t\t\t\t\t\t\t\t\t\t\t\t\t\t\t<h3>Obilje\u017eavanje dana dobitnika Nobelove nagrade\t\t\t\t\t\t\t\t\t<span>22 fotografije<\/span>\n\t\t\t\t\t\t\t\t<\/h3>\n\t\t\t\t\t\t\t<\/a>\n\t\t\t\t\t\t<\/div>\n\t\t\t\t\t<\/div>\n\t\t\t\t<\/li>\n\t\t\t\t\t\t\t\t\t<li>\n\t\t\t\t\t<div class=\"foogallery-pile\">\n\t\t\t\t\t\t<div class=\"foogallery-pile-inner\">\n\t\t\t\t\t\t\t<a href=\"\/index.php?rest_route=%2Fwp%2Fv2%2Fpages%2F125&#038;gallery=geografske-sekcije-skole-geografija-na-dlanu-boravili-na-lustici\" target=\"_self\">\n\t\t\t\t\t\t\t\t<img loading=\"lazy\" decoding=\"async\"  src=\"https:\/\/smsigkovacic.me\/wp-content\/uploads\/cache\/2022\/10\/20221008_geografijanadlanu-12\/3887484662.jpg\" width=\"250\" height=\"250\" class=\"skip-lazy\" \/>\t\t\t\t\t\t\t\t\t\t\t\t\t\t\t\t<h3>Geografske sekcije \u0161kole \u201cGeografija na dlanu\u201d boravili na Lu\u0161tici\t\t\t\t\t\t\t\t\t<span>13 fotografije<\/span>\n\t\t\t\t\t\t\t\t<\/h3>\n\t\t\t\t\t\t\t<\/a>\n\t\t\t\t\t\t<\/div>\n\t\t\t\t\t<\/div>\n\t\t\t\t<\/li>\n\t\t\t\t\t\t\t\t\t<li>\n\t\t\t\t\t<div class=\"foogallery-pile\">\n\t\t\t\t\t\t<div class=\"foogallery-pile-inner\">\n\t\t\t\t\t\t\t<a href=\"\/index.php?rest_route=%2Fwp%2Fv2%2Fpages%2F125&#038;gallery=dabateri-u-kanusu-litvanija\" target=\"_self\">\n\t\t\t\t\t\t\t\t<img loading=\"lazy\" decoding=\"async\"  src=\"https:\/\/smsigkovacic.me\/wp-content\/uploads\/cache\/2022\/10\/20222809_debateri-5\/1977819917.jpg\" width=\"250\" height=\"250\" class=\"skip-lazy\" \/>\t\t\t\t\t\t\t\t\t\t\t\t\t\t\t\t<h3>Dabateri u Kanusu, Litvanija\t\t\t\t\t\t\t\t\t<span>5 fotografije<\/span>\n\t\t\t\t\t\t\t\t<\/h3>\n\t\t\t\t\t\t\t<\/a>\n\t\t\t\t\t\t<\/div>\n\t\t\t\t\t<\/div>\n\t\t\t\t<\/li>\n\t\t\t\t\t\t\t\t\t<li>\n\t\t\t\t\t<div class=\"foogallery-pile\">\n\t\t\t\t\t\t<div class=\"foogallery-pile-inner\">\n\t\t\t\t\t\t\t<a href=\"\/index.php?rest_route=%2Fwp%2Fv2%2Fpages%2F125&#038;gallery=dani-nauke-i-inovativnosti\" target=\"_self\">\n\t\t\t\t\t\t\t\t<img loading=\"lazy\" decoding=\"async\"  src=\"https:\/\/smsigkovacic.me\/wp-content\/uploads\/cache\/2022\/10\/20220930_daninauke-4\/1935027559.jpg\" width=\"250\" height=\"250\" class=\"skip-lazy\" \/>\t\t\t\t\t\t\t\t\t\t\t\t\t\t\t\t<h3>Dani nauke i inovativnosti\t\t\t\t\t\t\t\t\t<span>10 fotografije<\/span>\n\t\t\t\t\t\t\t\t<\/h3>\n\t\t\t\t\t\t\t<\/a>\n\t\t\t\t\t\t<\/div>\n\t\t\t\t\t<\/div>\n\t\t\t\t<\/li>\n\t\t\t\t\t\t\t\t\t<li>\n\t\t\t\t\t<div class=\"foogallery-pile\">\n\t\t\t\t\t\t<div class=\"foogallery-pile-inner\">\n\t\t\t\t\t\t\t<a href=\"\/index.php?rest_route=%2Fwp%2Fv2%2Fpages%2F125&#038;gallery=debateri-na-cetvrtom-eye-larp-festivalu\" target=\"_self\">\n\t\t\t\t\t\t\t\t<img loading=\"lazy\" decoding=\"async\"  src=\"https:\/\/smsigkovacic.me\/wp-content\/uploads\/cache\/2022\/09\/20220901_debata-1-2\/1294089088.jpg\" width=\"250\" height=\"250\" class=\"skip-lazy\" \/>\t\t\t\t\t\t\t\t\t\t\t\t\t\t\t\t<h3>Debateri na  \u010detvrtom EYE LARP festivalu\t\t\t\t\t\t\t\t\t<span>8 fotografije<\/span>\n\t\t\t\t\t\t\t\t<\/h3>\n\t\t\t\t\t\t\t<\/a>\n\t\t\t\t\t\t<\/div>\n\t\t\t\t\t<\/div>\n\t\t\t\t<\/li>\n\t\t\t\t\t\t\t\t\t<li>\n\t\t\t\t\t<div class=\"foogallery-pile\">\n\t\t\t\t\t\t<div class=\"foogallery-pile-inner\">\n\t\t\t\t\t\t\t<a href=\"\/index.php?rest_route=%2Fwp%2Fv2%2Fpages%2F125&#038;gallery=matursko-vece-2022-godine\" target=\"_self\">\n\t\t\t\t\t\t\t\t<img loading=\"lazy\" decoding=\"async\"  src=\"https:\/\/smsigkovacic.me\/wp-content\/uploads\/cache\/2022\/06\/duletove-unuke\/1521456532.jpg\" width=\"250\" height=\"250\" class=\"skip-lazy\" \/>\t\t\t\t\t\t\t\t\t\t\t\t\t\t\t\t<h3>Matursko ve\u010de 2022.godine\t\t\t\t\t\t\t\t\t<span>36 fotografije<\/span>\n\t\t\t\t\t\t\t\t<\/h3>\n\t\t\t\t\t\t\t<\/a>\n\t\t\t\t\t\t<\/div>\n\t\t\t\t\t<\/div>\n\t\t\t\t<\/li>\n\t\t\t\t\t\t\t\t\t<li>\n\t\t\t\t\t<div class=\"foogallery-pile\">\n\t\t\t\t\t\t<div class=\"foogallery-pile-inner\">\n\t\t\t\t\t\t\t<a href=\"\/index.php?rest_route=%2Fwp%2Fv2%2Fpages%2F125&#038;gallery=superschools-i-film-i-stvarnost-solidarnost\" target=\"_self\">\n\t\t\t\t\t\t\t\t<img loading=\"lazy\" decoding=\"async\"  src=\"https:\/\/smsigkovacic.me\/wp-content\/uploads\/cache\/2022\/05\/Superschools-16\/2028639905.jpg\" width=\"250\" height=\"250\" class=\"skip-lazy\" \/>\t\t\t\t\t\t\t\t\t\t\t\t\t\t\t\t<h3>Superschools i Film i stvarnost \u2013 solidarnost\t\t\t\t\t\t\t\t\t<span>15 fotografije<\/span>\n\t\t\t\t\t\t\t\t<\/h3>\n\t\t\t\t\t\t\t<\/a>\n\t\t\t\t\t\t<\/div>\n\t\t\t\t\t<\/div>\n\t\t\t\t<\/li>\n\t\t\t\t\t\t\t\t\t<li>\n\t\t\t\t\t<div class=\"foogallery-pile\">\n\t\t\t\t\t\t<div class=\"foogallery-pile-inner\">\n\t\t\t\t\t\t\t<a href=\"\/index.php?rest_route=%2Fwp%2Fv2%2Fpages%2F125&#038;gallery=novogodisnji-paketici\" target=\"_self\">\n\t\t\t\t\t\t\t\t<img loading=\"lazy\" decoding=\"async\"  src=\"https:\/\/smsigkovacic.me\/wp-content\/uploads\/cache\/2021\/12\/20211225_paketici-1\/2686468737.jpg\" width=\"250\" height=\"250\" class=\"skip-lazy\" \/>\t\t\t\t\t\t\t\t\t\t\t\t\t\t\t\t<h3>Novogodi\u0161nji paketi\u0107i\t\t\t\t\t\t\t\t\t<span>20 fotografije<\/span>\n\t\t\t\t\t\t\t\t<\/h3>\n\t\t\t\t\t\t\t<\/a>\n\t\t\t\t\t\t<\/div>\n\t\t\t\t\t<\/div>\n\t\t\t\t<\/li>\n\t\t\t\t\t\t\t\t\t<li>\n\t\t\t\t\t<div class=\"foogallery-pile\">\n\t\t\t\t\t\t<div class=\"foogallery-pile-inner\">\n\t\t\t\t\t\t\t<a href=\"\/index.php?rest_route=%2Fwp%2Fv2%2Fpages%2F125&#038;gallery=matursko-vece\" target=\"_self\">\n\t\t\t\t\t\t\t\t<img loading=\"lazy\" decoding=\"async\"  src=\"https:\/\/smsigkovacic.me\/wp-content\/uploads\/cache\/2020\/07\/20200617_maturskovece-15\/219680237.jpg\" width=\"250\" height=\"250\" class=\"skip-lazy\" \/>\t\t\t\t\t\t\t\t\t\t\t\t\t\t\t\t<h3>Matursko ve\u010de\t\t\t\t\t\t\t\t\t<span>14 fotografije<\/span>\n\t\t\t\t\t\t\t\t<\/h3>\n\t\t\t\t\t\t\t<\/a>\n\t\t\t\t\t\t<\/div>\n\t\t\t\t\t<\/div>\n\t\t\t\t<\/li>\n\t\t\t\t\t\t\t\t\t<li>\n\t\t\t\t\t<div class=\"foogallery-pile\">\n\t\t\t\t\t\t<div class=\"foogallery-pile-inner\">\n\t\t\t\t\t\t\t<a href=\"\/index.php?rest_route=%2Fwp%2Fv2%2Fpages%2F125&#038;gallery=debata-ovaj-dom-smatra-da-ljudi-uticu-na-klimu\" target=\"_self\">\n\t\t\t\t\t\t\t\t<img loading=\"lazy\" decoding=\"async\"  src=\"https:\/\/smsigkovacic.me\/wp-content\/uploads\/cache\/2020\/03\/20200312_debata%20(6)\/1649546846.jpg\" width=\"250\" height=\"250\" class=\"skip-lazy\" \/>\t\t\t\t\t\t\t\t\t\t\t\t\t\t\t\t<h3>Debata &quot;Ovaj Dom smatra da ljudi uti\u010du na klimu&quot;\t\t\t\t\t\t\t\t\t<span>6 fotografije<\/span>\n\t\t\t\t\t\t\t\t<\/h3>\n\t\t\t\t\t\t\t<\/a>\n\t\t\t\t\t\t<\/div>\n\t\t\t\t\t<\/div>\n\t\t\t\t<\/li>\n\t\t\t\t\t\t\t\t\t<li>\n\t\t\t\t\t<div class=\"foogallery-pile\">\n\t\t\t\t\t\t<div class=\"foogallery-pile-inner\">\n\t\t\t\t\t\t\t<a href=\"\/index.php?rest_route=%2Fwp%2Fv2%2Fpages%2F125&#038;gallery=torta-za-osmjeh\" target=\"_self\">\n\t\t\t\t\t\t\t\t<img loading=\"lazy\" decoding=\"async\"  src=\"https:\/\/smsigkovacic.me\/wp-content\/uploads\/cache\/2020\/03\/20200301_torta%20(4)\/972398904.jpg\" width=\"250\" height=\"250\" class=\"skip-lazy\" \/>\t\t\t\t\t\t\t\t\t\t\t\t\t\t\t\t<h3>Torta za osmjeh\t\t\t\t\t\t\t\t\t<span>4 fotografije<\/span>\n\t\t\t\t\t\t\t\t<\/h3>\n\t\t\t\t\t\t\t<\/a>\n\t\t\t\t\t\t<\/div>\n\t\t\t\t\t<\/div>\n\t\t\t\t<\/li>\n\t\t\t\t\t\t\t\t\t<li>\n\t\t\t\t\t<div class=\"foogallery-pile\">\n\t\t\t\t\t\t<div class=\"foogallery-pile-inner\">\n\t\t\t\t\t\t\t<a href=\"\/index.php?rest_route=%2Fwp%2Fv2%2Fpages%2F125&#038;gallery=2986\" target=\"_self\">\n\t\t\t\t\t\t\t\t<img loading=\"lazy\" decoding=\"async\"  src=\"https:\/\/smsigkovacic.me\/wp-content\/uploads\/cache\/2020\/02\/20200212_cetinje-9\/1419446203.jpg\" width=\"250\" height=\"250\" class=\"skip-lazy\" \/>\t\t\t\t\t\t\t\t\t\t\t\t\t\t\t\t<h3>Lubarda kao inspiracija\t\t\t\t\t\t\t\t\t<span>13 fotografije<\/span>\n\t\t\t\t\t\t\t\t<\/h3>\n\t\t\t\t\t\t\t<\/a>\n\t\t\t\t\t\t<\/div>\n\t\t\t\t\t<\/div>\n\t\t\t\t<\/li>\n\t\t\t\t\t\t\t\t\t<li>\n\t\t\t\t\t<div class=\"foogallery-pile\">\n\t\t\t\t\t\t<div class=\"foogallery-pile-inner\">\n\t\t\t\t\t\t\t<a href=\"\/index.php?rest_route=%2Fwp%2Fv2%2Fpages%2F125&#038;gallery=sajber-bezbjednost\" target=\"_self\">\n\t\t\t\t\t\t\t\t<img loading=\"lazy\" decoding=\"async\"  src=\"https:\/\/smsigkovacic.me\/wp-content\/uploads\/cache\/2020\/02\/20200211_sajber-3\/991912912.jpg\" width=\"250\" height=\"250\" class=\"skip-lazy\" \/>\t\t\t\t\t\t\t\t\t\t\t\t\t\t\t\t<h3>Sajber bezbjednost\t\t\t\t\t\t\t\t\t<span>3 fotografije<\/span>\n\t\t\t\t\t\t\t\t<\/h3>\n\t\t\t\t\t\t\t<\/a>\n\t\t\t\t\t\t<\/div>\n\t\t\t\t\t<\/div>\n\t\t\t\t<\/li>\n\t\t\t\t\t\t\t\t\t<li>\n\t\t\t\t\t<div class=\"foogallery-pile\">\n\t\t\t\t\t\t<div class=\"foogallery-pile-inner\">\n\t\t\t\t\t\t\t<a href=\"\/index.php?rest_route=%2Fwp%2Fv2%2Fpages%2F125&#038;gallery=prva-medunarodna-konferencija-projekta-euism-u-herceg-novom\" target=\"_self\">\n\t\t\t\t\t\t\t\t<img loading=\"lazy\" decoding=\"async\"  src=\"https:\/\/smsigkovacic.me\/wp-content\/uploads\/cache\/2020\/01\/20200119_debata-6\/2565752766.jpg\" width=\"250\" height=\"250\" class=\"skip-lazy\" \/>\t\t\t\t\t\t\t\t\t\t\t\t\t\t\t\t<h3>PRVA ME\u0110UNARODNA KONFERENCIJA PROJEKTA EUISM U HERCEG NOVOM\t\t\t\t\t\t\t\t\t<span>6 fotografije<\/span>\n\t\t\t\t\t\t\t\t<\/h3>\n\t\t\t\t\t\t\t<\/a>\n\t\t\t\t\t\t<\/div>\n\t\t\t\t\t<\/div>\n\t\t\t\t<\/li>\n\t\t\t\t\t\t\t\t\t<li>\n\t\t\t\t\t<div class=\"foogallery-pile\">\n\t\t\t\t\t\t<div class=\"foogallery-pile-inner\">\n\t\t\t\t\t\t\t<a href=\"\/index.php?rest_route=%2Fwp%2Fv2%2Fpages%2F125&#038;gallery=pripreme-za-nastupajuce-praznike\" target=\"_self\">\n\t\t\t\t\t\t\t\t<img loading=\"lazy\" decoding=\"async\"  src=\"https:\/\/smsigkovacic.me\/wp-content\/uploads\/cache\/2019\/12\/201911214-5\/120731573.jpg\" width=\"250\" height=\"250\" class=\"skip-lazy\" \/>\t\t\t\t\t\t\t\t\t\t\t\t\t\t\t\t<h3>Pripreme za nastupaju\u0107e praznike\t\t\t\t\t\t\t\t\t<span>5 fotografije<\/span>\n\t\t\t\t\t\t\t\t<\/h3>\n\t\t\t\t\t\t\t<\/a>\n\t\t\t\t\t\t<\/div>\n\t\t\t\t\t<\/div>\n\t\t\t\t<\/li>\n\t\t\t\t\t\t\t\t\t<li>\n\t\t\t\t\t<div class=\"foogallery-pile\">\n\t\t\t\t\t\t<div class=\"foogallery-pile-inner\">\n\t\t\t\t\t\t\t<a href=\"\/index.php?rest_route=%2Fwp%2Fv2%2Fpages%2F125&#038;gallery=potraga-za-ljudskim-pravima\" target=\"_self\">\n\t\t\t\t\t\t\t\t<img loading=\"lazy\" decoding=\"async\"  src=\"https:\/\/smsigkovacic.me\/wp-content\/uploads\/cache\/2019\/12\/20191210_-5\/3069741289.jpeg\" width=\"250\" height=\"250\" class=\"skip-lazy\" \/>\t\t\t\t\t\t\t\t\t\t\t\t\t\t\t\t<h3>Potraga za ljudskim pravima\t\t\t\t\t\t\t\t\t<span>5 fotografije<\/span>\n\t\t\t\t\t\t\t\t<\/h3>\n\t\t\t\t\t\t\t<\/a>\n\t\t\t\t\t\t<\/div>\n\t\t\t\t\t<\/div>\n\t\t\t\t<\/li>\n\t\t\t\t\t\t\t\t\t<li>\n\t\t\t\t\t<div class=\"foogallery-pile\">\n\t\t\t\t\t\t<div class=\"foogallery-pile-inner\">\n\t\t\t\t\t\t\t<a href=\"\/index.php?rest_route=%2Fwp%2Fv2%2Fpages%2F125&#038;gallery=preduzetnicki-klup-art-craft-na-festi-je-od-jesenjih-plodova\" target=\"_self\">\n\t\t\t\t\t\t\t\t<img loading=\"lazy\" decoding=\"async\"  src=\"https:\/\/smsigkovacic.me\/wp-content\/uploads\/cache\/2019\/11\/20191123_artandcraft-7\/3877878615.jpg\" width=\"250\" height=\"250\" class=\"skip-lazy\" \/>\t\t\t\t\t\t\t\t\t\t\t\t\t\t\t\t<h3>Preduzetnicki klup &quot;Art &amp; Craft&quot; na festi je od jesenjih plodova\t\t\t\t\t\t\t\t\t<span>4 fotografije<\/span>\n\t\t\t\t\t\t\t\t<\/h3>\n\t\t\t\t\t\t\t<\/a>\n\t\t\t\t\t\t<\/div>\n\t\t\t\t\t<\/div>\n\t\t\t\t<\/li>\n\t\t\t\t\t\t\t\t\t<li>\n\t\t\t\t\t<div class=\"foogallery-pile\">\n\t\t\t\t\t\t<div class=\"foogallery-pile-inner\">\n\t\t\t\t\t\t\t<a href=\"\/index.php?rest_route=%2Fwp%2Fv2%2Fpages%2F125&#038;gallery=izlozba-likovne-sekcije\" target=\"_self\">\n\t\t\t\t\t\t\t\t<img loading=\"lazy\" decoding=\"async\"  src=\"https:\/\/smsigkovacic.me\/wp-content\/uploads\/cache\/2019\/11\/20191123_mastaona-27\/1444354488.jpg\" width=\"250\" height=\"250\" class=\"skip-lazy\" \/>\t\t\t\t\t\t\t\t\t\t\t\t\t\t\t\t<h3>Izlo\u017eba likovne sekcije\t\t\t\t\t\t\t\t\t<span>17 fotografije<\/span>\n\t\t\t\t\t\t\t\t<\/h3>\n\t\t\t\t\t\t\t<\/a>\n\t\t\t\t\t\t<\/div>\n\t\t\t\t\t<\/div>\n\t\t\t\t<\/li>\n\t\t\t\t\t\t\t\t\t<li>\n\t\t\t\t\t<div class=\"foogallery-pile\">\n\t\t\t\t\t\t<div class=\"foogallery-pile-inner\">\n\t\t\t\t\t\t\t<a href=\"\/index.php?rest_route=%2Fwp%2Fv2%2Fpages%2F125&#038;gallery=likovan-radionica\" target=\"_self\">\n\t\t\t\t\t\t\t\t<img loading=\"lazy\" decoding=\"async\"  src=\"https:\/\/smsigkovacic.me\/wp-content\/uploads\/cache\/2019\/11\/jesenjafesta-14\/2971544925.jpeg\" width=\"250\" height=\"250\" class=\"skip-lazy\" \/>\t\t\t\t\t\t\t\t\t\t\t\t\t\t\t\t<h3>Likovan radionica\t\t\t\t\t\t\t\t\t<span>13 fotografije<\/span>\n\t\t\t\t\t\t\t\t<\/h3>\n\t\t\t\t\t\t\t<\/a>\n\t\t\t\t\t\t<\/div>\n\t\t\t\t\t<\/div>\n\t\t\t\t<\/li>\n\t\t\t\t\t\t\t\t\t<li>\n\t\t\t\t\t<div class=\"foogallery-pile\">\n\t\t\t\t\t\t<div class=\"foogallery-pile-inner\">\n\t\t\t\t\t\t\t<a href=\"\/index.php?rest_route=%2Fwp%2Fv2%2Fpages%2F125&#038;gallery=povodom-medunarodnog-dana-djeteta-u-nasoj-skoli-organizovane-brojne-aktivnosti\" target=\"_self\">\n\t\t\t\t\t\t\t\t<img loading=\"lazy\" decoding=\"async\"  src=\"https:\/\/smsigkovacic.me\/wp-content\/uploads\/cache\/2019\/11\/20191121_dandjeteta-1\/1642606371.jpg\" width=\"250\" height=\"250\" class=\"skip-lazy\" \/>\t\t\t\t\t\t\t\t\t\t\t\t\t\t\t\t<h3>Povodom me\u0111unarodnog Dana djeteta u na\u0161oj \u0161koli organizovane brojne aktivnosti\t\t\t\t\t\t\t\t\t<span>3 fotografije<\/span>\n\t\t\t\t\t\t\t\t<\/h3>\n\t\t\t\t\t\t\t<\/a>\n\t\t\t\t\t\t<\/div>\n\t\t\t\t\t<\/div>\n\t\t\t\t<\/li>\n\t\t\t\t\t\t\t\t\t<li>\n\t\t\t\t\t<div class=\"foogallery-pile\">\n\t\t\t\t\t\t<div class=\"foogallery-pile-inner\">\n\t\t\t\t\t\t\t<a href=\"\/index.php?rest_route=%2Fwp%2Fv2%2Fpages%2F125&#038;gallery=takmicenje-ucenika-ugostiteljske-skole-u-budvi\" target=\"_self\">\n\t\t\t\t\t\t\t\t<img loading=\"lazy\" decoding=\"async\"  src=\"https:\/\/smsigkovacic.me\/wp-content\/uploads\/cache\/2019\/11\/20191120_budvaa-3-768x1024\/3948628424.jpg\" width=\"250\" height=\"250\" class=\"skip-lazy\" \/>\t\t\t\t\t\t\t\t\t\t\t\t\t\t\t\t<h3>Takmi\u010denje u\u010denika ugostiteljske \u0161kole u Budvi\t\t\t\t\t\t\t\t\t<span>4 fotografije<\/span>\n\t\t\t\t\t\t\t\t<\/h3>\n\t\t\t\t\t\t\t<\/a>\n\t\t\t\t\t\t<\/div>\n\t\t\t\t\t<\/div>\n\t\t\t\t<\/li>\n\t\t\t\t\t\t\t\t\t<li>\n\t\t\t\t\t<div class=\"foogallery-pile\">\n\t\t\t\t\t\t<div class=\"foogallery-pile-inner\">\n\t\t\t\t\t\t\t<a href=\"\/index.php?rest_route=%2Fwp%2Fv2%2Fpages%2F125&#038;gallery=dvije-srebrne-medalje-za-novske-srednjoskolce-u-porecu\" target=\"_self\">\n\t\t\t\t\t\t\t\t<img loading=\"lazy\" decoding=\"async\"  src=\"https:\/\/smsigkovacic.me\/wp-content\/uploads\/cache\/2019\/10\/20191012gatus-14\/3473466545.jpg\" width=\"250\" height=\"250\" class=\"skip-lazy\" \/>\t\t\t\t\t\t\t\t\t\t\t\t\t\t\t\t<h3>DVIJE SREBRNE MEDALJE ZA NOVSKE SREDNJO\u0160KOLCE U PORE\u010cU\t\t\t\t\t\t\t\t\t<span>8 fotografije<\/span>\n\t\t\t\t\t\t\t\t<\/h3>\n\t\t\t\t\t\t\t<\/a>\n\t\t\t\t\t\t<\/div>\n\t\t\t\t\t<\/div>\n\t\t\t\t<\/li>\n\t\t\t\t\t\t\t\t\t<li>\n\t\t\t\t\t<div class=\"foogallery-pile\">\n\t\t\t\t\t\t<div class=\"foogallery-pile-inner\">\n\t\t\t\t\t\t\t<a href=\"\/index.php?rest_route=%2Fwp%2Fv2%2Fpages%2F125&#038;gallery=zlatna-medalja-za-nase-ucenike-turisticke-skola\" target=\"_self\">\n\t\t\t\t\t\t\t\t<img loading=\"lazy\" decoding=\"async\"  src=\"https:\/\/smsigkovacic.me\/wp-content\/uploads\/cache\/2019\/10\/porec-11-750x450\/2997822853.jpg\" width=\"250\" height=\"250\" class=\"skip-lazy\" \/>\t\t\t\t\t\t\t\t\t\t\t\t\t\t\t\t<h3>Zlatna medalja za na\u0161e u\u010denike turisti\u010dke \u0161kola\t\t\t\t\t\t\t\t\t<span>7 fotografije<\/span>\n\t\t\t\t\t\t\t\t<\/h3>\n\t\t\t\t\t\t\t<\/a>\n\t\t\t\t\t\t<\/div>\n\t\t\t\t\t<\/div>\n\t\t\t\t<\/li>\n\t\t\t\t\t\t\t\t\t<li>\n\t\t\t\t\t<div class=\"foogallery-pile\">\n\t\t\t\t\t\t<div class=\"foogallery-pile-inner\">\n\t\t\t\t\t\t\t<a href=\"\/index.php?rest_route=%2Fwp%2Fv2%2Fpages%2F125&#038;gallery=mun-sarajevo\" target=\"_self\">\n\t\t\t\t\t\t\t\t<img loading=\"lazy\" decoding=\"async\"  src=\"https:\/\/smsigkovacic.me\/wp-content\/uploads\/cache\/2019\/09\/20190929_balmun-1-1\/246752782.jpg\" width=\"250\" height=\"250\" class=\"skip-lazy\" \/>\t\t\t\t\t\t\t\t\t\t\t\t\t\t\t\t<h3>MUN Sarajevo\t\t\t\t\t\t\t\t\t<span>7 fotografije<\/span>\n\t\t\t\t\t\t\t\t<\/h3>\n\t\t\t\t\t\t\t<\/a>\n\t\t\t\t\t\t<\/div>\n\t\t\t\t\t<\/div>\n\t\t\t\t<\/li>\n\t\t\t\t\t\t\t\t\t<li>\n\t\t\t\t\t<div class=\"foogallery-pile\">\n\t\t\t\t\t\t<div class=\"foogallery-pile-inner\">\n\t\t\t\t\t\t\t<a href=\"\/index.php?rest_route=%2Fwp%2Fv2%2Fpages%2F125&#038;gallery=takmicenje-ugostitelja-u-budvi\" target=\"_self\">\n\t\t\t\t\t\t\t\t<img loading=\"lazy\" decoding=\"async\"  src=\"https:\/\/smsigkovacic.me\/wp-content\/uploads\/cache\/2019\/09\/20190927_budva-6\/3483481042.jpg\" width=\"250\" height=\"250\" class=\"skip-lazy\" \/>\t\t\t\t\t\t\t\t\t\t\t\t\t\t\t\t<h3>Takmi\u010denje ugostitelja u Budvi\t\t\t\t\t\t\t\t\t<span>5 fotografije<\/span>\n\t\t\t\t\t\t\t\t<\/h3>\n\t\t\t\t\t\t\t<\/a>\n\t\t\t\t\t\t<\/div>\n\t\t\t\t\t<\/div>\n\t\t\t\t<\/li>\n\t\t\t\t\t\t\t\t\t<li>\n\t\t\t\t\t<div class=\"foogallery-pile\">\n\t\t\t\t\t\t<div class=\"foogallery-pile-inner\">\n\t\t\t\t\t\t\t<a href=\"\/index.php?rest_route=%2Fwp%2Fv2%2Fpages%2F125&#038;gallery=o-kanadi-sa-novskim-srednjoskolcima\" target=\"_self\">\n\t\t\t\t\t\t\t\t<img loading=\"lazy\" decoding=\"async\"  src=\"https:\/\/smsigkovacic.me\/wp-content\/uploads\/cache\/2019\/09\/20190926_kanada-2\/1564053982.jpg\" width=\"250\" height=\"250\" class=\"skip-lazy\" \/>\t\t\t\t\t\t\t\t\t\t\t\t\t\t\t\t<h3>O KANADI SA NOVSKIM SREDNJO\u0160KOLCIMA\t\t\t\t\t\t\t\t\t<span>8 fotografije<\/span>\n\t\t\t\t\t\t\t\t<\/h3>\n\t\t\t\t\t\t\t<\/a>\n\t\t\t\t\t\t<\/div>\n\t\t\t\t\t<\/div>\n\t\t\t\t<\/li>\n\t\t\t\t\t\t\t\t\t<li>\n\t\t\t\t\t<div class=\"foogallery-pile\">\n\t\t\t\t\t\t<div class=\"foogallery-pile-inner\">\n\t\t\t\t\t\t\t<a href=\"\/index.php?rest_route=%2Fwp%2Fv2%2Fpages%2F125&#038;gallery=ja-sam-ja-i-slikam-svijet-po-svojoj-volji\" target=\"_self\">\n\t\t\t\t\t\t\t\t<img loading=\"lazy\" decoding=\"async\"  src=\"https:\/\/smsigkovacic.me\/wp-content\/uploads\/cache\/2019\/09\/20190923-10\/820054656.jpg\" width=\"250\" height=\"250\" class=\"skip-lazy\" \/>\t\t\t\t\t\t\t\t\t\t\t\t\t\t\t\t<h3>Ja sam ja i slikam svijet po svojoj volji\t\t\t\t\t\t\t\t\t<span>9 fotografije<\/span>\n\t\t\t\t\t\t\t\t<\/h3>\n\t\t\t\t\t\t\t<\/a>\n\t\t\t\t\t\t<\/div>\n\t\t\t\t\t<\/div>\n\t\t\t\t<\/li>\n\t\t\t\t\t\t\t\t\t<li>\n\t\t\t\t\t<div class=\"foogallery-pile\">\n\t\t\t\t\t\t<div class=\"foogallery-pile-inner\">\n\t\t\t\t\t\t\t<a href=\"\/index.php?rest_route=%2Fwp%2Fv2%2Fpages%2F125&#038;gallery=nagrade-u-dualnom-obrazovanju\" target=\"_self\">\n\t\t\t\t\t\t\t\t<img loading=\"lazy\" decoding=\"async\"  src=\"https:\/\/smsigkovacic.me\/wp-content\/uploads\/cache\/2019\/06\/20190620_dualno-5\/1759594335.jpg\" width=\"250\" height=\"250\" class=\"skip-lazy\" \/>\t\t\t\t\t\t\t\t\t\t\t\t\t\t\t\t<h3>Nagrade u dualnom obrazovanju\t\t\t\t\t\t\t\t\t<span>5 fotografije<\/span>\n\t\t\t\t\t\t\t\t<\/h3>\n\t\t\t\t\t\t\t<\/a>\n\t\t\t\t\t\t<\/div>\n\t\t\t\t\t<\/div>\n\t\t\t\t<\/li>\n\t\t\t\t\t\t\t\t\t<li>\n\t\t\t\t\t<div class=\"foogallery-pile\">\n\t\t\t\t\t\t<div class=\"foogallery-pile-inner\">\n\t\t\t\t\t\t\t<a href=\"\/index.php?rest_route=%2Fwp%2Fv2%2Fpages%2F125&#038;gallery=refesticon-dodjela-nagrada\" target=\"_self\">\n\t\t\t\t\t\t\t\t<img loading=\"lazy\" decoding=\"async\"  src=\"https:\/\/smsigkovacic.me\/wp-content\/uploads\/cache\/2019\/06\/20190607_bijelopolje-44\/269349151.jpg\" width=\"250\" height=\"250\" class=\"skip-lazy\" \/>\t\t\t\t\t\t\t\t\t\t\t\t\t\t\t\t<h3>\u201eREFESTICON\u201c! - DODJELA NAGRADA\t\t\t\t\t\t\t\t\t<span>42 fotografije<\/span>\n\t\t\t\t\t\t\t\t<\/h3>\n\t\t\t\t\t\t\t<\/a>\n\t\t\t\t\t\t<\/div>\n\t\t\t\t\t<\/div>\n\t\t\t\t<\/li>\n\t\t\t\t\t\t\t\t\t<li>\n\t\t\t\t\t<div class=\"foogallery-pile\">\n\t\t\t\t\t\t<div class=\"foogallery-pile-inner\">\n\t\t\t\t\t\t\t<a href=\"\/index.php?rest_route=%2Fwp%2Fv2%2Fpages%2F125&#038;gallery=sjajnih-30-luca\" target=\"_self\">\n\t\t\t\t\t\t\t\t<img loading=\"lazy\" decoding=\"async\"  src=\"https:\/\/smsigkovacic.me\/wp-content\/uploads\/cache\/2019\/06\/20190604_dodjelaLuca-4\/1583225181.jpg\" width=\"250\" height=\"250\" class=\"skip-lazy\" \/>\t\t\t\t\t\t\t\t\t\t\t\t\t\t\t\t<h3>SJAJNIH 30 LU\u010cA\t\t\t\t\t\t\t\t\t<span>4 fotografije<\/span>\n\t\t\t\t\t\t\t\t<\/h3>\n\t\t\t\t\t\t\t<\/a>\n\t\t\t\t\t\t<\/div>\n\t\t\t\t\t<\/div>\n\t\t\t\t<\/li>\n\t\t\t\t\t\t\t\t\t<li>\n\t\t\t\t\t<div class=\"foogallery-pile\">\n\t\t\t\t\t\t<div class=\"foogallery-pile-inner\">\n\t\t\t\t\t\t\t<a href=\"\/index.php?rest_route=%2Fwp%2Fv2%2Fpages%2F125&#038;gallery=2316\" target=\"_self\">\n\t\t\t\t\t\t\t\t<img loading=\"lazy\" decoding=\"async\"  src=\"https:\/\/smsigkovacic.me\/wp-content\/uploads\/cache\/2019\/05\/20190525_institut-1\/2306530577.jpg\" width=\"250\" height=\"250\" class=\"skip-lazy\" \/>\t\t\t\t\t\t\t\t\t\t\t\t\t\t\t\t<h3>Vladimir Jovanovi\u0107 i An\u0111ela Zlokovi\u0107 \u0111aci generacije\t\t\t\t\t\t\t\t\t<span>6 fotografije<\/span>\n\t\t\t\t\t\t\t\t<\/h3>\n\t\t\t\t\t\t\t<\/a>\n\t\t\t\t\t\t<\/div>\n\t\t\t\t\t<\/div>\n\t\t\t\t<\/li>\n\t\t\t\t\t\t\t\t\t<li>\n\t\t\t\t\t<div class=\"foogallery-pile\">\n\t\t\t\t\t\t<div class=\"foogallery-pile-inner\">\n\t\t\t\t\t\t\t<a href=\"\/index.php?rest_route=%2Fwp%2Fv2%2Fpages%2F125&#038;gallery=2307\" target=\"_self\">\n\t\t\t\t\t\t\t\t<img loading=\"lazy\" decoding=\"async\"  src=\"https:\/\/smsigkovacic.me\/wp-content\/uploads\/cache\/2019\/05\/20190525_defile-6\/744216991.jpg\" width=\"250\" height=\"250\" class=\"skip-lazy\" \/>\t\t\t\t\t\t\t\t\t\t\t\t\t\t\t\t<h3>Maturanti osvjetlili centar Herceg Novog\t\t\t\t\t\t\t\t\t<span>6 fotografije<\/span>\n\t\t\t\t\t\t\t\t<\/h3>\n\t\t\t\t\t\t\t<\/a>\n\t\t\t\t\t\t<\/div>\n\t\t\t\t\t<\/div>\n\t\t\t\t<\/li>\n\t\t\t\t\t\t\t\t\t<li>\n\t\t\t\t\t<div class=\"foogallery-pile\">\n\t\t\t\t\t\t<div class=\"foogallery-pile-inner\">\n\t\t\t\t\t\t\t<a href=\"\/index.php?rest_route=%2Fwp%2Fv2%2Fpages%2F125&#038;gallery=peto-mjesto-nasih-ucenika-na-mesunarodnom-takmicenju-frizera\" target=\"_self\">\n\t\t\t\t\t\t\t\t<img loading=\"lazy\" decoding=\"async\"  src=\"https:\/\/smsigkovacic.me\/wp-content\/uploads\/cache\/2019\/05\/20190519_frizeri-7\/2197225936.jpg\" width=\"250\" height=\"250\" class=\"skip-lazy\" \/>\t\t\t\t\t\t\t\t\t\t\t\t\t\t\t\t<h3>Peto mjesto na\u0161ih u\u010denika na me\u0111unarodnom takmi\u010denju frizera\t\t\t\t\t\t\t\t\t<span>7 fotografije<\/span>\n\t\t\t\t\t\t\t\t<\/h3>\n\t\t\t\t\t\t\t<\/a>\n\t\t\t\t\t\t<\/div>\n\t\t\t\t\t<\/div>\n\t\t\t\t<\/li>\n\t\t\t\t\t\t\t\t\t<li>\n\t\t\t\t\t<div class=\"foogallery-pile\">\n\t\t\t\t\t\t<div class=\"foogallery-pile-inner\">\n\t\t\t\t\t\t\t<a href=\"\/index.php?rest_route=%2Fwp%2Fv2%2Fpages%2F125&#038;gallery=likovni-konkurs-crtanje-kineskih-zmajskih-camaca\" target=\"_self\">\n\t\t\t\t\t\t\t\t<img loading=\"lazy\" decoding=\"async\"  src=\"https:\/\/smsigkovacic.me\/wp-content\/uploads\/cache\/2019\/05\/20190518_kina-4\/4268788049.jpg\" width=\"250\" height=\"250\" class=\"skip-lazy\" \/>\t\t\t\t\t\t\t\t\t\t\t\t\t\t\t\t<h3>Likovni konkurs &quot;Crtanje kineskih zmajskih \u010damaca&quot;\t\t\t\t\t\t\t\t\t<span>4 fotografije<\/span>\n\t\t\t\t\t\t\t\t<\/h3>\n\t\t\t\t\t\t\t<\/a>\n\t\t\t\t\t\t<\/div>\n\t\t\t\t\t<\/div>\n\t\t\t\t<\/li>\n\t\t\t\t\t\t\t\t\t<li>\n\t\t\t\t\t<div class=\"foogallery-pile\">\n\t\t\t\t\t\t<div class=\"foogallery-pile-inner\">\n\t\t\t\t\t\t\t<a href=\"\/index.php?rest_route=%2Fwp%2Fv2%2Fpages%2F125&#038;gallery=220-katuranata-plesalo-kvadrilu\" target=\"_self\">\n\t\t\t\t\t\t\t\t<img loading=\"lazy\" decoding=\"async\"  src=\"https:\/\/smsigkovacic.me\/wp-content\/uploads\/cache\/2019\/05\/20190517_kvadrila-5\/904037882.jpg\" width=\"250\" height=\"250\" class=\"skip-lazy\" \/>\t\t\t\t\t\t\t\t\t\t\t\t\t\t\t\t<h3>220 maturanata plesalo Kvadrilu\t\t\t\t\t\t\t\t\t<span>5 fotografije<\/span>\n\t\t\t\t\t\t\t\t<\/h3>\n\t\t\t\t\t\t\t<\/a>\n\t\t\t\t\t\t<\/div>\n\t\t\t\t\t<\/div>\n\t\t\t\t<\/li>\n\t\t\t\t\t\t\t\t\t<li>\n\t\t\t\t\t<div class=\"foogallery-pile\">\n\t\t\t\t\t\t<div class=\"foogallery-pile-inner\">\n\t\t\t\t\t\t\t<a href=\"\/index.php?rest_route=%2Fwp%2Fv2%2Fpages%2F125&#038;gallery=strucno-je-kljucno-u-budvi\" target=\"_self\">\n\t\t\t\t\t\t\t\t<img loading=\"lazy\" decoding=\"async\"  src=\"https:\/\/smsigkovacic.me\/wp-content\/uploads\/cache\/2019\/05\/20190517_budva-7\/1607683727.jpg\" width=\"250\" height=\"250\" class=\"skip-lazy\" \/>\t\t\t\t\t\t\t\t\t\t\t\t\t\t\t\t<h3>&quot;Stru\u010dno je klju\u010dno&quot; u Budvi\t\t\t\t\t\t\t\t\t<span>7 fotografije<\/span>\n\t\t\t\t\t\t\t\t<\/h3>\n\t\t\t\t\t\t\t<\/a>\n\t\t\t\t\t\t<\/div>\n\t\t\t\t\t<\/div>\n\t\t\t\t<\/li>\n\t\t\t\t\t\t\t\t\t<li>\n\t\t\t\t\t<div class=\"foogallery-pile\">\n\t\t\t\t\t\t<div class=\"foogallery-pile-inner\">\n\t\t\t\t\t\t\t<a href=\"\/index.php?rest_route=%2Fwp%2Fv2%2Fpages%2F125&#038;gallery=likovna-radionica-u-niksicu\" target=\"_self\">\n\t\t\t\t\t\t\t\t<img loading=\"lazy\" decoding=\"async\"  src=\"https:\/\/smsigkovacic.me\/wp-content\/uploads\/cache\/2019\/05\/20190516_lubarda-11\/2541459893.jpg\" width=\"250\" height=\"250\" class=\"skip-lazy\" \/>\t\t\t\t\t\t\t\t\t\t\t\t\t\t\t\t<h3>Likovna radionica u Nik\u0161i\u0107u\t\t\t\t\t\t\t\t\t<span>12 fotografije<\/span>\n\t\t\t\t\t\t\t\t<\/h3>\n\t\t\t\t\t\t\t<\/a>\n\t\t\t\t\t\t<\/div>\n\t\t\t\t\t<\/div>\n\t\t\t\t<\/li>\n\t\t\t\t\t\t\t\t\t<li>\n\t\t\t\t\t<div class=\"foogallery-pile\">\n\t\t\t\t\t\t<div class=\"foogallery-pile-inner\">\n\t\t\t\t\t\t\t<a href=\"\/index.php?rest_route=%2Fwp%2Fv2%2Fpages%2F125&#038;gallery=radionica-moje-vrijednosti-i-vrline\" target=\"_self\">\n\t\t\t\t\t\t\t\t<img loading=\"lazy\" decoding=\"async\"  src=\"https:\/\/smsigkovacic.me\/wp-content\/uploads\/cache\/2019\/05\/20190516_unicef-2-1\/3482627034.jpg\" width=\"250\" height=\"250\" class=\"skip-lazy\" \/>\t\t\t\t\t\t\t\t\t\t\t\t\t\t\t\t<h3>Radionica \u201cMoje vrijednosti i vrline\u201d\t\t\t\t\t\t\t\t\t<span>10 fotografije<\/span>\n\t\t\t\t\t\t\t\t<\/h3>\n\t\t\t\t\t\t\t<\/a>\n\t\t\t\t\t\t<\/div>\n\t\t\t\t\t<\/div>\n\t\t\t\t<\/li>\n\t\t\t\t\t\t\t\t\t<li>\n\t\t\t\t\t<div class=\"foogallery-pile\">\n\t\t\t\t\t\t<div class=\"foogallery-pile-inner\">\n\t\t\t\t\t\t\t<a href=\"\/index.php?rest_route=%2Fwp%2Fv2%2Fpages%2F125&#038;gallery=evgenija-kesse-prvo-mjesto-na-konkursu-evropo-cujemo-li-se\" target=\"_self\">\n\t\t\t\t\t\t\t\t<img loading=\"lazy\" decoding=\"async\"  src=\"https:\/\/smsigkovacic.me\/wp-content\/uploads\/cache\/2019\/05\/20190506_evropo-3\/3440178035.jpg\" width=\"250\" height=\"250\" class=\"skip-lazy\" \/>\t\t\t\t\t\t\t\t\t\t\t\t\t\t\t\t<h3>Evgenija Kesse - prvo mjesto na konkursu \u201eEvropo \u010dujemo li se?\u201c\t\t\t\t\t\t\t\t\t<span>5 fotografije<\/span>\n\t\t\t\t\t\t\t\t<\/h3>\n\t\t\t\t\t\t\t<\/a>\n\t\t\t\t\t\t<\/div>\n\t\t\t\t\t<\/div>\n\t\t\t\t<\/li>\n\t\t\t\t\t\t\t\t\t<li>\n\t\t\t\t\t<div class=\"foogallery-pile\">\n\t\t\t\t\t\t<div class=\"foogallery-pile-inner\">\n\t\t\t\t\t\t\t<a href=\"\/index.php?rest_route=%2Fwp%2Fv2%2Fpages%2F125&#038;gallery=otvori-knjigu-otvori-svijet\" target=\"_self\">\n\t\t\t\t\t\t\t\t<img loading=\"lazy\" decoding=\"async\"  src=\"https:\/\/smsigkovacic.me\/wp-content\/uploads\/cache\/2019\/04\/20190424_otvoriknjigu-8\/3810723523.jpg\" width=\"250\" height=\"250\" class=\"skip-lazy\" \/>\t\t\t\t\t\t\t\t\t\t\t\t\t\t\t\t<h3>Otvori knjigu, otvori svijet\t\t\t\t\t\t\t\t\t<span>8 fotografije<\/span>\n\t\t\t\t\t\t\t\t<\/h3>\n\t\t\t\t\t\t\t<\/a>\n\t\t\t\t\t\t<\/div>\n\t\t\t\t\t<\/div>\n\t\t\t\t<\/li>\n\t\t\t\t\t\t\t\t\t<li>\n\t\t\t\t\t<div class=\"foogallery-pile\">\n\t\t\t\t\t\t<div class=\"foogallery-pile-inner\">\n\t\t\t\t\t\t\t<a href=\"\/index.php?rest_route=%2Fwp%2Fv2%2Fpages%2F125&#038;gallery=budva-takmicenje-kulinara\" target=\"_self\">\n\t\t\t\t\t\t\t\t<img loading=\"lazy\" decoding=\"async\"  src=\"https:\/\/smsigkovacic.me\/wp-content\/uploads\/cache\/2019\/04\/20190424_kulinari-12\/2391408928.jpg\" width=\"250\" height=\"250\" class=\"skip-lazy\" \/>\t\t\t\t\t\t\t\t\t\t\t\t\t\t\t\t<h3>Budva - Takmi\u010denje kulinara\t\t\t\t\t\t\t\t\t<span>10 fotografije<\/span>\n\t\t\t\t\t\t\t\t<\/h3>\n\t\t\t\t\t\t\t<\/a>\n\t\t\t\t\t\t<\/div>\n\t\t\t\t\t<\/div>\n\t\t\t\t<\/li>\n\t\t\t\t\t\t\t\t\t<li>\n\t\t\t\t\t<div class=\"foogallery-pile\">\n\t\t\t\t\t\t<div class=\"foogallery-pile-inner\">\n\t\t\t\t\t\t\t<a href=\"\/index.php?rest_route=%2Fwp%2Fv2%2Fpages%2F125&#038;gallery=sajam-preduzetnistva\" target=\"_self\">\n\t\t\t\t\t\t\t\t<img loading=\"lazy\" decoding=\"async\"  src=\"https:\/\/smsigkovacic.me\/wp-content\/uploads\/cache\/2019\/04\/20190419_sajam-2\/2088891274.jpg\" width=\"250\" height=\"250\" class=\"skip-lazy\" \/>\t\t\t\t\t\t\t\t\t\t\t\t\t\t\t\t<h3>Sajam preduzetni\u0161tva\t\t\t\t\t\t\t\t\t<span>2 fotografije<\/span>\n\t\t\t\t\t\t\t\t<\/h3>\n\t\t\t\t\t\t\t<\/a>\n\t\t\t\t\t\t<\/div>\n\t\t\t\t\t<\/div>\n\t\t\t\t<\/li>\n\t\t\t\t\t\t\t\t\t<li>\n\t\t\t\t\t<div class=\"foogallery-pile\">\n\t\t\t\t\t\t<div class=\"foogallery-pile-inner\">\n\t\t\t\t\t\t\t<a href=\"\/index.php?rest_route=%2Fwp%2Fv2%2Fpages%2F125&#038;gallery=dan-planete-zemlje-2\" target=\"_self\">\n\t\t\t\t\t\t\t\t<img loading=\"lazy\" decoding=\"async\"  src=\"https:\/\/smsigkovacic.me\/wp-content\/uploads\/cache\/2019\/04\/20190422_danplanetezemlje-5\/1367986518.jpg\" width=\"250\" height=\"250\" class=\"skip-lazy\" \/>\t\t\t\t\t\t\t\t\t\t\t\t\t\t\t\t<h3>Sa\u010duvajmo planetu\t\t\t\t\t\t\t\t\t<span>6 fotografije<\/span>\n\t\t\t\t\t\t\t\t<\/h3>\n\t\t\t\t\t\t\t<\/a>\n\t\t\t\t\t\t<\/div>\n\t\t\t\t\t<\/div>\n\t\t\t\t<\/li>\n\t\t\t\t\t\t\t\t\t<li>\n\t\t\t\t\t<div class=\"foogallery-pile\">\n\t\t\t\t\t\t<div class=\"foogallery-pile-inner\">\n\t\t\t\t\t\t\t<a href=\"\/index.php?rest_route=%2Fwp%2Fv2%2Fpages%2F125&#038;gallery=balmun-konferencija\" target=\"_self\">\n\t\t\t\t\t\t\t\t<img loading=\"lazy\" decoding=\"async\"  src=\"https:\/\/smsigkovacic.me\/wp-content\/uploads\/cache\/2019\/04\/20190414_balmun-2\/2956847816.jpg\" width=\"250\" height=\"250\" class=\"skip-lazy\" \/>\t\t\t\t\t\t\t\t\t\t\t\t\t\t\t\t<h3>BALMUN konferencija\t\t\t\t\t\t\t\t\t<span>7 fotografije<\/span>\n\t\t\t\t\t\t\t\t<\/h3>\n\t\t\t\t\t\t\t<\/a>\n\t\t\t\t\t\t<\/div>\n\t\t\t\t\t<\/div>\n\t\t\t\t<\/li>\n\t\t\t\t\t\t\t\t\t<li>\n\t\t\t\t\t<div class=\"foogallery-pile\">\n\t\t\t\t\t\t<div class=\"foogallery-pile-inner\">\n\t\t\t\t\t\t\t<a href=\"\/index.php?rest_route=%2Fwp%2Fv2%2Fpages%2F125&#038;gallery=debatni-klub-skole-u-bratislavi\" target=\"_self\">\n\t\t\t\t\t\t\t\t<img loading=\"lazy\" decoding=\"async\"  src=\"https:\/\/smsigkovacic.me\/wp-content\/uploads\/cache\/2019\/04\/20190412_debata-4\/2548353417.jpg\" width=\"250\" height=\"250\" class=\"skip-lazy\" \/>\t\t\t\t\t\t\t\t\t\t\t\t\t\t\t\t<h3>Debatni klub \u0161kole u Bratislavi\t\t\t\t\t\t\t\t\t<span>5 fotografije<\/span>\n\t\t\t\t\t\t\t\t<\/h3>\n\t\t\t\t\t\t\t<\/a>\n\t\t\t\t\t\t<\/div>\n\t\t\t\t\t<\/div>\n\t\t\t\t<\/li>\n\t\t\t\t\t\t\t\t\t<li>\n\t\t\t\t\t<div class=\"foogallery-pile\">\n\t\t\t\t\t\t<div class=\"foogallery-pile-inner\">\n\t\t\t\t\t\t\t<a href=\"\/index.php?rest_route=%2Fwp%2Fv2%2Fpages%2F125&#038;gallery=posjeta-narodnom-muzeju-na-cetinju\" target=\"_self\">\n\t\t\t\t\t\t\t\t<img loading=\"lazy\" decoding=\"async\"  src=\"https:\/\/smsigkovacic.me\/wp-content\/uploads\/cache\/2019\/04\/20190409_lubarda-3\/3283868589.jpg\" width=\"250\" height=\"250\" class=\"skip-lazy\" \/>\t\t\t\t\t\t\t\t\t\t\t\t\t\t\t\t<h3>Posjeta Narodnom muzeju na Cetinju\t\t\t\t\t\t\t\t\t<span>3 fotografije<\/span>\n\t\t\t\t\t\t\t\t<\/h3>\n\t\t\t\t\t\t\t<\/a>\n\t\t\t\t\t\t<\/div>\n\t\t\t\t\t<\/div>\n\t\t\t\t<\/li>\n\t\t\t\t\t\t\t\t\t<li>\n\t\t\t\t\t<div class=\"foogallery-pile\">\n\t\t\t\t\t\t<div class=\"foogallery-pile-inner\">\n\t\t\t\t\t\t\t<a href=\"\/index.php?rest_route=%2Fwp%2Fv2%2Fpages%2F125&#038;gallery=skolsko-takmicenje-frizera\" target=\"_self\">\n\t\t\t\t\t\t\t\t<img loading=\"lazy\" decoding=\"async\"  src=\"https:\/\/smsigkovacic.me\/wp-content\/uploads\/cache\/2019\/04\/20160406_frizeri14\/3935543735.jpg\" width=\"250\" height=\"250\" class=\"skip-lazy\" \/>\t\t\t\t\t\t\t\t\t\t\t\t\t\t\t\t<h3>\u0160kolsko takmi\u010denje frizera\t\t\t\t\t\t\t\t\t<span>13 fotografije<\/span>\n\t\t\t\t\t\t\t\t<\/h3>\n\t\t\t\t\t\t\t<\/a>\n\t\t\t\t\t\t<\/div>\n\t\t\t\t\t<\/div>\n\t\t\t\t<\/li>\n\t\t\t\t\t\t\t\t\t<li>\n\t\t\t\t\t<div class=\"foogallery-pile\">\n\t\t\t\t\t\t<div class=\"foogallery-pile-inner\">\n\t\t\t\t\t\t\t<a href=\"\/index.php?rest_route=%2Fwp%2Fv2%2Fpages%2F125&#038;gallery=za-luku\" target=\"_self\">\n\t\t\t\t\t\t\t\t<img loading=\"lazy\" decoding=\"async\"  src=\"https:\/\/smsigkovacic.me\/wp-content\/uploads\/cache\/2019\/04\/20190405_zaluku4\/2033363678.jpg\" width=\"250\" height=\"250\" class=\"skip-lazy\" \/>\t\t\t\t\t\t\t\t\t\t\t\t\t\t\t\t<h3>Za Luku\t\t\t\t\t\t\t\t\t<span>8 fotografije<\/span>\n\t\t\t\t\t\t\t\t<\/h3>\n\t\t\t\t\t\t\t<\/a>\n\t\t\t\t\t\t<\/div>\n\t\t\t\t\t<\/div>\n\t\t\t\t<\/li>\n\t\t\t\t\t\t\t\t\t<li>\n\t\t\t\t\t<div class=\"foogallery-pile\">\n\t\t\t\t\t\t<div class=\"foogallery-pile-inner\">\n\t\t\t\t\t\t\t<a href=\"\/index.php?rest_route=%2Fwp%2Fv2%2Fpages%2F125&#038;gallery=takmicenje-turisticke-skole\" target=\"_self\">\n\t\t\t\t\t\t\t\t<img loading=\"lazy\" decoding=\"async\"  src=\"https:\/\/smsigkovacic.me\/wp-content\/uploads\/cache\/2019\/04\/20190405_turisti-7\/2003361857.jpg\" width=\"250\" height=\"250\" class=\"skip-lazy\" \/>\t\t\t\t\t\t\t\t\t\t\t\t\t\t\t\t<h3>Takmi\u010denje turisti\u010dke \u0161kole\t\t\t\t\t\t\t\t\t<span>7 fotografije<\/span>\n\t\t\t\t\t\t\t\t<\/h3>\n\t\t\t\t\t\t\t<\/a>\n\t\t\t\t\t\t<\/div>\n\t\t\t\t\t<\/div>\n\t\t\t\t<\/li>\n\t\t\t\t\t\t\t\t\t<li>\n\t\t\t\t\t<div class=\"foogallery-pile\">\n\t\t\t\t\t\t<div class=\"foogallery-pile-inner\">\n\t\t\t\t\t\t\t<a href=\"\/index.php?rest_route=%2Fwp%2Fv2%2Fpages%2F125&#038;gallery=sajam-knjiga-i-obrazovanja\" target=\"_self\">\n\t\t\t\t\t\t\t\t<img loading=\"lazy\" decoding=\"async\"  src=\"https:\/\/smsigkovacic.me\/wp-content\/uploads\/cache\/2019\/04\/20190405_sajamknjige-9\/3043629766.jpg\" width=\"250\" height=\"250\" class=\"skip-lazy\" \/>\t\t\t\t\t\t\t\t\t\t\t\t\t\t\t\t<h3>Sajam knjiga i obrazovanja\t\t\t\t\t\t\t\t\t<span>8 fotografije<\/span>\n\t\t\t\t\t\t\t\t<\/h3>\n\t\t\t\t\t\t\t<\/a>\n\t\t\t\t\t\t<\/div>\n\t\t\t\t\t<\/div>\n\t\t\t\t<\/li>\n\t\t\t\t\t\t\t\t\t<li>\n\t\t\t\t\t<div class=\"foogallery-pile\">\n\t\t\t\t\t\t<div class=\"foogallery-pile-inner\">\n\t\t\t\t\t\t\t<a href=\"\/index.php?rest_route=%2Fwp%2Fv2%2Fpages%2F125&#038;gallery=preduzetnicki-klub-na-sajmu-suvenira-i-eko-hrane\" target=\"_self\">\n\t\t\t\t\t\t\t\t<img loading=\"lazy\" decoding=\"async\"  src=\"https:\/\/smsigkovacic.me\/wp-content\/uploads\/cache\/2019\/03\/20190306_artandcraft-3\/134674700.jpg\" width=\"250\" height=\"250\" class=\"skip-lazy\" \/>\t\t\t\t\t\t\t\t\t\t\t\t\t\t\t\t<h3>Preduzetni\u010dki klub na Sajmu suvenira i eko hrane\t\t\t\t\t\t\t\t\t<span>3 fotografije<\/span>\n\t\t\t\t\t\t\t\t<\/h3>\n\t\t\t\t\t\t\t<\/a>\n\t\t\t\t\t\t<\/div>\n\t\t\t\t\t<\/div>\n\t\t\t\t<\/li>\n\t\t\t\t\t\t\t\t\t<li>\n\t\t\t\t\t<div class=\"foogallery-pile\">\n\t\t\t\t\t\t<div class=\"foogallery-pile-inner\">\n\t\t\t\t\t\t\t<a href=\"\/index.php?rest_route=%2Fwp%2Fv2%2Fpages%2F125&#038;gallery=dani-demokratske-kulture-u-zemunu\" target=\"_self\">\n\t\t\t\t\t\t\t\t<img loading=\"lazy\" decoding=\"async\"  src=\"https:\/\/smsigkovacic.me\/wp-content\/uploads\/cache\/2019\/03\/20190304_zemun-2\/827255373.jpg\" width=\"250\" height=\"250\" class=\"skip-lazy\" \/>\t\t\t\t\t\t\t\t\t\t\t\t\t\t\t\t<h3>Dani demokratske kulture u Zemunu\t\t\t\t\t\t\t\t\t<span>8 fotografije<\/span>\n\t\t\t\t\t\t\t\t<\/h3>\n\t\t\t\t\t\t\t<\/a>\n\t\t\t\t\t\t<\/div>\n\t\t\t\t\t<\/div>\n\t\t\t\t<\/li>\n\t\t\t\t\t\t\t\t\t<li>\n\t\t\t\t\t<div class=\"foogallery-pile\">\n\t\t\t\t\t\t<div class=\"foogallery-pile-inner\">\n\t\t\t\t\t\t\t<a href=\"\/index.php?rest_route=%2Fwp%2Fv2%2Fpages%2F125&#038;gallery=gastro-kup-u-budvi\" target=\"_self\">\n\t\t\t\t\t\t\t\t<img loading=\"lazy\" decoding=\"async\"  src=\"https:\/\/smsigkovacic.me\/wp-content\/uploads\/cache\/2019\/02\/20190222_budva-10\/3727206950.jpg\" width=\"250\" height=\"250\" class=\"skip-lazy\" \/>\t\t\t\t\t\t\t\t\t\t\t\t\t\t\t\t<h3>Gastro kup u Budvi\t\t\t\t\t\t\t\t\t<span>12 fotografije<\/span>\n\t\t\t\t\t\t\t\t<\/h3>\n\t\t\t\t\t\t\t<\/a>\n\t\t\t\t\t\t<\/div>\n\t\t\t\t\t<\/div>\n\t\t\t\t<\/li>\n\t\t\t\t\t\t\t\t\t<li>\n\t\t\t\t\t<div class=\"foogallery-pile\">\n\t\t\t\t\t\t<div class=\"foogallery-pile-inner\">\n\t\t\t\t\t\t\t<a href=\"\/index.php?rest_route=%2Fwp%2Fv2%2Fpages%2F125&#038;gallery=prezentacija-o-transfuziji-krvi\" target=\"_self\">\n\t\t\t\t\t\t\t\t<img loading=\"lazy\" decoding=\"async\"  src=\"https:\/\/smsigkovacic.me\/wp-content\/uploads\/cache\/2019\/02\/20190221_krv-5\/2566996343.jpg\" width=\"250\" height=\"250\" class=\"skip-lazy\" \/>\t\t\t\t\t\t\t\t\t\t\t\t\t\t\t\t<h3>Prezentacija o transfuziji krvi\t\t\t\t\t\t\t\t\t<span>5 fotografije<\/span>\n\t\t\t\t\t\t\t\t<\/h3>\n\t\t\t\t\t\t\t<\/a>\n\t\t\t\t\t\t<\/div>\n\t\t\t\t\t<\/div>\n\t\t\t\t<\/li>\n\t\t\t\t\t\t\t\t\t<li>\n\t\t\t\t\t<div class=\"foogallery-pile\">\n\t\t\t\t\t\t<div class=\"foogallery-pile-inner\">\n\t\t\t\t\t\t\t<a href=\"\/index.php?rest_route=%2Fwp%2Fv2%2Fpages%2F125&#038;gallery=prvo-skolsko-takmicenje-iz-preduzetnistva\" target=\"_self\">\n\t\t\t\t\t\t\t\t<img loading=\"lazy\" decoding=\"async\"  src=\"https:\/\/smsigkovacic.me\/wp-content\/uploads\/cache\/2019\/03\/20190220_preduzetnistvo-4\/3453841667.jpg\" width=\"250\" height=\"250\" class=\"skip-lazy\" \/>\t\t\t\t\t\t\t\t\t\t\t\t\t\t\t\t<h3>Prvo \u0161kolsko takmi\u010denje iz Preduzetni\u0161tva\t\t\t\t\t\t\t\t\t<span>4 fotografije<\/span>\n\t\t\t\t\t\t\t\t<\/h3>\n\t\t\t\t\t\t\t<\/a>\n\t\t\t\t\t\t<\/div>\n\t\t\t\t\t<\/div>\n\t\t\t\t<\/li>\n\t\t\t\t\t\t\t\t\t<li>\n\t\t\t\t\t<div class=\"foogallery-pile\">\n\t\t\t\t\t\t<div class=\"foogallery-pile-inner\">\n\t\t\t\t\t\t\t<a href=\"\/index.php?rest_route=%2Fwp%2Fv2%2Fpages%2F125&#038;gallery=predavanje-tito-feraci-i-valter-venturi\" target=\"_self\">\n\t\t\t\t\t\t\t\t<img loading=\"lazy\" decoding=\"async\"  src=\"https:\/\/smsigkovacic.me\/wp-content\/uploads\/cache\/2019\/02\/20190215_strip-9\/3042708891.jpg\" width=\"250\" height=\"250\" class=\"skip-lazy\" \/>\t\t\t\t\t\t\t\t\t\t\t\t\t\t\t\t<h3>Predavanje: Tito Fera\u0107i i Valter Venturi\t\t\t\t\t\t\t\t\t<span>9 fotografije<\/span>\n\t\t\t\t\t\t\t\t<\/h3>\n\t\t\t\t\t\t\t<\/a>\n\t\t\t\t\t\t<\/div>\n\t\t\t\t\t<\/div>\n\t\t\t\t<\/li>\n\t\t\t\t\t\t\t\t\t<li>\n\t\t\t\t\t<div class=\"foogallery-pile\">\n\t\t\t\t\t\t<div class=\"foogallery-pile-inner\">\n\t\t\t\t\t\t\t<a href=\"\/index.php?rest_route=%2Fwp%2Fv2%2Fpages%2F125&#038;gallery=dan-zaljubljenih\" target=\"_self\">\n\t\t\t\t\t\t\t\t<img loading=\"lazy\" decoding=\"async\"  src=\"https:\/\/smsigkovacic.me\/wp-content\/uploads\/cache\/2019\/02\/20190214_danzaljubljenih-4\/2597864584.jpg\" width=\"250\" height=\"250\" class=\"skip-lazy\" \/>\t\t\t\t\t\t\t\t\t\t\t\t\t\t\t\t<h3>Dan zaljubljenih\t\t\t\t\t\t\t\t\t<span>3 fotografije<\/span>\n\t\t\t\t\t\t\t\t<\/h3>\n\t\t\t\t\t\t\t<\/a>\n\t\t\t\t\t\t<\/div>\n\t\t\t\t\t<\/div>\n\t\t\t\t<\/li>\n\t\t\t\t\t\t\t\t\t<li>\n\t\t\t\t\t<div class=\"foogallery-pile\">\n\t\t\t\t\t\t<div class=\"foogallery-pile-inner\">\n\t\t\t\t\t\t\t<a href=\"\/index.php?rest_route=%2Fwp%2Fv2%2Fpages%2F125&#038;gallery=prezentacija-vojnih-akademija\" target=\"_self\">\n\t\t\t\t\t\t\t\t<img loading=\"lazy\" decoding=\"async\"  src=\"https:\/\/smsigkovacic.me\/wp-content\/uploads\/cache\/2019\/02\/20190213_vojska_prezentacija-6\/1167337272.jpg\" width=\"250\" height=\"250\" class=\"skip-lazy\" \/>\t\t\t\t\t\t\t\t\t\t\t\t\t\t\t\t<h3>Prezentacija vojnih akademija\t\t\t\t\t\t\t\t\t<span>6 fotografije<\/span>\n\t\t\t\t\t\t\t\t<\/h3>\n\t\t\t\t\t\t\t<\/a>\n\t\t\t\t\t\t<\/div>\n\t\t\t\t\t<\/div>\n\t\t\t\t<\/li>\n\t\t\t\t\t\t\t\t\t<li>\n\t\t\t\t\t<div class=\"foogallery-pile\">\n\t\t\t\t\t\t<div class=\"foogallery-pile-inner\">\n\t\t\t\t\t\t\t<a href=\"\/index.php?rest_route=%2Fwp%2Fv2%2Fpages%2F125&#038;gallery=debata-u-svecanoj-sali-skole\" target=\"_self\">\n\t\t\t\t\t\t\t\t<img loading=\"lazy\" decoding=\"async\"  src=\"https:\/\/smsigkovacic.me\/wp-content\/uploads\/cache\/2019\/02\/20190213_debata-10\/2631495455.jpg\" width=\"250\" height=\"250\" class=\"skip-lazy\" \/>\t\t\t\t\t\t\t\t\t\t\t\t\t\t\t\t<h3>Debata u sve\u010danoj sali \u0161kole\t\t\t\t\t\t\t\t\t<span>10 fotografije<\/span>\n\t\t\t\t\t\t\t\t<\/h3>\n\t\t\t\t\t\t\t<\/a>\n\t\t\t\t\t\t<\/div>\n\t\t\t\t\t<\/div>\n\t\t\t\t<\/li>\n\t\t\t\t\t\t\t\t\t<li>\n\t\t\t\t\t<div class=\"foogallery-pile\">\n\t\t\t\t\t\t<div class=\"foogallery-pile-inner\">\n\t\t\t\t\t\t\t<a href=\"\/index.php?rest_route=%2Fwp%2Fv2%2Fpages%2F125&#038;gallery=izlozba-zaustavite-rat-spasite-svijet\" target=\"_self\">\n\t\t\t\t\t\t\t\t<img loading=\"lazy\" decoding=\"async\"  src=\"https:\/\/smsigkovacic.me\/wp-content\/uploads\/cache\/2019\/02\/20190212_izlozba-3-1\/2306850099.jpg\" width=\"250\" height=\"250\" class=\"skip-lazy\" \/>\t\t\t\t\t\t\t\t\t\t\t\t\t\t\t\t<h3>Izlo\u017eba: Zaustavite rat - Spasite svijet\t\t\t\t\t\t\t\t\t<span>17 fotografije<\/span>\n\t\t\t\t\t\t\t\t<\/h3>\n\t\t\t\t\t\t\t<\/a>\n\t\t\t\t\t\t<\/div>\n\t\t\t\t\t<\/div>\n\t\t\t\t<\/li>\n\t\t\t\t\t\t\t\t\t<li>\n\t\t\t\t\t<div class=\"foogallery-pile\">\n\t\t\t\t\t\t<div class=\"foogallery-pile-inner\">\n\t\t\t\t\t\t\t<a href=\"\/index.php?rest_route=%2Fwp%2Fv2%2Fpages%2F125&#038;gallery=drugo-mjesto-u-pripremi-crnog-rizota\" target=\"_self\">\n\t\t\t\t\t\t\t\t<img loading=\"lazy\" decoding=\"async\"  src=\"https:\/\/smsigkovacic.me\/wp-content\/uploads\/cache\/2019\/02\/20190202_baosici-1\/1211961464.jpg\" width=\"250\" height=\"250\" class=\"skip-lazy\" \/>\t\t\t\t\t\t\t\t\t\t\t\t\t\t\t\t<h3>Drugo mjesto u pripremi crnog ri\u017eota\t\t\t\t\t\t\t\t\t<span>6 fotografije<\/span>\n\t\t\t\t\t\t\t\t<\/h3>\n\t\t\t\t\t\t\t<\/a>\n\t\t\t\t\t\t<\/div>\n\t\t\t\t\t<\/div>\n\t\t\t\t<\/li>\n\t\t\t\t\t\t\t\t\t<li>\n\t\t\t\t\t<div class=\"foogallery-pile\">\n\t\t\t\t\t\t<div class=\"foogallery-pile-inner\">\n\t\t\t\t\t\t\t<a href=\"\/index.php?rest_route=%2Fwp%2Fv2%2Fpages%2F125&#038;gallery=zajedno-za-zivotinje\" target=\"_self\">\n\t\t\t\t\t\t\t\t<img loading=\"lazy\" decoding=\"async\"  src=\"https:\/\/smsigkovacic.me\/wp-content\/uploads\/cache\/2018\/12\/20181220_zajednozazivotinje-3-1\/3206256588.jpg\" width=\"250\" height=\"250\" class=\"skip-lazy\" \/>\t\t\t\t\t\t\t\t\t\t\t\t\t\t\t\t<h3>Zajedno za \u017eivotinje\t\t\t\t\t\t\t\t\t<span>5 fotografije<\/span>\n\t\t\t\t\t\t\t\t<\/h3>\n\t\t\t\t\t\t\t<\/a>\n\t\t\t\t\t\t<\/div>\n\t\t\t\t\t<\/div>\n\t\t\t\t<\/li>\n\t\t\t\t\t\t\t\t\t<li>\n\t\t\t\t\t<div class=\"foogallery-pile\">\n\t\t\t\t\t\t<div class=\"foogallery-pile-inner\">\n\t\t\t\t\t\t\t<a href=\"\/index.php?rest_route=%2Fwp%2Fv2%2Fpages%2F125&#038;gallery=mural-vita-nikolica\" target=\"_self\">\n\t\t\t\t\t\t\t\t<img loading=\"lazy\" decoding=\"async\"  src=\"https:\/\/smsigkovacic.me\/wp-content\/uploads\/cache\/2018\/12\/20181212_vito\/4217068948.jpg\" width=\"250\" height=\"250\" class=\"skip-lazy\" \/>\t\t\t\t\t\t\t\t\t\t\t\t\t\t\t\t<h3>Mural Vita Nikoli\u0107a\t\t\t\t\t\t\t\t\t<span>6 fotografije<\/span>\n\t\t\t\t\t\t\t\t<\/h3>\n\t\t\t\t\t\t\t<\/a>\n\t\t\t\t\t\t<\/div>\n\t\t\t\t\t<\/div>\n\t\t\t\t<\/li>\n\t\t\t\t\t\t\t\t\t<li>\n\t\t\t\t\t<div class=\"foogallery-pile\">\n\t\t\t\t\t\t<div class=\"foogallery-pile-inner\">\n\t\t\t\t\t\t\t<a href=\"\/index.php?rest_route=%2Fwp%2Fv2%2Fpages%2F125&#038;gallery=preduzetnistvo-skolsko-takmicenje\" target=\"_self\">\n\t\t\t\t\t\t\t\t<img loading=\"lazy\" decoding=\"async\"  src=\"https:\/\/smsigkovacic.me\/wp-content\/uploads\/cache\/2018\/12\/20181207_preduzetnickiklub-3\/3036385121.jpg\" width=\"250\" height=\"250\" class=\"skip-lazy\" \/>\t\t\t\t\t\t\t\t\t\t\t\t\t\t\t\t<h3>Preduzetni\u0161tvo - \u0161kolsko takmi\u010denje\t\t\t\t\t\t\t\t\t<span>4 fotografije<\/span>\n\t\t\t\t\t\t\t\t<\/h3>\n\t\t\t\t\t\t\t<\/a>\n\t\t\t\t\t\t<\/div>\n\t\t\t\t\t<\/div>\n\t\t\t\t<\/li>\n\t\t\t\t\t\t\t\t\t<li>\n\t\t\t\t\t<div class=\"foogallery-pile\">\n\t\t\t\t\t\t<div class=\"foogallery-pile-inner\">\n\t\t\t\t\t\t\t<a href=\"\/index.php?rest_route=%2Fwp%2Fv2%2Fpages%2F125&#038;gallery=jesenja-festa-u-organizaciji-nvo-ruke\" target=\"_self\">\n\t\t\t\t\t\t\t\t<img loading=\"lazy\" decoding=\"async\"  src=\"https:\/\/smsigkovacic.me\/wp-content\/uploads\/cache\/2018\/11\/20181124_festasipak-3-2\/868202262.jpg\" width=\"250\" height=\"250\" class=\"skip-lazy\" \/>\t\t\t\t\t\t\t\t\t\t\t\t\t\t\t\t<h3>Jesenja fe\u0161ta u organizaciji NVO Ruke\t\t\t\t\t\t\t\t\t<span>18 fotografije<\/span>\n\t\t\t\t\t\t\t\t<\/h3>\n\t\t\t\t\t\t\t<\/a>\n\t\t\t\t\t\t<\/div>\n\t\t\t\t\t<\/div>\n\t\t\t\t<\/li>\n\t\t\t\t\t\t\t\t\t<li>\n\t\t\t\t\t<div class=\"foogallery-pile\">\n\t\t\t\t\t\t<div class=\"foogallery-pile-inner\">\n\t\t\t\t\t\t\t<a href=\"\/index.php?rest_route=%2Fwp%2Fv2%2Fpages%2F125&#038;gallery=likovna-radionica-pripreme-za-jesenju-festu\" target=\"_self\">\n\t\t\t\t\t\t\t\t<img loading=\"lazy\" decoding=\"async\"  src=\"https:\/\/smsigkovacic.me\/wp-content\/uploads\/cache\/2018\/11\/20181122_sipak-4-1\/2279846707.jpg\" width=\"250\" height=\"250\" class=\"skip-lazy\" \/>\t\t\t\t\t\t\t\t\t\t\t\t\t\t\t\t<h3>Likovna radionica - pripreme za jesenju fe\u0161tu\t\t\t\t\t\t\t\t\t<span>7 fotografije<\/span>\n\t\t\t\t\t\t\t\t<\/h3>\n\t\t\t\t\t\t\t<\/a>\n\t\t\t\t\t\t<\/div>\n\t\t\t\t\t<\/div>\n\t\t\t\t<\/li>\n\t\t\t\t\t\t\t\t\t<li>\n\t\t\t\t\t<div class=\"foogallery-pile\">\n\t\t\t\t\t\t<div class=\"foogallery-pile-inner\">\n\t\t\t\t\t\t\t<a href=\"\/index.php?rest_route=%2Fwp%2Fv2%2Fpages%2F125&#038;gallery=preduzetnicki-klub-artcraft-u-baru\" target=\"_self\">\n\t\t\t\t\t\t\t\t<img loading=\"lazy\" decoding=\"async\"  src=\"https:\/\/smsigkovacic.me\/wp-content\/uploads\/cache\/2018\/11\/20181116_artandcraft_u_baru-2_1\/715498001.jpg\" width=\"250\" height=\"250\" class=\"skip-lazy\" \/>\t\t\t\t\t\t\t\t\t\t\t\t\t\t\t\t<h3>Preduzetni\u010dki klub &quot;Art&amp;Craft&quot; u Baru\t\t\t\t\t\t\t\t\t<span>4 fotografije<\/span>\n\t\t\t\t\t\t\t\t<\/h3>\n\t\t\t\t\t\t\t<\/a>\n\t\t\t\t\t\t<\/div>\n\t\t\t\t\t<\/div>\n\t\t\t\t<\/li>\n\t\t\t\t\t\t\t\t\t<li>\n\t\t\t\t\t<div class=\"foogallery-pile\">\n\t\t\t\t\t\t<div class=\"foogallery-pile-inner\">\n\t\t\t\t\t\t\t<a href=\"\/index.php?rest_route=%2Fwp%2Fv2%2Fpages%2F125&#038;gallery=tim-moretro-na-56-medunarodnom-sajmu-namjestaja\" target=\"_self\">\n\t\t\t\t\t\t\t\t<img loading=\"lazy\" decoding=\"async\"  src=\"https:\/\/smsigkovacic.me\/wp-content\/uploads\/cache\/2018\/11\/20181112_sajamnamjestaja-8\/114884055.jpg\" width=\"250\" height=\"250\" class=\"skip-lazy\" \/>\t\t\t\t\t\t\t\t\t\t\t\t\t\t\t\t<h3>Tim &quot;Moretro&quot; na 56. Me\u0111unarodnom sajmu name\u0161taja\t\t\t\t\t\t\t\t\t<span>8 fotografije<\/span>\n\t\t\t\t\t\t\t\t<\/h3>\n\t\t\t\t\t\t\t<\/a>\n\t\t\t\t\t\t<\/div>\n\t\t\t\t\t<\/div>\n\t\t\t\t<\/li>\n\t\t\t\t\t\t\t\t\t<li>\n\t\t\t\t\t<div class=\"foogallery-pile\">\n\t\t\t\t\t\t<div class=\"foogallery-pile-inner\">\n\t\t\t\t\t\t\t<a href=\"\/index.php?rest_route=%2Fwp%2Fv2%2Fpages%2F125&#038;gallery=debata-u-moskvi\" target=\"_self\">\n\t\t\t\t\t\t\t\t<img loading=\"lazy\" decoding=\"async\"  src=\"https:\/\/smsigkovacic.me\/wp-content\/uploads\/cache\/2018\/10\/20181021_debataMoskva-4\/1892540095.jpg\" width=\"250\" height=\"250\" class=\"skip-lazy\" \/>\t\t\t\t\t\t\t\t\t\t\t\t\t\t\t\t<h3>Debata u Moskvi\t\t\t\t\t\t\t\t\t<span>4 fotografije<\/span>\n\t\t\t\t\t\t\t\t<\/h3>\n\t\t\t\t\t\t\t<\/a>\n\t\t\t\t\t\t<\/div>\n\t\t\t\t\t<\/div>\n\t\t\t\t<\/li>\n\t\t\t\t\t\t\t\t\t<li>\n\t\t\t\t\t<div class=\"foogallery-pile\">\n\t\t\t\t\t\t<div class=\"foogallery-pile-inner\">\n\t\t\t\t\t\t\t<a href=\"\/index.php?rest_route=%2Fwp%2Fv2%2Fpages%2F125&#038;gallery=posjeta-cetinju-povodoma-dana-muzickog-obrazovanja\" target=\"_self\">\n\t\t\t\t\t\t\t\t<img loading=\"lazy\" decoding=\"async\"  src=\"https:\/\/smsigkovacic.me\/wp-content\/uploads\/cache\/2018\/10\/20181015_danmuzickogobrazovanja-7\/4267558630.jpg\" width=\"250\" height=\"250\" class=\"skip-lazy\" \/>\t\t\t\t\t\t\t\t\t\t\t\t\t\t\t\t<h3>Posjeta Cetinju povodoma Dana muzi\u010dkog obrazovanja\t\t\t\t\t\t\t\t\t<span>7 fotografije<\/span>\n\t\t\t\t\t\t\t\t<\/h3>\n\t\t\t\t\t\t\t<\/a>\n\t\t\t\t\t\t<\/div>\n\t\t\t\t\t<\/div>\n\t\t\t\t<\/li>\n\t\t\t\t\t\t\t\t\t<li>\n\t\t\t\t\t<div class=\"foogallery-pile\">\n\t\t\t\t\t\t<div class=\"foogallery-pile-inner\">\n\t\t\t\t\t\t\t<a href=\"\/index.php?rest_route=%2Fwp%2Fv2%2Fpages%2F125&#038;gallery=gatus-2018\" target=\"_self\">\n\t\t\t\t\t\t\t\t<img loading=\"lazy\" decoding=\"async\"  src=\"https:\/\/smsigkovacic.me\/wp-content\/uploads\/cache\/2018\/10\/20180930_gatus-beograd-2\/3276844671.jpg\" width=\"250\" height=\"250\" class=\"skip-lazy\" \/>\t\t\t\t\t\t\t\t\t\t\t\t\t\t\t\t<h3>Gatus 2018\t\t\t\t\t\t\t\t\t<span>12 fotografije<\/span>\n\t\t\t\t\t\t\t\t<\/h3>\n\t\t\t\t\t\t\t<\/a>\n\t\t\t\t\t\t<\/div>\n\t\t\t\t\t<\/div>\n\t\t\t\t<\/li>\n\t\t\t\t\t\t\t\t\t<li>\n\t\t\t\t\t<div class=\"foogallery-pile\">\n\t\t\t\t\t\t<div class=\"foogallery-pile-inner\">\n\t\t\t\t\t\t\t<a href=\"\/index.php?rest_route=%2Fwp%2Fv2%2Fpages%2F125&#038;gallery=murala-u-dvoristu-skole\" target=\"_self\">\n\t\t\t\t\t\t\t\t<img loading=\"lazy\" decoding=\"async\"  src=\"https:\/\/smsigkovacic.me\/wp-content\/uploads\/cache\/2018\/10\/20180917_mural-1\/182479608.jpg\" width=\"250\" height=\"250\" class=\"skip-lazy\" \/>\t\t\t\t\t\t\t\t\t\t\t\t\t\t\t\t<h3>Murala u dvori\u0161tu \u0161kole\t\t\t\t\t\t\t\t\t<span>11 fotografije<\/span>\n\t\t\t\t\t\t\t\t<\/h3>\n\t\t\t\t\t\t\t<\/a>\n\t\t\t\t\t\t<\/div>\n\t\t\t\t\t<\/div>\n\t\t\t\t<\/li>\n\t\t\t\t\t\t\t\t\t<li>\n\t\t\t\t\t<div class=\"foogallery-pile\">\n\t\t\t\t\t\t<div class=\"foogallery-pile-inner\">\n\t\t\t\t\t\t\t<a href=\"\/index.php?rest_route=%2Fwp%2Fv2%2Fpages%2F125&#038;gallery=prezentacija-nase-skole-u-budvi\" target=\"_self\">\n\t\t\t\t\t\t\t\t<img loading=\"lazy\" decoding=\"async\"  src=\"https:\/\/smsigkovacic.me\/wp-content\/uploads\/cache\/2018\/05\/20180529_prezentacija-u-budvi-4\/4110769857.jpg\" width=\"250\" height=\"250\" class=\"skip-lazy\" \/>\t\t\t\t\t\t\t\t\t\t\t\t\t\t\t\t<h3>Prezentacija na\u0161e \u0161kole u Budvi\t\t\t\t\t\t\t\t\t<span>4 fotografije<\/span>\n\t\t\t\t\t\t\t\t<\/h3>\n\t\t\t\t\t\t\t<\/a>\n\t\t\t\t\t\t<\/div>\n\t\t\t\t\t<\/div>\n\t\t\t\t<\/li>\n\t\t\t\t\t\t\t\t\t<li>\n\t\t\t\t\t<div class=\"foogallery-pile\">\n\t\t\t\t\t\t<div class=\"foogallery-pile-inner\">\n\t\t\t\t\t\t\t<a href=\"\/index.php?rest_route=%2Fwp%2Fv2%2Fpages%2F125&#038;gallery=nagrade-i-diplome-za-najbolje\" target=\"_self\">\n\t\t\t\t\t\t\t\t<img loading=\"lazy\" decoding=\"async\"  src=\"https:\/\/smsigkovacic.me\/wp-content\/uploads\/cache\/2018\/06\/20180530_nagrade-idiplome-52\/3956322500.jpg\" width=\"250\" height=\"250\" class=\"skip-lazy\" \/>\t\t\t\t\t\t\t\t\t\t\t\t\t\t\t\t<h3>Nagrade i Diplome za najbolje\t\t\t\t\t\t\t\t\t<span>59 fotografije<\/span>\n\t\t\t\t\t\t\t\t<\/h3>\n\t\t\t\t\t\t\t<\/a>\n\t\t\t\t\t\t<\/div>\n\t\t\t\t\t<\/div>\n\t\t\t\t<\/li>\n\t\t\t\t\t\t\t\t\t<li>\n\t\t\t\t\t<div class=\"foogallery-pile\">\n\t\t\t\t\t\t<div class=\"foogallery-pile-inner\">\n\t\t\t\t\t\t\t<a href=\"\/index.php?rest_route=%2Fwp%2Fv2%2Fpages%2F125&#038;gallery=defile\" target=\"_self\">\n\t\t\t\t\t\t\t\t<img loading=\"lazy\" decoding=\"async\"  src=\"https:\/\/smsigkovacic.me\/wp-content\/uploads\/cache\/2018\/05\/20180525_defile1\/307040953.jpg\" width=\"250\" height=\"250\" class=\"skip-lazy\" \/>\t\t\t\t\t\t\t\t\t\t\t\t\t\t\t\t<h3>Defile\t\t\t\t\t\t\t\t\t<span>9 fotografije<\/span>\n\t\t\t\t\t\t\t\t<\/h3>\n\t\t\t\t\t\t\t<\/a>\n\t\t\t\t\t\t<\/div>\n\t\t\t\t\t<\/div>\n\t\t\t\t<\/li>\n\t\t\t\t\t\t\t\t\t<li>\n\t\t\t\t\t<div class=\"foogallery-pile\">\n\t\t\t\t\t\t<div class=\"foogallery-pile-inner\">\n\t\t\t\t\t\t\t<a href=\"\/index.php?rest_route=%2Fwp%2Fv2%2Fpages%2F125&#038;gallery=kvadrila-2018\" target=\"_self\">\n\t\t\t\t\t\t\t\t<img loading=\"lazy\" decoding=\"async\"  src=\"https:\/\/smsigkovacic.me\/wp-content\/uploads\/cache\/2018\/06\/20180518_kvadrilaa-10\/4024468434.jpg\" width=\"250\" height=\"250\" class=\"skip-lazy\" \/>\t\t\t\t\t\t\t\t\t\t\t\t\t\t\t\t<h3>Kvadrila 2018\t\t\t\t\t\t\t\t\t<span>10 fotografije<\/span>\n\t\t\t\t\t\t\t\t<\/h3>\n\t\t\t\t\t\t\t<\/a>\n\t\t\t\t\t\t<\/div>\n\t\t\t\t\t<\/div>\n\t\t\t\t<\/li>\n\t\t\t\t\t\t\t\t\t<li>\n\t\t\t\t\t<div class=\"foogallery-pile\">\n\t\t\t\t\t\t<div class=\"foogallery-pile-inner\">\n\t\t\t\t\t\t\t<a href=\"\/index.php?rest_route=%2Fwp%2Fv2%2Fpages%2F125&#038;gallery=primavera\" target=\"_self\">\n\t\t\t\t\t\t\t\t<img loading=\"lazy\" decoding=\"async\"  src=\"https:\/\/smsigkovacic.me\/wp-content\/uploads\/cache\/2018\/05\/20180513_primavera-5-1\/3393003873.jpg\" width=\"250\" height=\"250\" class=\"skip-lazy\" \/>\t\t\t\t\t\t\t\t\t\t\t\t\t\t\t\t<h3>Primavera\t\t\t\t\t\t\t\t\t<span>17 fotografije<\/span>\n\t\t\t\t\t\t\t\t<\/h3>\n\t\t\t\t\t\t\t<\/a>\n\t\t\t\t\t\t<\/div>\n\t\t\t\t\t<\/div>\n\t\t\t\t<\/li>\n\t\t\t\t\t\t\t\t\t<li>\n\t\t\t\t\t<div class=\"foogallery-pile\">\n\t\t\t\t\t\t<div class=\"foogallery-pile-inner\">\n\t\t\t\t\t\t\t<a href=\"\/index.php?rest_route=%2Fwp%2Fv2%2Fpages%2F125&#038;gallery=ucenici-ugostiteljske-skole-na-festi-primavera\" target=\"_self\">\n\t\t\t\t\t\t\t\t<img loading=\"lazy\" decoding=\"async\"  src=\"https:\/\/smsigkovacic.me\/wp-content\/uploads\/cache\/2018\/05\/20180513_primaveraOrion-12\/3967328947.jpg\" width=\"250\" height=\"250\" class=\"skip-lazy\" \/>\t\t\t\t\t\t\t\t\t\t\t\t\t\t\t\t<h3>U\u010denici ugostiteljske \u0161kole na fe\u0161ti Primavera\t\t\t\t\t\t\t\t\t<span>12 fotografije<\/span>\n\t\t\t\t\t\t\t\t<\/h3>\n\t\t\t\t\t\t\t<\/a>\n\t\t\t\t\t\t<\/div>\n\t\t\t\t\t<\/div>\n\t\t\t\t<\/li>\n\t\t\t\t\t\t\t\t\t<li>\n\t\t\t\t\t<div class=\"foogallery-pile\">\n\t\t\t\t\t\t<div class=\"foogallery-pile-inner\">\n\t\t\t\t\t\t\t<a href=\"\/index.php?rest_route=%2Fwp%2Fv2%2Fpages%2F125&#038;gallery=skolsko-takmicenje-turisticke-skole\" target=\"_self\">\n\t\t\t\t\t\t\t\t<img loading=\"lazy\" decoding=\"async\"  src=\"https:\/\/smsigkovacic.me\/wp-content\/uploads\/cache\/2018\/04\/20180427_turistitakmicenje-11\/3514995519.jpg\" width=\"250\" height=\"250\" class=\"skip-lazy\" \/>\t\t\t\t\t\t\t\t\t\t\t\t\t\t\t\t<h3>\u0160kolsko takmi\u010denje turisti\u010dke \u0161kole\t\t\t\t\t\t\t\t\t<span>11 fotografije<\/span>\n\t\t\t\t\t\t\t\t<\/h3>\n\t\t\t\t\t\t\t<\/a>\n\t\t\t\t\t\t<\/div>\n\t\t\t\t\t<\/div>\n\t\t\t\t<\/li>\n\t\t\t\t\t\t\t\t\t<li>\n\t\t\t\t\t<div class=\"foogallery-pile\">\n\t\t\t\t\t\t<div class=\"foogallery-pile-inner\">\n\t\t\t\t\t\t\t<a href=\"\/index.php?rest_route=%2Fwp%2Fv2%2Fpages%2F125&#038;gallery=trece-skolsko-takmicenje-frizera\" target=\"_self\">\n\t\t\t\t\t\t\t\t<img loading=\"lazy\" decoding=\"async\"  src=\"https:\/\/smsigkovacic.me\/wp-content\/uploads\/cache\/2018\/04\/20180425_frizeri-8\/3370210846.jpg\" width=\"250\" height=\"250\" class=\"skip-lazy\" \/>\t\t\t\t\t\t\t\t\t\t\t\t\t\t\t\t<h3>Tre\u0107e \u0161kolsko takmi\u010denje frizera\t\t\t\t\t\t\t\t\t<span>8 fotografije<\/span>\n\t\t\t\t\t\t\t\t<\/h3>\n\t\t\t\t\t\t\t<\/a>\n\t\t\t\t\t\t<\/div>\n\t\t\t\t\t<\/div>\n\t\t\t\t<\/li>\n\t\t\t\t\t\t\t\t\t<li>\n\t\t\t\t\t<div class=\"foogallery-pile\">\n\t\t\t\t\t\t<div class=\"foogallery-pile-inner\">\n\t\t\t\t\t\t\t<a href=\"\/index.php?rest_route=%2Fwp%2Fv2%2Fpages%2F125&#038;gallery=dan-planete-zemlje\" target=\"_self\">\n\t\t\t\t\t\t\t\t<img loading=\"lazy\" decoding=\"async\"  src=\"https:\/\/smsigkovacic.me\/wp-content\/uploads\/cache\/2018\/04\/20180422_danplanetezemlje-4\/274106261.jpg\" width=\"250\" height=\"250\" class=\"skip-lazy\" \/>\t\t\t\t\t\t\t\t\t\t\t\t\t\t\t\t<h3>Dan planete Zemlje\t\t\t\t\t\t\t\t\t<span>4 fotografije<\/span>\n\t\t\t\t\t\t\t\t<\/h3>\n\t\t\t\t\t\t\t<\/a>\n\t\t\t\t\t\t<\/div>\n\t\t\t\t\t<\/div>\n\t\t\t\t<\/li>\n\t\t\t\t\t\t\t\t\t<li>\n\t\t\t\t\t<div class=\"foogallery-pile\">\n\t\t\t\t\t\t<div class=\"foogallery-pile-inner\">\n\t\t\t\t\t\t\t<a href=\"\/index.php?rest_route=%2Fwp%2Fv2%2Fpages%2F125&#038;gallery=debateri-u-bratislavi\" target=\"_self\">\n\t\t\t\t\t\t\t\t<img loading=\"lazy\" decoding=\"async\"  src=\"https:\/\/smsigkovacic.me\/wp-content\/uploads\/cache\/2018\/04\/20180416_debatabratislava-5\/3599392276.jpg\" width=\"250\" height=\"250\" class=\"skip-lazy\" \/>\t\t\t\t\t\t\t\t\t\t\t\t\t\t\t\t<h3>Debateri u Bratislavi\t\t\t\t\t\t\t\t\t<span>5 fotografije<\/span>\n\t\t\t\t\t\t\t\t<\/h3>\n\t\t\t\t\t\t\t<\/a>\n\t\t\t\t\t\t<\/div>\n\t\t\t\t\t<\/div>\n\t\t\t\t<\/li>\n\t\t\t\t\t\t\t\t\t<li>\n\t\t\t\t\t<div class=\"foogallery-pile\">\n\t\t\t\t\t\t<div class=\"foogallery-pile-inner\">\n\t\t\t\t\t\t\t<a href=\"\/index.php?rest_route=%2Fwp%2Fv2%2Fpages%2F125&#038;gallery=likovna-radionioca-u-okviru-haps-a\" target=\"_self\">\n\t\t\t\t\t\t\t\t<img loading=\"lazy\" decoding=\"async\"  src=\"https:\/\/smsigkovacic.me\/wp-content\/uploads\/cache\/2018\/04\/20180420_likovnaradionic-12\/588221236.jpg\" width=\"250\" height=\"250\" class=\"skip-lazy\" \/>\t\t\t\t\t\t\t\t\t\t\t\t\t\t\t\t<h3>Likovna radionioca u okviru HAPS-a\t\t\t\t\t\t\t\t\t<span>12 fotografije<\/span>\n\t\t\t\t\t\t\t\t<\/h3>\n\t\t\t\t\t\t\t<\/a>\n\t\t\t\t\t\t<\/div>\n\t\t\t\t\t<\/div>\n\t\t\t\t<\/li>\n\t\t\t\t\t\t\t\t\t<li>\n\t\t\t\t\t<div class=\"foogallery-pile\">\n\t\t\t\t\t\t<div class=\"foogallery-pile-inner\">\n\t\t\t\t\t\t\t<a href=\"\/index.php?rest_route=%2Fwp%2Fv2%2Fpages%2F125&#038;gallery=drzavno-takmicenje-u-kosarci\" target=\"_self\">\n\t\t\t\t\t\t\t\t<img loading=\"lazy\" decoding=\"async\"  src=\"https:\/\/smsigkovacic.me\/wp-content\/uploads\/cache\/2018\/04\/20180418_skolskisport-2\/3032687539.jpg\" width=\"250\" height=\"250\" class=\"skip-lazy\" \/>\t\t\t\t\t\t\t\t\t\t\t\t\t\t\t\t<h3>Dr\u017eavno takmi\u010denje u ko\u0161arci\t\t\t\t\t\t\t\t\t<span>2 fotografije<\/span>\n\t\t\t\t\t\t\t\t<\/h3>\n\t\t\t\t\t\t\t<\/a>\n\t\t\t\t\t\t<\/div>\n\t\t\t\t\t<\/div>\n\t\t\t\t<\/li>\n\t\t\t\t\t\t\t\t\t<li>\n\t\t\t\t\t<div class=\"foogallery-pile\">\n\t\t\t\t\t\t<div class=\"foogallery-pile-inner\">\n\t\t\t\t\t\t\t<a href=\"\/index.php?rest_route=%2Fwp%2Fv2%2Fpages%2F125&#038;gallery=1098\" target=\"_self\">\n\t\t\t\t\t\t\t\t<img loading=\"lazy\" decoding=\"async\"  src=\"https:\/\/smsigkovacic.me\/wp-content\/uploads\/cache\/2018\/04\/20180413_dodjelapriznanja\/755532508.jpg\" width=\"250\" height=\"250\" class=\"skip-lazy\" \/>\t\t\t\t\t\t\t\t\t\t\t\t\t\t\t\t<h3>U\u010denici na prijemu u Op\u0161tini\t\t\t\t\t\t\t\t\t<span>3 fotografije<\/span>\n\t\t\t\t\t\t\t\t<\/h3>\n\t\t\t\t\t\t\t<\/a>\n\t\t\t\t\t\t<\/div>\n\t\t\t\t\t<\/div>\n\t\t\t\t<\/li>\n\t\t\t\t\t\t\t\t\t<li>\n\t\t\t\t\t<div class=\"foogallery-pile\">\n\t\t\t\t\t\t<div class=\"foogallery-pile-inner\">\n\t\t\t\t\t\t\t<a href=\"\/index.php?rest_route=%2Fwp%2Fv2%2Fpages%2F125&#038;gallery=sipak-iz-vizure-srednjoskolaca\" target=\"_self\">\n\t\t\t\t\t\t\t\t<img loading=\"lazy\" decoding=\"async\"  src=\"https:\/\/smsigkovacic.me\/wp-content\/uploads\/cache\/2018\/03\/20180315_izlozbaInstitut-15\/2038088599.jpg\" width=\"250\" height=\"250\" class=\"skip-lazy\" \/>\t\t\t\t\t\t\t\t\t\t\t\t\t\t\t\t<h3>\u0160ipak iz vizure srednjo\u0161kolaca\t\t\t\t\t\t\t\t\t<span>15 fotografije<\/span>\n\t\t\t\t\t\t\t\t<\/h3>\n\t\t\t\t\t\t\t<\/a>\n\t\t\t\t\t\t<\/div>\n\t\t\t\t\t<\/div>\n\t\t\t\t<\/li>\n\t\t\t\t\t\t\t\t\t<li>\n\t\t\t\t\t<div class=\"foogallery-pile\">\n\t\t\t\t\t\t<div class=\"foogallery-pile-inner\">\n\t\t\t\t\t\t\t<a href=\"\/index.php?rest_route=%2Fwp%2Fv2%2Fpages%2F125&#038;gallery=prezentacija-predstavnike-instituta-konfucije\" target=\"_self\">\n\t\t\t\t\t\t\t\t<img loading=\"lazy\" decoding=\"async\"  src=\"https:\/\/smsigkovacic.me\/wp-content\/uploads\/cache\/2018\/03\/20180309_prezentacijakina-12\/4178663249.jpg\" width=\"250\" height=\"250\" class=\"skip-lazy\" \/>\t\t\t\t\t\t\t\t\t\t\t\t\t\t\t\t<h3>Prezentacija predstavnika Instituta Konfucije\t\t\t\t\t\t\t\t\t<span>14 fotografije<\/span>\n\t\t\t\t\t\t\t\t<\/h3>\n\t\t\t\t\t\t\t<\/a>\n\t\t\t\t\t\t<\/div>\n\t\t\t\t\t<\/div>\n\t\t\t\t<\/li>\n\t\t\t\t\t\t\t\t\t<li>\n\t\t\t\t\t<div class=\"foogallery-pile\">\n\t\t\t\t\t\t<div class=\"foogallery-pile-inner\">\n\t\t\t\t\t\t\t<a href=\"\/index.php?rest_route=%2Fwp%2Fv2%2Fpages%2F125&#038;gallery=valentinovo\" target=\"_self\">\n\t\t\t\t\t\t\t\t<img loading=\"lazy\" decoding=\"async\"  src=\"https:\/\/smsigkovacic.me\/wp-content\/uploads\/cache\/2018\/02\/20180214_valentinovo-15\/746580338.jpg\" width=\"250\" height=\"250\" class=\"skip-lazy\" \/>\t\t\t\t\t\t\t\t\t\t\t\t\t\t\t\t<h3>Valentinovo\t\t\t\t\t\t\t\t\t<span>15 fotografije<\/span>\n\t\t\t\t\t\t\t\t<\/h3>\n\t\t\t\t\t\t\t<\/a>\n\t\t\t\t\t\t<\/div>\n\t\t\t\t\t<\/div>\n\t\t\t\t<\/li>\n\t\t\t\t\t\t\t\t\t<li>\n\t\t\t\t\t<div class=\"foogallery-pile\">\n\t\t\t\t\t\t<div class=\"foogallery-pile-inner\">\n\t\t\t\t\t\t\t<a href=\"\/index.php?rest_route=%2Fwp%2Fv2%2Fpages%2F125&#038;gallery=izlozba-cvijeca-novski-dardin\" target=\"_self\">\n\t\t\t\t\t\t\t\t<img loading=\"lazy\" decoding=\"async\"  src=\"https:\/\/smsigkovacic.me\/wp-content\/uploads\/cache\/2018\/02\/20180211_izlozba3\/3039105406.jpg\" width=\"250\" height=\"250\" class=\"skip-lazy\" \/>\t\t\t\t\t\t\t\t\t\t\t\t\t\t\t\t<h3>Izlo\u017eba cvije\u0107a \u201cNovski \u0111ardin\u201d\t\t\t\t\t\t\t\t\t<span>3 fotografije<\/span>\n\t\t\t\t\t\t\t\t<\/h3>\n\t\t\t\t\t\t\t<\/a>\n\t\t\t\t\t\t<\/div>\n\t\t\t\t\t<\/div>\n\t\t\t\t<\/li>\n\t\t\t\t\t\t\t\t\t<li>\n\t\t\t\t\t<div class=\"foogallery-pile\">\n\t\t\t\t\t\t<div class=\"foogallery-pile-inner\">\n\t\t\t\t\t\t\t<a href=\"\/index.php?rest_route=%2Fwp%2Fv2%2Fpages%2F125&#038;gallery=debata-u-skoli\" target=\"_self\">\n\t\t\t\t\t\t\t\t<img loading=\"lazy\" decoding=\"async\"  src=\"https:\/\/smsigkovacic.me\/wp-content\/uploads\/cache\/2018\/02\/20180207_debata-4\/2574791314.jpg\" width=\"250\" height=\"250\" class=\"skip-lazy\" \/>\t\t\t\t\t\t\t\t\t\t\t\t\t\t\t\t<h3>Debata u \u0161koli\t\t\t\t\t\t\t\t\t<span>4 fotografije<\/span>\n\t\t\t\t\t\t\t\t<\/h3>\n\t\t\t\t\t\t\t<\/a>\n\t\t\t\t\t\t<\/div>\n\t\t\t\t\t<\/div>\n\t\t\t\t<\/li>\n\t\t\t\t\t\t\t\t\t<li>\n\t\t\t\t\t<div class=\"foogallery-pile\">\n\t\t\t\t\t\t<div class=\"foogallery-pile-inner\">\n\t\t\t\t\t\t\t<a href=\"\/index.php?rest_route=%2Fwp%2Fv2%2Fpages%2F125&#038;gallery=maska-gori-vatra\" target=\"_self\">\n\t\t\t\t\t\t\t\t<img loading=\"lazy\" decoding=\"async\"  src=\"https:\/\/smsigkovacic.me\/wp-content\/uploads\/cache\/2018\/02\/20180203_maskenbal-2\/1182709040.jpg\" width=\"250\" height=\"250\" class=\"skip-lazy\" \/>\t\t\t\t\t\t\t\t\t\t\t\t\t\t\t\t<h3>Maska &quot;Gori vatra&quot;\t\t\t\t\t\t\t\t\t<span>2 fotografije<\/span>\n\t\t\t\t\t\t\t\t<\/h3>\n\t\t\t\t\t\t\t<\/a>\n\t\t\t\t\t\t<\/div>\n\t\t\t\t\t<\/div>\n\t\t\t\t<\/li>\n\t\t\t\t\t\t\t\t\t<li>\n\t\t\t\t\t<div class=\"foogallery-pile\">\n\t\t\t\t\t\t<div class=\"foogallery-pile-inner\">\n\t\t\t\t\t\t\t<a href=\"\/index.php?rest_route=%2Fwp%2Fv2%2Fpages%2F125&#038;gallery=takmicenje-ugostiteljskih-skola-u-budvi\" target=\"_self\">\n\t\t\t\t\t\t\t\t<img loading=\"lazy\" decoding=\"async\"  src=\"https:\/\/smsigkovacic.me\/wp-content\/uploads\/cache\/2018\/02\/20180203_budva-3\/1465138523.jpg\" width=\"250\" height=\"250\" class=\"skip-lazy\" \/>\t\t\t\t\t\t\t\t\t\t\t\t\t\t\t\t<h3>Takmi\u010denje ugostiteljskih \u0161kola u Budvi\t\t\t\t\t\t\t\t\t<span>4 fotografije<\/span>\n\t\t\t\t\t\t\t\t<\/h3>\n\t\t\t\t\t\t\t<\/a>\n\t\t\t\t\t\t<\/div>\n\t\t\t\t\t<\/div>\n\t\t\t\t<\/li>\n\t\t\t\t\t\t\t\t\t<li>\n\t\t\t\t\t<div class=\"foogallery-pile\">\n\t\t\t\t\t\t<div class=\"foogallery-pile-inner\">\n\t\t\t\t\t\t\t<a href=\"\/index.php?rest_route=%2Fwp%2Fv2%2Fpages%2F125&#038;gallery=sajam-turizma-u-ljubljani\" target=\"_self\">\n\t\t\t\t\t\t\t\t<img loading=\"lazy\" decoding=\"async\"  src=\"https:\/\/smsigkovacic.me\/wp-content\/uploads\/cache\/2018\/02\/20180201_ljubljana-2\/963888803.jpg\" width=\"250\" height=\"250\" class=\"skip-lazy\" \/>\t\t\t\t\t\t\t\t\t\t\t\t\t\t\t\t<h3>Sajam turizma u Ljubljani\t\t\t\t\t\t\t\t\t<span>4 fotografije<\/span>\n\t\t\t\t\t\t\t\t<\/h3>\n\t\t\t\t\t\t\t<\/a>\n\t\t\t\t\t\t<\/div>\n\t\t\t\t\t<\/div>\n\t\t\t\t<\/li>\n\t\t\t\t\t\t\t\t\t<li>\n\t\t\t\t\t<div class=\"foogallery-pile\">\n\t\t\t\t\t\t<div class=\"foogallery-pile-inner\">\n\t\t\t\t\t\t\t<a href=\"\/index.php?rest_route=%2Fwp%2Fv2%2Fpages%2F125&#038;gallery=male-feste-od-narance\" target=\"_self\">\n\t\t\t\t\t\t\t\t<img loading=\"lazy\" decoding=\"async\"  src=\"https:\/\/smsigkovacic.me\/wp-content\/uploads\/cache\/2018\/01\/20180128_festanarandza-1\/2144651130.jpg\" width=\"250\" height=\"250\" class=\"skip-lazy\" \/>\t\t\t\t\t\t\t\t\t\t\t\t\t\t\t\t<h3>Male fe\u0161te od naran\u010de\t\t\t\t\t\t\t\t\t<span>4 fotografije<\/span>\n\t\t\t\t\t\t\t\t<\/h3>\n\t\t\t\t\t\t\t<\/a>\n\t\t\t\t\t\t<\/div>\n\t\t\t\t\t<\/div>\n\t\t\t\t<\/li>\n\t\t\t\t\t\t\t\t\t<li>\n\t\t\t\t\t<div class=\"foogallery-pile\">\n\t\t\t\t\t\t<div class=\"foogallery-pile-inner\">\n\t\t\t\t\t\t\t<a href=\"\/index.php?rest_route=%2Fwp%2Fv2%2Fpages%2F125&#038;gallery=saradnjom-do-demokratske-kulture\" target=\"_self\">\n\t\t\t\t\t\t\t\t<img loading=\"lazy\" decoding=\"async\"  src=\"https:\/\/smsigkovacic.me\/wp-content\/uploads\/cache\/2018\/01\/20171222_KNJIzEVNO-VEcE2\/1206565509.jpg\" width=\"250\" height=\"250\" class=\"skip-lazy\" \/>\t\t\t\t\t\t\t\t\t\t\t\t\t\t\t\t<h3>SARADNJOM DO DEMOKRATSKE KULTURE\t\t\t\t\t\t\t\t\t<span>7 fotografije<\/span>\n\t\t\t\t\t\t\t\t<\/h3>\n\t\t\t\t\t\t\t<\/a>\n\t\t\t\t\t\t<\/div>\n\t\t\t\t\t<\/div>\n\t\t\t\t<\/li>\n\t\t\t\t\t\t\t\t\t<li>\n\t\t\t\t\t<div class=\"foogallery-pile\">\n\t\t\t\t\t\t<div class=\"foogallery-pile-inner\">\n\t\t\t\t\t\t\t<a href=\"\/index.php?rest_route=%2Fwp%2Fv2%2Fpages%2F125&#038;gallery=seksualno-ponasanja-mladih-i-reproduktivno-zdravlje\" target=\"_self\">\n\t\t\t\t\t\t\t\t<img loading=\"lazy\" decoding=\"async\"  src=\"https:\/\/smsigkovacic.me\/wp-content\/uploads\/cache\/2018\/01\/20171129_seksualnoponasanjemladih-2-1\/3224445938.jpg\" width=\"250\" height=\"250\" class=\"skip-lazy\" \/>\t\t\t\t\t\t\t\t\t\t\t\t\t\t\t\t<h3>Seksualno pona\u0161anja mladih i reproduktivno zdravlje\t\t\t\t\t\t\t\t\t<span>7 fotografije<\/span>\n\t\t\t\t\t\t\t\t<\/h3>\n\t\t\t\t\t\t\t<\/a>\n\t\t\t\t\t\t<\/div>\n\t\t\t\t\t<\/div>\n\t\t\t\t<\/li>\n\t\t\t\t\t\t\t\t\t<li>\n\t\t\t\t\t<div class=\"foogallery-pile\">\n\t\t\t\t\t\t<div class=\"foogallery-pile-inner\">\n\t\t\t\t\t\t\t<a href=\"\/index.php?rest_route=%2Fwp%2Fv2%2Fpages%2F125&#038;gallery=debateri-u-moskvi\" target=\"_self\">\n\t\t\t\t\t\t\t\t<img loading=\"lazy\" decoding=\"async\"  src=\"https:\/\/smsigkovacic.me\/wp-content\/uploads\/cache\/fotogalerija\/do2018\/20171015_debataumoskvi\/20171015_debateri%20u%20moskvi%20(4)\/2084528307.jpg\" width=\"250\" height=\"250\" class=\"skip-lazy\" \/>\t\t\t\t\t\t\t\t\t\t\t\t\t\t\t\t<h3>Debateri u Moskvi\t\t\t\t\t\t\t\t\t<span>4 fotografije<\/span>\n\t\t\t\t\t\t\t\t<\/h3>\n\t\t\t\t\t\t\t<\/a>\n\t\t\t\t\t\t<\/div>\n\t\t\t\t\t<\/div>\n\t\t\t\t<\/li>\n\t\t\t\t\t\t\t\t\t<li>\n\t\t\t\t\t<div class=\"foogallery-pile\">\n\t\t\t\t\t\t<div class=\"foogallery-pile-inner\">\n\t\t\t\t\t\t\t<a href=\"\/index.php?rest_route=%2Fwp%2Fv2%2Fpages%2F125&#038;gallery=moj-grad-svjetlo-i-tama\" target=\"_self\">\n\t\t\t\t\t\t\t\t<img loading=\"lazy\" decoding=\"async\"  src=\"https:\/\/smsigkovacic.me\/wp-content\/uploads\/cache\/fotogalerija\/do2018\/20171016_mojgradija\/20171016_moj%20grad%20i%20ja%20(9)\/330302898.jpg\" width=\"250\" height=\"250\" class=\"skip-lazy\" \/>\t\t\t\t\t\t\t\t\t\t\t\t\t\t\t\t<h3>Moj grad - svjetlo i tama\t\t\t\t\t\t\t\t\t<span>8 fotografije<\/span>\n\t\t\t\t\t\t\t\t<\/h3>\n\t\t\t\t\t\t\t<\/a>\n\t\t\t\t\t\t<\/div>\n\t\t\t\t\t<\/div>\n\t\t\t\t<\/li>\n\t\t\t\t\t\t\t\t\t<li>\n\t\t\t\t\t<div class=\"foogallery-pile\">\n\t\t\t\t\t\t<div class=\"foogallery-pile-inner\">\n\t\t\t\t\t\t\t<a href=\"\/index.php?rest_route=%2Fwp%2Fv2%2Fpages%2F125&#038;gallery=gatus-2017-20-24-9-2017\" target=\"_self\">\n\t\t\t\t\t\t\t\t<img loading=\"lazy\" decoding=\"async\"  src=\"https:\/\/smsigkovacic.me\/wp-content\/uploads\/cache\/2018\/01\/20170924_gatus-55\/46160083.jpg\" width=\"250\" height=\"250\" class=\"skip-lazy\" \/>\t\t\t\t\t\t\t\t\t\t\t\t\t\t\t\t<h3>GATUS 2017 (20.-24.9.2017)\t\t\t\t\t\t\t\t\t<span>53 fotografije<\/span>\n\t\t\t\t\t\t\t\t<\/h3>\n\t\t\t\t\t\t\t<\/a>\n\t\t\t\t\t\t<\/div>\n\t\t\t\t\t<\/div>\n\t\t\t\t<\/li>\n\t\t\t\t\t\t<\/ul>\n\t<div style=\"clear: both;\"><\/div>\n<\/div>\n\n","protected":false},"excerpt":{"rendered":"","protected":false},"author":1,"featured_media":0,"parent":0,"menu_order":0,"comment_status":"closed","ping_status":"closed","template":"","meta":{"footnotes":""},"class_list":["post-125","page","type-page","status-publish","hentry"],"_links":{"self":[{"href":"https:\/\/smsigkovacic.me\/index.php?rest_route=\/wp\/v2\/pages\/125","targetHints":{"allow":["GET"]}}],"collection":[{"href":"https:\/\/smsigkovacic.me\/index.php?rest_route=\/wp\/v2\/pages"}],"about":[{"href":"https:\/\/smsigkovacic.me\/index.php?rest_route=\/wp\/v2\/types\/page"}],"author":[{"embeddable":true,"href":"https:\/\/smsigkovacic.me\/index.php?rest_route=\/wp\/v2\/users\/1"}],"replies":[{"embeddable":true,"href":"https:\/\/smsigkovacic.me\/index.php?rest_route=%2Fwp%2Fv2%2Fcomments&post=125"}],"version-history":[{"count":2,"href":"https:\/\/smsigkovacic.me\/index.php?rest_route=\/wp\/v2\/pages\/125\/revisions"}],"predecessor-version":[{"id":288,"href":"https:\/\/smsigkovacic.me\/index.php?rest_route=\/wp\/v2\/pages\/125\/revisions\/288"}],"wp:attachment":[{"href":"https:\/\/smsigkovacic.me\/index.php?rest_route=%2Fwp%2Fv2%2Fmedia&parent=125"}],"curies":[{"name":"wp","href":"https:\/\/api.w.org\/{rel}","templated":true}]}}